{"id":42108,"date":"2025-01-18T15:41:05","date_gmt":"2025-01-18T14:41:05","guid":{"rendered":"https:\/\/formar.shop\/nyckelfardig\/"},"modified":"2025-01-18T15:41:11","modified_gmt":"2025-01-18T14:41:11","slug":"nyckelfardig","status":"publish","type":"page","link":"https:\/\/formar.shop\/sv\/vara-tjanster\/nyckelfardig\/","title":{"rendered":"Nyckelf\u00e4rdig"},"content":{"rendered":"\n[av_section min_height=&#8221;&#8221; min_height_px=&#8221;500px&#8221; padding=&#8221;default&#8221; shadow=&#8221;no-border-styling&#8221; bottom_border=&#8221;no-border-styling&#8221; bottom_border_diagonal_color=&#8221;#333333&#8243; bottom_border_diagonal_direction=&#8221;&#8221; bottom_border_style=&#8221;&#8221; custom_arrow_bg=&#8221;&#8221; id=&#8221;&#8221; color=&#8221;main_color&#8221; background=&#8221;bg_color&#8221; custom_bg=&#8221;#ffffff&#8221; background_gradient_color1=&#8221;&#8221; background_gradient_color2=&#8221;&#8221; background_gradient_direction=&#8221;vertical&#8221; src=&#8221;&#8221; attachment=&#8221;&#8221; attachment_size=&#8221;&#8221; attach=&#8221;scroll&#8221; position=&#8221;top left&#8221; repeat=&#8221;no-repeat&#8221; video=&#8221;&#8221; video_ratio=&#8221;16:9&#8243; overlay_opacity=&#8221;0.5&#8243; overlay_color=&#8221;&#8221; overlay_pattern=&#8221;&#8221; overlay_custom_pattern=&#8221;&#8221; av_element_hidden_in_editor=&#8221;0&#8243; av_uid=&#8221;av-jj21ix0a&#8221; custom_class=&#8221;&#8221;]\n[av_heading tag=&#8221;h3&#8243; padding=&#8221;0&#8243; heading=&#8221;Chiavi in mano&#8221; color=&#8221;&#8221; style=&#8221;blockquote modern-quote modern-centered&#8221; custom_font=&#8221;&#8221; size=&#8221;60&#8243; subheading_active=&#8221;&#8221; subheading_size=&#8221;15&#8243; custom_class=&#8221;&#8221; admin_preview_bg=&#8221;&#8221; av-desktop-hide=&#8221;&#8221; av-medium-hide=&#8221;&#8221; av-small-hide=&#8221;&#8221; av-mini-hide=&#8221;&#8221; av-medium-font-size-title=&#8221;&#8221; av-small-font-size-title=&#8221;&#8221; av-mini-font-size-title=&#8221;&#8221; av-medium-font-size=&#8221;&#8221; av-small-font-size=&#8221;&#8221; av-mini-font-size=&#8221;&#8221; margin=&#8221;&#8221; av_uid=&#8221;av-32n20p&#8221;]\nL\u00e4r k\u00e4nna varandra b\u00e4ttre\n[\/av_heading]\n\n[av_hr class=&#8221;custom&#8221; height=&#8221;50&#8243; shadow=&#8221;no-shadow&#8221; position=&#8221;center&#8221; custom_border=&#8221;av-border-fat&#8221; custom_width=&#8221;100px&#8221; custom_border_color=&#8221;#fab300&#8243; custom_margin_top=&#8221;0px&#8221; custom_margin_bottom=&#8221;30px&#8221; icon_select=&#8221;no&#8221; custom_icon_color=&#8221;&#8221; icon=&#8221;ue808&#8243; font=&#8221;entypo-fontello&#8221; av_uid=&#8221;av-jj21opc3&#8243; custom_class=&#8221;&#8221; admin_preview_bg=&#8221;&#8221;]\n\n[av_three_fifth first min_height=&#8221;av-equal-height-column&#8221; vertical_alignment=&#8221;av-align-top&#8221; space=&#8221;&#8221; margin=&#8221;0px&#8221; margin_sync=&#8221;true&#8221; link=&#8221;&#8221; linktarget=&#8221;&#8221; link_hover=&#8221;&#8221; padding=&#8221;0px&#8221; padding_sync=&#8221;true&#8221; border=&#8221;&#8221; border_color=&#8221;&#8221; radius=&#8221;0px&#8221; radius_sync=&#8221;true&#8221; background=&#8221;bg_color&#8221; background_color=&#8221;&#8221; background_gradient_color1=&#8221;&#8221; background_gradient_color2=&#8221;&#8221; background_gradient_direction=&#8221;vertical&#8221; src=&#8221;&#8221; attachment=&#8221;&#8221; attachment_size=&#8221;&#8221; background_position=&#8221;top left&#8221; background_repeat=&#8221;no-repeat&#8221; animation=&#8221;right-to-left&#8221; mobile_breaking=&#8221;&#8221; mobile_display=&#8221;&#8221; av_uid=&#8221;av-3zzjgv&#8221; custom_class=&#8221;&#8221;]\n\n[av_textblock size=&#8221;&#8221; font_color=&#8221;&#8221; color=&#8221;&#8221; av-medium-font-size=&#8221;&#8221; av-small-font-size=&#8221;&#8221; av-mini-font-size=&#8221;&#8221; av_uid=&#8221;av-jj19v7g1&#8243; custom_class=&#8221;&#8221; admin_preview_bg=&#8221;&#8221;]\nAtt f\u00f6rest\u00e4lla sig ett kontor, ett hem, en milj\u00f6, att ta hand om detaljer f\u00f6r att g\u00f6ra utrymmen vackrare, mer funktionella och mer trivsamma.\nF\u00f6rest\u00e4ll dig platser d\u00e4r du k\u00e4nner dig bekv\u00e4m. \n[\/av_textblock]\n\n[av_iconlist position=&#8221;left&#8221; iconlist_styling=&#8221;&#8221; custom_title_size=&#8221;20&#8243; custom_content_size=&#8221;14&#8243; font_color=&#8221;custom&#8221; custom_title=&#8221;#000000&#8243; custom_content=&#8221;#666666&#8243; color=&#8221;custom&#8221; custom_bg=&#8221;#fab300&#8243; custom_font=&#8221;&#8221; custom_border=&#8221;&#8221; av-medium-font-size-title=&#8221;&#8221; av-small-font-size-title=&#8221;&#8221; av-mini-font-size-title=&#8221;&#8221; av-medium-font-size=&#8221;&#8221; av-small-font-size=&#8221;&#8221; av-mini-font-size=&#8221;&#8221; av_uid=&#8221;av-jj2t8ptu&#8221; custom_class=&#8221;&#8221; admin_preview_bg=&#8221;&#8221;]\n[av_iconlist_item title=&#8221;L\u00e4mpliga l\u00f6sningar&#8221; link=&#8221;&#8221; linktarget=&#8221;&#8221; linkelement=&#8221;&#8221; icon=&#8221;uf105&#8243; font=&#8221;formar_flat&#8221; av_uid=&#8221;av-b17uc9&#8243;]\nI den inledande fasen presenterar v\u00e5ra designers <b>l\u00f6sningar som passar <\/b>dina behov och som \u00e4r flexibla f\u00f6r nya livsstilar.\nF\u00f6r varje arkitektur kan det finnas flera m\u00f6jligheter, men vissa l\u00f6sningar kan \u00e4nd\u00e5 vara b\u00e4ttre \u00e4n andra. \n[\/av_iconlist_item]\n[av_iconlist_item title=&#8221;Konsultverksamhet inom inredning&#8221; link=&#8221;&#8221; linktarget=&#8221;&#8221; linkelement=&#8221;&#8221; icon=&#8221;ue804&#8243; font=&#8221;formar_flat&#8221; av_uid=&#8221;av-933u55&#8243;]\nVi erbjuder <b>m\u00f6belkonsulttj\u00e4nster<\/b> under designfasen och kan erbjuda dig designl\u00f6sningar som uppfyller dina behov och din smak.\n[\/av_iconlist_item]\n[av_iconlist_item title=&#8221;Maximal komfort&#8221; link=&#8221;&#8221; linktarget=&#8221;&#8221; linkelement=&#8221;&#8221; icon=&#8221;uf12b&#8221; font=&#8221;formar_flat&#8221; av_uid=&#8221;av-6savbt&#8221;]\nDesignen bygger p\u00e5 antagandet att vi vill ha <b>maximal komfort<\/b> d\u00e4r vi arbetar och bor.\nDetta p\u00e5verkar v\u00e5rt s\u00e4tt att t\u00e4nka kring utrymmen och omkonfigurera omr\u00e5den, optimera milj\u00f6er f\u00f6r att f\u00f6rb\u00e4ttra dem.\nOavsett hur stort projektet \u00e4r.  \n[\/av_iconlist_item]\n[av_iconlist_item title=&#8221;Milj\u00f6v\u00e4nliga material&#8221; link=&#8221;&#8221; linktarget=&#8221;&#8221; linkelement=&#8221;&#8221; icon=&#8221;ue8b8&#8243; font=&#8221;entypo-fontello&#8221; av_uid=&#8221;av-5vcyfd&#8221;]\nFokus p\u00e5 l\u00f6sningar som respekterar principerna om komfort, s\u00e4kerhet och harmoni kompletteras med en k\u00e4nslig anv\u00e4ndning av material, d\u00e4r vi v\u00e4ljer mer milj\u00f6v\u00e4nliga alternativ.\nI v\u00e5ra projekt vill vi f\u00e5nga ljus och skuggor f\u00f6r att f\u00f6r\u00e4ndra den k\u00e4nslom\u00e4ssiga uppfattningen av rummet.\nLusten att r\u00f6ra sig i ett sammanhang av kreativitet som syftar till anv\u00e4ndarn\u00f6jdhet \u00e4r f\u00f6retagets prioriterade kallelse.  \n[\/av_iconlist_item]\n[av_iconlist_item title=&#8221;Fr\u00e5n design till f\u00f6rverkligande&#8221; link=&#8221;&#8221; linktarget=&#8221;&#8221; linkelement=&#8221;&#8221; icon=&#8221;uf10b&#8221; font=&#8221;formar_flat&#8221; av_uid=&#8221;av-4xke4p&#8221;]\nF\u00f6r att skapa ett skr\u00e4ddarsytt projekt f\u00f6r dig utg\u00e5r vi fr\u00e5n dina behov och din smak.\nV\u00e5ra yrkesverksamma tar sedan hand om alla aspekter av din renovering. <b>Fr\u00e5n design till f\u00f6rverkligande<\/b> tar studion hand om organisationen och kontrollen av arbetet f\u00f6r att skapa r\u00e4tt l\u00f6sning f\u00f6r dig. \n[\/av_iconlist_item]\n[\/av_iconlist]\n\n[\/av_three_fifth][av_two_fifth min_height=&#8221;av-equal-height-column&#8221; vertical_alignment=&#8221;av-align-top&#8221; space=&#8221;&#8221; margin=&#8221;0px&#8221; margin_sync=&#8221;true&#8221; link=&#8221;&#8221; linktarget=&#8221;&#8221; link_hover=&#8221;&#8221; padding=&#8221;0px&#8221; padding_sync=&#8221;true&#8221; border=&#8221;&#8221; border_color=&#8221;&#8221; radius=&#8221;0px&#8221; radius_sync=&#8221;true&#8221; background=&#8221;bg_color&#8221; background_color=&#8221;&#8221; background_gradient_color1=&#8221;&#8221; background_gradient_color2=&#8221;&#8221; background_gradient_direction=&#8221;vertical&#8221; src=&#8221;https:\/\/formar-contract.it\/wp-content\/uploads\/2018\/06\/cit2.png&#8221; attachment=&#8221;3300&#8243; attachment_size=&#8221;full&#8221; background_position=&#8221;bottom right&#8221; background_repeat=&#8221;no-repeat&#8221; animation=&#8221;&#8221; mobile_breaking=&#8221;&#8221; mobile_display=&#8221;&#8221; av_uid=&#8221;av-5g7wdb&#8221; custom_class=&#8221;&#8221;]\n\n[av_heading heading=Vi arbetar med tre saker: <u>rum<\/u>, <u>ljus<\/u> framf\u00f6r allt dagsljus, men \u00e4ven nattetid, och<u>arkitektur<\/u>; sedan har vi ljus som design, som ett verktyg f\u00f6r arkitektonisk precision, och ljus som en integrerad funktion, som i museer, d\u00e4r det \u00e4r en del av designen, inte bara av \u00f6nskan utan av n\u00f6dv\u00e4ndighet.\n(Gae Aulenti)&#8217; tag=&#8217;h3&#8242; style=&#8217;blockquote modern-quote&#8217; size=&#8217;36&#8217; subheading_active=&#8221; subheading_size=&#8217;15&#8217; margin=&#8221; margin_sync=&#8217;true&#8217; padding=&#8217;0&#8242; colour=&#8221; custom_font=&#8221; av-medium-font-size-title=&#8221;&#8217; av-small-font-size-title=&#8221;&#8217; av-mini-font-size-title=&#8221;&#8217; av-medium-font-size=&#8221;&#8217; av-small-font-size=&#8221;&#8217; av-mini-font-size=&#8221;&#8217; av_uid=&#8217;av-jj38e6je&#8217; custom_class=&#8221;&#8217; admin_preview_bg=&#8221;&#8217;] [\/av_two_fifth]\n\n[\/av_section]\n[\/]\n\n[av_section min_height=&#8221; min_height_px=&#8217;500px&#8217; padding=&#8217;large&#8217; shadow=&#8217;shadow&#8217; bottom_border=&#8217;no-border-styling&#8217; bottom_border_diagonal_color=&#8217;#333333&#8242; bottom_border_diagonal_direction=&#8221; bottom_border_style=&#8221; custom_arrow_bg=&#8221; id=&#8221; color=&#8217;main_color&#8217; background=&#8217;bg_color&#8217; custom_bg=&#8221; background_gradient_color1=&#8221; background_gradient_color2=&#8221; background_gradient_direction=&#8217;vertical&#8217; src=&#8217;https:\/\/formar-contract.it\/wp-content\/uploads\/2018\/07\/servizio-formar-contract-chiavi-in-mano.jpg&#8217; attachment=&#8217;3479&#8242; attachment_size=&#8217;full&#8217; attach=&#8217;parallax&#8217; position=&#8217;center center&#8217; repeat=&#8217;no-repeat&#8217; video=&#8221; video_ratio=&#8217;16:9&#8242; overlay_enable=&#8217;aviaTBoverlay_enable&#8217; overlay_opacity=&#8217;0.5&#8242; overlay_color=&#8217;#ffffff&#8217; overlay_pattern=&#8221; overlay_custom_pattern=&#8221; av_element_hidden_in_editor=&#8217;0&#8242; av_uid=&#8217;av-jj19wtow&#8217; custom_class=&#8221;]\n[av_one_half first min_height=&#8221;av-equal-height-column&#8221; vertical_alignment=&#8221;av-align-top&#8221; space=&#8221;&#8221; margin=&#8221;0px&#8221; margin_sync=&#8221;true&#8221; link=&#8221;&#8221; linktarget=&#8221;&#8221; link_hover=&#8221;&#8221; padding=&#8221;&#8221; padding_sync=&#8221;true&#8221; border=&#8221;&#8221; border_color=&#8221;&#8221; radius=&#8221;0px&#8221; radius_sync=&#8221;true&#8221; background=&#8221;bg_color&#8221; background_color=&#8221;&#8221; background_gradient_color1=&#8221;&#8221; background_gradient_color2=&#8221;&#8221; background_gradient_direction=&#8221;vertical&#8221; src=&#8221;&#8221; attachment=&#8221;&#8221; attachment_size=&#8221;&#8221; background_position=&#8221;bottom right&#8221; background_repeat=&#8221;no-repeat&#8221; animation=&#8221;&#8221; mobile_breaking=&#8221;&#8221; mobile_display=&#8221;&#8221; av_uid=&#8221;av-5g7wdb&#8221; custom_class=&#8221;ginevra&#8221;]\n\n[av_heading tag=&#8221;h3&#8243; padding=&#8221;0&#8243; heading=&#8221;Il Servizio ti garantisce&#8221; color=&#8221;&#8221; style=&#8221;blockquote modern-quote&#8221; custom_font=&#8221;&#8221; size=&#8221;36&#8243; subheading_active=&#8221;subheading_above&#8221; subheading_size=&#8221;15&#8243; custom_class=&#8221;&#8221; admin_preview_bg=&#8221;&#8221; av-desktop-hide=&#8221;&#8221; av-medium-hide=&#8221;&#8221; av-small-hide=&#8221;&#8221; av-mini-hide=&#8221;&#8221; av-medium-font-size-title=&#8221;&#8221; av-small-font-size-title=&#8221;&#8221; av-mini-font-size-title=&#8221;&#8221; av-medium-font-size=&#8221;&#8221; av-small-font-size=&#8221;&#8221; av-mini-font-size=&#8221;&#8221; margin=&#8221;&#8221; av_uid=&#8221;av-aerdeh&#8221;]\nF\u00f6r att g\u00f6ra omstruktureringsprocessen enkel\n[\/av_heading]\n\n[av_iconlist position=&#8221;left&#8221; iconlist_styling=&#8221;av-iconlist-small&#8221; custom_title_size=&#8221;18&#8243; custom_content_size=&#8221;14&#8243; font_color=&#8221;custom&#8221; custom_title=&#8221;#000000&#8243; custom_content=&#8221;#666666&#8243; color=&#8221;custom&#8221; custom_bg=&#8221;&#8221; custom_font=&#8221;#fab300&#8243; custom_border=&#8221;&#8221; av-medium-font-size-title=&#8221;&#8221; av-small-font-size-title=&#8221;&#8221; av-mini-font-size-title=&#8221;&#8221; av-medium-font-size=&#8221;&#8221; av-small-font-size=&#8221;&#8221; av-mini-font-size=&#8221;&#8221; av_uid=&#8221;av-jj2t8ptu&#8221; custom_class=&#8221;&#8221; admin_preview_bg=&#8221;&#8221;]\n[av_iconlist_item title=&#8221;En enda kontaktpunkt&#8221; link=&#8221;&#8221; linktarget=&#8221;&#8221; linkelement=&#8221;&#8221; icon=&#8221;ue80b&#8221; font=&#8221;formar_flat&#8221; av_uid=&#8221;av-k72ewp&#8221;]\noch kontaktpunkt fr\u00e5n offertf\u00f6rfr\u00e5gan till bes\u00f6ket p\u00e5 plats, fr\u00e5n skapandet av projektet till dess f\u00f6rverkligande\n[\/av_iconlist_item]\n[av_iconlist_item title=&#8221;En st\u00e4ndigt n\u00e4rvarande kontaktperson&#8221; link=&#8221;&#8221; linktarget=&#8221;&#8221; linkelement=&#8221;&#8221; icon=&#8221;ue80b&#8221; font=&#8221;formar_flat&#8221; av_uid=&#8221;av-j8hcdl&#8221;]\ndu \u00e4r aldrig utan en kontaktperson\n[\/av_iconlist_item]\n[av_iconlist_item title=&#8221;Att ta hand om filer&#8221; link=&#8221;&#8221; linktarget=&#8221;&#8221; linkelement=&#8221;&#8221; icon=&#8221;ue80b&#8221; font=&#8221;formar_flat&#8221; av_uid=&#8221;av-1sebgp&#8221;]\ndu slipper t\u00e4nka p\u00e5 pappersarbete\n[\/av_iconlist_item]\n[av_iconlist_item title=&#8221;Linj\u00e4ra passager&#8221; link=&#8221;&#8221; linktarget=&#8221;&#8221; linkelement=&#8221;&#8221; icon=&#8221;ue80b&#8221; font=&#8221;formar_flat&#8221; av_uid=&#8221;av-fwdcsp&#8221;]\nfr\u00e5n id\u00e9 till projekt, fr\u00e5n design till f\u00f6rverkligande\n[\/av_iconlist_item]\n[av_iconlist_item title=&#8221;Organisation &#8221; link=&#8221;&#8221; linktarget=&#8221;&#8221; linkelement=&#8221;&#8221; icon=&#8221;ue80b&#8221; font=&#8221;formar_flat&#8221; av_uid=&#8221;av-1gx2x5&#8243;]\nrumslig och tidsm\u00e4ssig plats\n[\/av_iconlist_item]\n[\/av_iconlist]\n\n[\/av_heading][av_one_half min_height=&#8221;&#8221; vertical_alignment=&#8221;av-align-top&#8221; space=&#8221;&#8221; margin=&#8221;0px&#8221; margin_sync=&#8221;true&#8221; link=&#8221;&#8221; linktarget=&#8221;&#8221; link_hover=&#8221;&#8221; padding=&#8221;&#8221; padding_sync=&#8221;true&#8221; border=&#8221;&#8221; border_color=&#8221;&#8221; radius=&#8221;0px&#8221; radius_sync=&#8221;true&#8221; background=&#8221;bg_color&#8221; background_color=&#8221;&#8221; background_gradient_color1=&#8221;&#8221; background_gradient_color2=&#8221;&#8221; background_gradient_direction=&#8221;vertical&#8221; src=&#8221;&#8221; attachment=&#8221;&#8221; attachment_size=&#8221;&#8221; background_position=&#8221;top left&#8221; background_repeat=&#8221;no-repeat&#8221; animation=&#8221;&#8221; mobile_breaking=&#8221;&#8221; mobile_display=&#8221;&#8221; av_uid=&#8221;av-3zzjgv&#8221; custom_class=&#8221;&#8221;]\n\n[av_heading tag=&#8221;h3&#8243; padding=&#8221;0&#8243; heading=&#8221;Il servizio comprende&#8221; color=&#8221;&#8221; style=&#8221;blockquote modern-quote&#8221; custom_font=&#8221;&#8221; size=&#8221;36&#8243; subheading_active=&#8221;subheading_above&#8221; subheading_size=&#8221;15&#8243; custom_class=&#8221;&#8221; admin_preview_bg=&#8221;&#8221; av-desktop-hide=&#8221;&#8221; av-medium-hide=&#8221;&#8221; av-small-hide=&#8221;&#8221; av-mini-hide=&#8221;&#8221; av-medium-font-size-title=&#8221;&#8221; av-small-font-size-title=&#8221;&#8221; av-mini-font-size-title=&#8221;&#8221; av-medium-font-size=&#8221;&#8221; av-small-font-size=&#8221;&#8221; av-mini-font-size=&#8221;&#8221; margin=&#8221;&#8221; av_uid=&#8221;av-8huvk9&#8243;]\nTotalrenovering av ditt kontor eller din l\u00e4genhet\n[\/av_heading]\n\n[av_iconlist position=&#8221;left&#8221; iconlist_styling=&#8221;av-iconlist-small&#8221; custom_title_size=&#8221;18&#8243; custom_content_size=&#8221;14&#8243; font_color=&#8221;custom&#8221; custom_title=&#8221;#000000&#8243; custom_content=&#8221;#666666&#8243; color=&#8221;custom&#8221; custom_bg=&#8221;&#8221; custom_font=&#8221;#fab300&#8243; custom_border=&#8221;&#8221; av-medium-font-size-title=&#8221;&#8221; av-small-font-size-title=&#8221;&#8221; av-mini-font-size-title=&#8221;&#8221; av-medium-font-size=&#8221;&#8221; av-small-font-size=&#8221;&#8221; av-mini-font-size=&#8221;&#8221; av_uid=&#8221;av-jj2t8ptu&#8221; custom_class=&#8221;&#8221; admin_preview_bg=&#8221;&#8221;]\n[av_iconlist_item title=&#8221;Rensning  &#8221; link=&#8221;&#8221; linktarget=&#8221;&#8221; linkelement=&#8221;&#8221; icon=&#8221;ue80b&#8221; font=&#8221;formar_flat&#8221; av_uid=&#8221;av-c8bmjd&#8221;]\nav fastigheten\n[\/av_iconlist_item]\n[av_iconlist_item title=&#8221;Lastning och lossning  &#8221; link=&#8221;&#8221; linktarget=&#8221;&#8221; linkelement=&#8221;&#8221; icon=&#8221;ue80b&#8221; font=&#8221;formar_flat&#8221; av_uid=&#8221;av-badx21&#8243;]\nav material och f\u00f6rn\u00f6denheter under hela byggarbetsplatsen\n[\/av_iconlist_item]\n[av_iconlist_item title=&#8221;Murverk&#8221; link=&#8221;&#8221; linktarget=&#8221;&#8221; linkelement=&#8221;&#8221; icon=&#8221;ue80b&#8221; font=&#8221;formar_flat&#8221; av_uid=&#8221;av-7kclmx&#8221;]\nRivning, bortforsling och \u00e5teruppbyggnad\n[\/av_iconlist_item]\n[av_iconlist_item title=&#8221;Anl\u00e4ggningsteknik&#8221; link=&#8221;&#8221; linktarget=&#8221;&#8221; linkelement=&#8221;&#8221; icon=&#8221;ue80b&#8221; font=&#8221;formar_flat&#8221; av_uid=&#8221;av-6apieh&#8221;]\nRealisering av nya installationer\n[\/av_iconlist_item]\n[av_iconlist_item title=&#8221;Dekoration&#8221; link=&#8221;&#8221; linktarget=&#8221;&#8221; linkelement=&#8221;&#8221; icon=&#8221;ue80b&#8221; font=&#8221;formar_flat&#8221; av_uid=&#8221;av-409tzd&#8221;]\nSkrapning, slipning och m\u00e5lning av v\u00e4ggar och tak\n[\/av_iconlist_item]\n[av_iconlist_item title=&#8221;Montering  &#8221; link=&#8221;&#8221; linktarget=&#8221;&#8221; linkelement=&#8221;&#8221; icon=&#8221;ue80b&#8221; font=&#8221;formar_flat&#8221; av_uid=&#8221;av-2f7fnd&#8221;]\nd\u00f6rrar, sanitetsapparater, belysningsarmaturer, v\u00e4rmepannor och luftkonditioneringsanl\u00e4ggningar.\n[\/av_iconlist_item]\n[\/av_iconlist]\n\n[\/av_one_half]\n[\/av_one_half]\n\n[av_section min_height=&#8221;&#8221; min_height_px=&#8221;500px&#8221; padding=&#8221;default&#8221; shadow=&#8221;no-border-styling&#8221; bottom_border=&#8221;no-border-styling&#8221; bottom_border_diagonal_color=&#8221;#333333&#8243; bottom_border_diagonal_direction=&#8221;&#8221; bottom_border_style=&#8221;&#8221; custom_arrow_bg=&#8221;&#8221; id=&#8221;&#8221; color=&#8221;main_color&#8221; background=&#8221;bg_gradient&#8221; custom_bg=&#8221;&#8221; background_gradient_color1=&#8221;#fab300&#8243; background_gradient_color2=&#8221;#f7c100&#8243; background_gradient_direction=&#8221;diagonal_tb&#8221; src=&#8221;&#8221; attachment=&#8221;&#8221; attachment_size=&#8221;&#8221; attach=&#8221;scroll&#8221; position=&#8221;top left&#8221; repeat=&#8221;no-repeat&#8221; video=&#8221;&#8221; video_ratio=&#8221;16:9&#8243; overlay_opacity=&#8221;0.5&#8243; overlay_color=&#8221;&#8221; overlay_pattern=&#8221;&#8221; overlay_custom_pattern=&#8221;&#8221; av_element_hidden_in_editor=&#8221;0&#8243; av_uid=&#8221;av-97digt&#8221; custom_class=&#8221;&#8221;]\n[av_one_fifth first min_height=&#8221;av-equal-height-column&#8221; vertical_alignment=&#8221;av-align-middle&#8221; space=&#8221;no_margin&#8221; margin=&#8221;0px&#8221; margin_sync=&#8221;true&#8221; link=&#8221;&#8221; linktarget=&#8221;&#8221; link_hover=&#8221;&#8221; padding=&#8221;0px&#8221; padding_sync=&#8221;true&#8221; border=&#8221;&#8221; border_color=&#8221;&#8221; radius=&#8221;0px&#8221; radius_sync=&#8221;true&#8221; background=&#8221;bg_color&#8221; background_color=&#8221;&#8221; background_gradient_color1=&#8221;&#8221; background_gradient_color2=&#8221;&#8221; background_gradient_direction=&#8221;vertical&#8221; src=&#8221;&#8221; attachment=&#8221;&#8221; attachment_size=&#8221;&#8221; background_position=&#8221;top left&#8221; background_repeat=&#8221;no-repeat&#8221; animation=&#8221;&#8221; mobile_breaking=&#8221;&#8221; mobile_display=&#8221;&#8221; av_uid=&#8221;av-86lkfh&#8221; custom_class=&#8221;&#8221;]\n\n[av_font_icon icon=&#8221;ue854&#8243; font=&#8221;entypo-fontello&#8221; style=&#8221;border&#8221; caption=&#8221;&#8221; link=&#8221;page,3516&#8243; linktarget=&#8221;&#8221; size=&#8221;60px&#8221; position=&#8221;center&#8221; color=&#8221;#ffffff&#8221; av_uid=&#8221;av-jj23v1yv&#8221; custom_class=&#8221;&#8221; admin_preview_bg=&#8221;&#8221;][\/av_font_icon]\n\n[\/av_one_fifth][av_three_fifth min_height=&#8221;&#8221; vertical_alignment=&#8221;av-align-top&#8221; space=&#8221;&#8221; margin=&#8221;0px&#8221; margin_sync=&#8221;true&#8221; link=&#8221;&#8221; linktarget=&#8221;&#8221; link_hover=&#8221;&#8221; padding=&#8221;0px,20px,0px,0px&#8221; border=&#8221;&#8221; border_color=&#8221;&#8221; radius=&#8221;0px&#8221; radius_sync=&#8221;true&#8221; background=&#8221;bg_color&#8221; background_color=&#8221;&#8221; background_gradient_color1=&#8221;&#8221; background_gradient_color2=&#8221;&#8221; background_gradient_direction=&#8221;vertical&#8221; src=&#8221;&#8221; attachment=&#8221;&#8221; attachment_size=&#8221;&#8221; background_position=&#8221;top left&#8221; background_repeat=&#8221;no-repeat&#8221; animation=&#8221;&#8221; mobile_breaking=&#8221;&#8221; mobile_display=&#8221;&#8221; av_uid=&#8221;av-69i7od&#8221; custom_class=&#8221;&#8221;]\n\n[av_heading tag=&#8221;h3&#8243; padding=&#8221;0&#8243; heading=&#8221;Contattaci&#8221; color=&#8221;custom-color-heading&#8221; style=&#8221;blockquote modern-quote&#8221; custom_font=&#8221;#020202&#8243; size=&#8221;28&#8243; subheading_active=&#8221;&#8221; subheading_size=&#8221;15&#8243; custom_class=&#8221;&#8221; admin_preview_bg=&#8221;&#8221; av-desktop-hide=&#8221;&#8221; av-medium-hide=&#8221;&#8221; av-small-hide=&#8221;&#8221; av-mini-hide=&#8221;&#8221; av-medium-font-size-title=&#8221;&#8221; av-small-font-size-title=&#8221;&#8221; av-mini-font-size-title=&#8221;&#8221; av-medium-font-size=&#8221;&#8221; av-small-font-size=&#8221;&#8221; av-mini-font-size=&#8221;&#8221; margin=&#8221;&#8221;]\nFormar Contract \u00e4r ocks\u00e5\n[\/av_heading]\n\n[av_textblock size=&#8221;17&#8243; font_color=&#8221;custom&#8221; color=&#8221;#020202&#8243; av-medium-font-size=&#8221;&#8221; av-small-font-size=&#8221;&#8221; av-mini-font-size=&#8221;&#8221; av_uid=&#8221;av-jj23wau4&#8243; custom_class=&#8221;&#8221; admin_preview_bg=&#8221;&#8221;]\n<strong>V\u00e5r kundtj\u00e4nst st\u00e5r till ditt f\u00f6rfogande.  <\/strong>Tveka inte att kontakta oss f\u00f6r information eller offertf\u00f6rfr\u00e5gningar! V\u00e5ra medarbetare svarar p\u00e5 dina fr\u00e5gor om v\u00e5ra tj\u00e4nster: design, f\u00f6rverkligande, leverans och montering av kontorsm\u00f6bler. \n[\/av_textblock]\n\n[\/av_three_fifth][av_one_fifth min_height=&#8221;&#8221; vertical_alignment=&#8221;&#8221; space=&#8221;&#8221; custom_margin=&#8221;&#8221; margin=&#8221;0px&#8221; link=&#8221;&#8221; linktarget=&#8221;&#8221; link_hover=&#8221;&#8221; padding=&#8221;0px&#8221; border=&#8221;&#8221; border_color=&#8221;&#8221; radius=&#8221;0px&#8221; background=&#8221;bg_color&#8221; background_color=&#8221;&#8221; background_gradient_color1=&#8221;&#8221; background_gradient_color2=&#8221;&#8221; background_gradient_direction=&#8221;vertical&#8221; src=&#8221;&#8221; background_position=&#8221;top left&#8221; background_repeat=&#8221;no-repeat&#8221; animation=&#8221;&#8221; mobile_breaking=&#8221;&#8221; mobile_display=&#8221;&#8221; av_uid=&#8221;av-4qrmbh&#8221;]\n\n[av_button_big label=&#8221;SKRIVA&#8221; description_pos=&#8221;below&#8221; link=&#8221;page,3516&#8243; link_target=&#8221;&#8221; icon_select=&#8221;yes-left-icon&#8221; icon=&#8221;ue805&#8243; font=&#8221;entypo-fontello&#8221; custom_font=&#8221;&#8221; color=&#8221;theme-color-subtle&#8221; custom_bg=&#8221;#444444&#8243; color_hover=&#8221;theme-color-subtle&#8221; custom_bg_hover=&#8221;#444444&#8243; av_uid=&#8221;av-2p4q7x&#8221; custom_class=&#8221;&#8221; admin_preview_bg=&#8221;&#8221;][\/av_button_big]\n\n[av_hr class=&#8221;invisible&#8221; height=&#8221;20&#8243; shadow=&#8221;no-shadow&#8221; position=&#8221;center&#8221; custom_border=&#8221;av-border-thin&#8221; custom_width=&#8221;50px&#8221; custom_border_color=&#8221;&#8221; custom_margin_top=&#8221;30px&#8221; custom_margin_bottom=&#8221;30px&#8221; icon_select=&#8221;yes&#8221; custom_icon_color=&#8221;&#8221; icon=&#8221;ue808&#8243; font=&#8221;entypo-fontello&#8221; av_uid=&#8221;av-jj24q137&#8243; custom_class=&#8221;&#8221; admin_preview_bg=&#8221;&#8221;]\n\n[av_button_big label=&#8221;RING OSS&#8221; description_pos=&#8221;below&#8221; link=&#8221;manually,tel:+390715906063&#8243; link_target=&#8221;_blank&#8221; icon_select=&#8221;yes-left-icon&#8221; icon=&#8221;ue854&#8243; font=&#8221;entypo-fontello&#8221; custom_font=&#8221;&#8221; color=&#8221;theme-color-subtle&#8221; custom_bg=&#8221;#444444&#8243; color_hover=&#8221;theme-color-subtle&#8221; custom_bg_hover=&#8221;#444444&#8243; av_uid=&#8221;av-2p4q7x&#8221; custom_class=&#8221;&#8221; admin_preview_bg=&#8221;&#8221;][\/av_button_big]\n\n[\/av_one_fifth]\n[\/av_section]\n","protected":false},"excerpt":{"rendered":"[av_section min_height=&#8221;&#8221; min_height_px=&#8221;500px&#8221; padding=&#8221;default&#8221; shadow=&#8221;no-border-styling&#8221; bottom_border=&#8221;no-border-styling&#8221; bottom_border_diagonal_color=&#8221;#333333&#8243; bottom_border_diagonal_direction=&#8221;&#8221; bottom_border_style=&#8221;&#8221; custom_arrow_bg=&#8221;&#8221; id=&#8221;&#8221; color=&#8221;main_color&#8221; background=&#8221;bg_color&#8221; custom_bg=&#8221;#ffffff&#8221; background_gradient_color1=&#8221;&#8221; background_gradient_color2=&#8221;&#8221; background_gradient_direction=&#8221;vertical&#8221; src=&#8221;&#8221; attachment=&#8221;&#8221; attachment_size=&#8221;&#8221; attach=&#8221;scroll&#8221; position=&#8221;top left&#8221; repeat=&#8221;no-repeat&#8221; video=&#8221;&#8221; video_ratio=&#8221;16:9&#8243; overlay_opacity=&#8221;0.5&#8243; overlay_color=&#8221;&#8221; overlay_pattern=&#8221;&#8221; overlay_custom_pattern=&#8221;&#8221; av_element_hidden_in_editor=&#8221;0&#8243; av_uid=&#8221;av-jj21ix0a&#8221; custom_class=&#8221;&#8221;] [av_heading tag=&#8221;h3&#8243; padding=&#8221;0&#8243; heading=&#8221;Chiavi in mano&#8221; color=&#8221;&#8221; style=&#8221;blockquote modern-quote modern-centered&#8221; custom_font=&#8221;&#8221; size=&#8221;60&#8243; subheading_active=&#8221;&#8221; subheading_size=&#8221;15&#8243; custom_class=&#8221;&#8221; admin_preview_bg=&#8221;&#8221; av-desktop-hide=&#8221;&#8221; av-medium-hide=&#8221;&#8221; av-small-hide=&#8221;&#8221; av-mini-hide=&#8221;&#8221; av-medium-font-size-title=&#8221;&#8221; av-small-font-size-title=&#8221;&#8221; [&#8230;]\n","protected":false},"author":5,"featured_media":0,"parent":42122,"menu_order":0,"comment_status":"closed","ping_status":"closed","template":"","meta":{"_joinchat":[],"footnotes":""},"class_list":["post-42108","page","type-page","status-publish","hentry"],"yoast_head":"<!-- This site is optimized with the Yoast SEO plugin v27.5 - https:\/\/yoast.com\/product\/yoast-seo-wordpress\/ -->\n<title>Nyckelf\u00e4rdig - Formar.shop<\/title>\n<meta name=\"robots\" content=\"index, follow, max-snippet:-1, max-image-preview:large, max-video-preview:-1\" \/>\n<link rel=\"canonical\" href=\"https:\/\/formar.shop\/sv\/vara-tjanster\/nyckelfardig\/\" \/>\n<script type=\"application\/ld+json\" class=\"yoast-schema-graph\">{\"@context\":\"https:\\\/\\\/schema.org\",\"@graph\":[{\"@type\":\"WebPage\",\"@id\":\"https:\\\/\\\/formar.shop\\\/sv\\\/vara-tjanster\\\/nyckelfardig\\\/\",\"url\":\"https:\\\/\\\/formar.shop\\\/sv\\\/vara-tjanster\\\/nyckelfardig\\\/\",\"name\":\"Nyckelf\u00e4rdig - Formar.shop\",\"isPartOf\":{\"@id\":\"https:\\\/\\\/formar.shop\\\/sv\\\/#website\"},\"datePublished\":\"2025-01-18T14:41:05+00:00\",\"dateModified\":\"2025-01-18T14:41:11+00:00\",\"breadcrumb\":{\"@id\":\"https:\\\/\\\/formar.shop\\\/sv\\\/vara-tjanster\\\/nyckelfardig\\\/#breadcrumb\"},\"inLanguage\":\"sv-SE\",\"potentialAction\":[{\"@type\":\"ReadAction\",\"target\":[\"https:\\\/\\\/formar.shop\\\/sv\\\/vara-tjanster\\\/nyckelfardig\\\/\"]}]},{\"@type\":\"BreadcrumbList\",\"@id\":\"https:\\\/\\\/formar.shop\\\/sv\\\/vara-tjanster\\\/nyckelfardig\\\/#breadcrumb\",\"itemListElement\":[{\"@type\":\"ListItem\",\"position\":1,\"name\":\"Home\",\"item\":\"https:\\\/\\\/formar.shop\\\/sv\\\/auto-draft\\\/\"},{\"@type\":\"ListItem\",\"position\":2,\"name\":\"V\u00e5ra tj\u00e4nster\",\"item\":\"https:\\\/\\\/formar.shop\\\/sv\\\/vara-tjanster\\\/\"},{\"@type\":\"ListItem\",\"position\":3,\"name\":\"Nyckelf\u00e4rdig\"}]},{\"@type\":\"WebSite\",\"@id\":\"https:\\\/\\\/formar.shop\\\/sv\\\/#website\",\"url\":\"https:\\\/\\\/formar.shop\\\/sv\\\/\",\"name\":\"Formar.shop\",\"description\":\"Soluzioni espresse con stile\",\"potentialAction\":[{\"@type\":\"SearchAction\",\"target\":{\"@type\":\"EntryPoint\",\"urlTemplate\":\"https:\\\/\\\/formar.shop\\\/sv\\\/?s={search_term_string}\"},\"query-input\":{\"@type\":\"PropertyValueSpecification\",\"valueRequired\":true,\"valueName\":\"search_term_string\"}}],\"inLanguage\":\"sv-SE\"}]}<\/script>\n<!-- \/ Yoast SEO plugin. -->","yoast_head_json":{"title":"Nyckelf\u00e4rdig - Formar.shop","robots":{"index":"index","follow":"follow","max-snippet":"max-snippet:-1","max-image-preview":"max-image-preview:large","max-video-preview":"max-video-preview:-1"},"canonical":"https:\/\/formar.shop\/sv\/vara-tjanster\/nyckelfardig\/","schema":{"@context":"https:\/\/schema.org","@graph":[{"@type":"WebPage","@id":"https:\/\/formar.shop\/sv\/vara-tjanster\/nyckelfardig\/","url":"https:\/\/formar.shop\/sv\/vara-tjanster\/nyckelfardig\/","name":"Nyckelf\u00e4rdig - Formar.shop","isPartOf":{"@id":"https:\/\/formar.shop\/sv\/#website"},"datePublished":"2025-01-18T14:41:05+00:00","dateModified":"2025-01-18T14:41:11+00:00","breadcrumb":{"@id":"https:\/\/formar.shop\/sv\/vara-tjanster\/nyckelfardig\/#breadcrumb"},"inLanguage":"sv-SE","potentialAction":[{"@type":"ReadAction","target":["https:\/\/formar.shop\/sv\/vara-tjanster\/nyckelfardig\/"]}]},{"@type":"BreadcrumbList","@id":"https:\/\/formar.shop\/sv\/vara-tjanster\/nyckelfardig\/#breadcrumb","itemListElement":[{"@type":"ListItem","position":1,"name":"Home","item":"https:\/\/formar.shop\/sv\/auto-draft\/"},{"@type":"ListItem","position":2,"name":"V\u00e5ra tj\u00e4nster","item":"https:\/\/formar.shop\/sv\/vara-tjanster\/"},{"@type":"ListItem","position":3,"name":"Nyckelf\u00e4rdig"}]},{"@type":"WebSite","@id":"https:\/\/formar.shop\/sv\/#website","url":"https:\/\/formar.shop\/sv\/","name":"Formar.shop","description":"Soluzioni espresse con stile","potentialAction":[{"@type":"SearchAction","target":{"@type":"EntryPoint","urlTemplate":"https:\/\/formar.shop\/sv\/?s={search_term_string}"},"query-input":{"@type":"PropertyValueSpecification","valueRequired":true,"valueName":"search_term_string"}}],"inLanguage":"sv-SE"}]}},"_links":{"self":[{"href":"https:\/\/formar.shop\/sv\/wp-json\/wp\/v2\/pages\/42108","targetHints":{"allow":["GET"]}}],"collection":[{"href":"https:\/\/formar.shop\/sv\/wp-json\/wp\/v2\/pages"}],"about":[{"href":"https:\/\/formar.shop\/sv\/wp-json\/wp\/v2\/types\/page"}],"author":[{"embeddable":true,"href":"https:\/\/formar.shop\/sv\/wp-json\/wp\/v2\/users\/5"}],"replies":[{"embeddable":true,"href":"https:\/\/formar.shop\/sv\/wp-json\/wp\/v2\/comments?post=42108"}],"version-history":[{"count":1,"href":"https:\/\/formar.shop\/sv\/wp-json\/wp\/v2\/pages\/42108\/revisions"}],"predecessor-version":[{"id":42109,"href":"https:\/\/formar.shop\/sv\/wp-json\/wp\/v2\/pages\/42108\/revisions\/42109"}],"up":[{"embeddable":true,"href":"https:\/\/formar.shop\/sv\/wp-json\/wp\/v2\/pages\/42122"}],"wp:attachment":[{"href":"https:\/\/formar.shop\/sv\/wp-json\/wp\/v2\/media?parent=42108"}],"curies":[{"name":"wp","href":"https:\/\/api.w.org\/{rel}","templated":true}]}}