{"id":42110,"date":"2025-01-18T15:41:05","date_gmt":"2025-01-18T14:41:05","guid":{"rendered":"https:\/\/formar.shop\/la-cheie\/"},"modified":"2025-01-18T15:41:12","modified_gmt":"2025-01-18T14:41:12","slug":"la-cheie","status":"publish","type":"page","link":"https:\/\/formar.shop\/ro\/serviciile-noastre\/la-cheie\/","title":{"rendered":"La cheie"},"content":{"rendered":"\n[av_section min_height=&#8221;&#8221; min_height_px=&#8221;500px&#8221; padding=&#8221;default&#8221; shadow=&#8221;no-border-styling&#8221; bottom_border=&#8221;no-border-styling&#8221; bottom_border_diagonal_color=&#8221;#333333&#8243; bottom_border_diagonal_direction=&#8221;&#8221; bottom_border_style=&#8221;&#8221; custom_arrow_bg=&#8221;&#8221; id=&#8221;&#8221; color=&#8221;main_color&#8221; background=&#8221;bg_color&#8221; custom_bg=&#8221;#ffffff&#8221; background_gradient_color1=&#8221;&#8221; background_gradient_color2=&#8221;&#8221; background_gradient_direction=&#8221;vertical&#8221; src=&#8221;&#8221; attachment=&#8221;&#8221; attachment_size=&#8221;&#8221; attach=&#8221;scroll&#8221; position=&#8221;top left&#8221; repeat=&#8221;no-repeat&#8221; video=&#8221;&#8221; video_ratio=&#8221;16:9&#8243; overlay_opacity=&#8221;0.5&#8243; overlay_color=&#8221;&#8221; overlay_pattern=&#8221;&#8221; overlay_custom_pattern=&#8221;&#8221; av_element_hidden_in_editor=&#8221;0&#8243; av_uid=&#8221;av-jj21ix0a&#8221; custom_class=&#8221;&#8221;]\n[av_heading tag=&#8221;h3&#8243; padding=&#8221;0&#8243; heading=&#8221;Chiavi in mano&#8221; color=&#8221;&#8221; style=&#8221;blockquote modern-quote modern-centered&#8221; custom_font=&#8221;&#8221; size=&#8221;60&#8243; subheading_active=&#8221;&#8221; subheading_size=&#8221;15&#8243; custom_class=&#8221;&#8221; admin_preview_bg=&#8221;&#8221; av-desktop-hide=&#8221;&#8221; av-medium-hide=&#8221;&#8221; av-small-hide=&#8221;&#8221; av-mini-hide=&#8221;&#8221; av-medium-font-size-title=&#8221;&#8221; av-small-font-size-title=&#8221;&#8221; av-mini-font-size-title=&#8221;&#8221; av-medium-font-size=&#8221;&#8221; av-small-font-size=&#8221;&#8221; av-mini-font-size=&#8221;&#8221; margin=&#8221;&#8221; av_uid=&#8221;av-32n20p&#8221;]\nS\u0103 ne cunoa\u0219tem mai bine\n[\/av_heading]\n\n[av_hr class=&#8221;custom&#8221; height=&#8221;50&#8243; shadow=&#8221;no-shadow&#8221; position=&#8221;center&#8221; custom_border=&#8221;av-border-fat&#8221; custom_width=&#8221;100px&#8221; custom_border_color=&#8221;#fab300&#8243; custom_margin_top=&#8221;0px&#8221; custom_margin_bottom=&#8221;30px&#8221; icon_select=&#8221;no&#8221; custom_icon_color=&#8221;&#8221; icon=&#8221;ue808&#8243; font=&#8221;entypo-fontello&#8221; av_uid=&#8221;av-jj21opc3&#8243; custom_class=&#8221;&#8221; admin_preview_bg=&#8221;&#8221;]\n\n[av_three_fifth first min_height=&#8221;av-equal-height-column&#8221; vertical_alignment=&#8221;av-align-top&#8221; space=&#8221;&#8221; margin=&#8221;0px&#8221; margin_sync=&#8221;true&#8221; link=&#8221;&#8221; linktarget=&#8221;&#8221; link_hover=&#8221;&#8221; padding=&#8221;0px&#8221; padding_sync=&#8221;true&#8221; border=&#8221;&#8221; border_color=&#8221;&#8221; radius=&#8221;0px&#8221; radius_sync=&#8221;true&#8221; background=&#8221;bg_color&#8221; background_color=&#8221;&#8221; background_gradient_color1=&#8221;&#8221; background_gradient_color2=&#8221;&#8221; background_gradient_direction=&#8221;vertical&#8221; src=&#8221;&#8221; attachment=&#8221;&#8221; attachment_size=&#8221;&#8221; background_position=&#8221;top left&#8221; background_repeat=&#8221;no-repeat&#8221; animation=&#8221;right-to-left&#8221; mobile_breaking=&#8221;&#8221; mobile_display=&#8221;&#8221; av_uid=&#8221;av-3zzjgv&#8221; custom_class=&#8221;&#8221;]\n\n[av_textblock size=&#8221;&#8221; font_color=&#8221;&#8221; color=&#8221;&#8221; av-medium-font-size=&#8221;&#8221; av-small-font-size=&#8221;&#8221; av-mini-font-size=&#8221;&#8221; av_uid=&#8221;av-jj19v7g1&#8243; custom_class=&#8221;&#8221; admin_preview_bg=&#8221;&#8221;]\nImaginarea unui birou, a unei case, a unui mediu, \u00eengrijirea detaliilor pentru a face spa\u021biile mai frumoase, func\u021bionale \u0219i locuibile.\nImagina\u021bi-v\u0103 locuri \u00een care v\u0103 sim\u021bi\u021bi \u00een largul vostru. \n[\/av_textblock]\n\n[av_iconlist position=&#8221;left&#8221; iconlist_styling=&#8221;&#8221; custom_title_size=&#8221;20&#8243; custom_content_size=&#8221;14&#8243; font_color=&#8221;custom&#8221; custom_title=&#8221;#000000&#8243; custom_content=&#8221;#666666&#8243; color=&#8221;custom&#8221; custom_bg=&#8221;#fab300&#8243; custom_font=&#8221;&#8221; custom_border=&#8221;&#8221; av-medium-font-size-title=&#8221;&#8221; av-small-font-size-title=&#8221;&#8221; av-mini-font-size-title=&#8221;&#8221; av-medium-font-size=&#8221;&#8221; av-small-font-size=&#8221;&#8221; av-mini-font-size=&#8221;&#8221; av_uid=&#8221;av-jj2t8ptu&#8221; custom_class=&#8221;&#8221; admin_preview_bg=&#8221;&#8221;]\n[av_iconlist_item title=&#8221;Solu\u021bii adecvate&#8221; link=&#8221;&#8221; linktarget=&#8221;&#8221; linkelement=&#8221;&#8221; icon=&#8221;uf105&#8243; font=&#8221;formar_flat&#8221; av_uid=&#8221;av-b17uc9&#8243;]\n\u00cen faza preliminar\u0103, designerii no\u0219tri v\u0103 vor prezenta <b>solu\u021bii potrivite pentru <\/b>nevoile dumneavoastr\u0103 \u0219i flexibile la noile stiluri de via\u021b\u0103.\nPentru fiecare arhitectur\u0103 pot exista mai multe posibilit\u0103\u021bi, \u00eens\u0103 unele solu\u021bii pot fi mai bune dec\u00e2t altele. \n[\/av_iconlist_item]\n[av_iconlist_item title=&#8221;Consultan\u021b\u0103 \u00een amenajare&#8221; link=&#8221;&#8221; linktarget=&#8221;&#8221; linkelement=&#8221;&#8221; icon=&#8221;ue804&#8243; font=&#8221;formar_flat&#8221; av_uid=&#8221;av-933u55&#8243;]\nOferim un serviciu de <b>consultan\u021b\u0103 \u00een materie de mobilier<\/b> \u00een timpul fazei de proiectare, fiind capabili s\u0103 v\u0103 oferim solu\u021bii de design care s\u0103 v\u0103 satisfac\u0103 nevoile \u0219i gusturile.\n[\/av_iconlist_item]\n[av_iconlist_item title=&#8221;Confort maxim&#8221; link=&#8221;&#8221; linktarget=&#8221;&#8221; linkelement=&#8221;&#8221; icon=&#8221;uf12b&#8221; font=&#8221;formar_flat&#8221; av_uid=&#8221;av-6savbt&#8221;]\nProiectele se bazeaz\u0103 pe presupunerea c\u0103, acolo unde muncim \u0219i tr\u0103im, ne dorim un <b>confort maxim<\/b>.\nAcest lucru influen\u021beaz\u0103 modul \u00een care ne g\u00e2ndim la spa\u021bii \u0219i reconfigur\u0103m zonele, optimiz\u00e2nd mediile pentru a le \u00eembun\u0103t\u0103\u021bi.\nIndiferent de amploarea proiectului.  \n[\/av_iconlist_item]\n[av_iconlist_item title=&#8221;Materiale ecologice&#8221; link=&#8221;&#8221; linktarget=&#8221;&#8221; linkelement=&#8221;&#8221; icon=&#8221;ue8b8&#8243; font=&#8221;entypo-fontello&#8221; av_uid=&#8221;av-5vcyfd&#8221;]\nAten\u021bia fa\u021b\u0103 de solu\u021biile care respect\u0103 principiile confortului, siguran\u021bei \u0219i armoniei este completat\u0103 de sensibilitatea \u00een utilizarea materialelor, opt\u00e2nd pentru alegeri mai ecologice.\n\u00cen proiectele noastre ne place s\u0103 capt\u0103m lumina \u0219i umbrele, pentru a schimba percep\u021bia emo\u021bional\u0103 a spa\u021biului.\nDorin\u021ba de a ne mi\u0219ca \u00eentr-un context de creativitate care vizeaz\u0103 satisfac\u021bia utilizatorului este voca\u021bia prioritar\u0103 a companiei.  \n[\/av_iconlist_item]\n[av_iconlist_item title=&#8221;De la proiectare la realizare&#8221; link=&#8221;&#8221; linktarget=&#8221;&#8221; linkelement=&#8221;&#8221; icon=&#8221;uf10b&#8221; font=&#8221;formar_flat&#8221; av_uid=&#8221;av-4xke4p&#8221;]\nPentru a crea un proiect personalizat pentru dumneavoastr\u0103, pornim de la nevoile \u0219i gusturile dumneavoastr\u0103.\nProfesioni\u0219tii no\u0219tri se vor ocupa apoi de toate aspectele renov\u0103rii dumneavoastr\u0103. <b>De la proiectare la realizare<\/b>, studioul se va ocupa de organizarea \u0219i controlul lucr\u0103rilor pentru a pune \u00een aplicare solu\u021bia potrivit\u0103 pentru dvs. \n[\/av_iconlist_item]\n[\/av_iconlist]\n\n[\/av_three_fifth][av_two_fifth min_height=&#8221;av-equal-height-column&#8221; vertical_alignment=&#8221;av-align-top&#8221; space=&#8221;&#8221; margin=&#8221;0px&#8221; margin_sync=&#8221;true&#8221; link=&#8221;&#8221; linktarget=&#8221;&#8221; link_hover=&#8221;&#8221; padding=&#8221;0px&#8221; padding_sync=&#8221;true&#8221; border=&#8221;&#8221; border_color=&#8221;&#8221; radius=&#8221;0px&#8221; radius_sync=&#8221;true&#8221; background=&#8221;bg_color&#8221; background_color=&#8221;&#8221; background_gradient_color1=&#8221;&#8221; background_gradient_color2=&#8221;&#8221; background_gradient_direction=&#8221;vertical&#8221; src=&#8221;https:\/\/formar-contract.it\/wp-content\/uploads\/2018\/06\/cit2.png&#8221; attachment=&#8221;3300&#8243; attachment_size=&#8221;full&#8221; background_position=&#8221;bottom right&#8221; background_repeat=&#8221;no-repeat&#8221; animation=&#8221;&#8221; mobile_breaking=&#8221;&#8221; mobile_display=&#8221;&#8221; av_uid=&#8221;av-5g7wdb&#8221; custom_class=&#8221;&#8221;]\n\n[av_heading heading=Noi lucr\u0103m cu trei lucruri: <u>spa\u021bii<\/u>, <u>lumin\u0103<\/u>, mai ales lumina zilei, dar \u0219i a nop\u021bii, \u0219i<u>arhitectur\u0103<\/u>; apoi exist\u0103 lumina ca design, ca instrument pentru precizia arhitectural\u0103, \u0219i lumina ca fapt func\u021bional integrat, ca \u00een muzee, unde face parte din design, nu doar din dorin\u021b\u0103, ci din necesitate.\n(Gae Aulenti)&#8217; tag=&#8217;h3&#8242; style=&#8217;blockquote modern-quote&#8217; size=&#8217;36&#8217; subheading_active=&#8221; subheading_size=&#8217;15&#8217; margin=&#8221;&#8217; margin_sync=&#8217;true&#8217; padding=&#8217;0&#8242; color=&#8221; custom_font=&#8221;&#8217; av-medium-font-size-title=&#8221; av-small-font-size-title=&#8221; av-mini-font-size-title=&#8221; av-medium-font-size=&#8221; av-small-font-size=&#8221; av-mini-font-size=&#8221; av_uid=&#8217;av-jj38e6je&#8217; custom_class=&#8221;&#8217; admin_preview_bg=&#8221;] [\/av_two_fifth]\n\n[\/av_section]\n[\/]\n\n[av_section min_height=&#8221; min_height_px=&#8217;500px&#8217; padding=&#8217;large&#8217; shadow=&#8217;shadow&#8217; bottom_border=&#8217;no-border-styling&#8217; bottom_border_diagonal_color=&#8217;#333333&#8242; bottom_border_diagonal_direction=&#8221; bottom_border_style=&#8221; custom_arrow_bg=&#8221; id=&#8221; color=&#8217;main_color&#8217; background=&#8217;bg_color&#8217; custom_bg=&#8221; background_gradient_color1=&#8221; background_gradient_color2=&#8221; background_gradient_direction=&#8217;vertical&#8217; src=&#8217;https:\/\/formar-contract.it\/wp-content\/uploads\/2018\/07\/servizio-formar-contract-chiavi-in-mano.jpg&#8217; attachment=&#8217;3479&#8242; attachment_size=&#8217;full&#8217; attach=&#8217;parallax&#8217; position=&#8217;center center&#8217; repeat=&#8217;no-repeat&#8217; video=&#8221; video_ratio=&#8217;16:9&#8242; overlay_enable=&#8217;aviaTBoverlay_enable&#8217; overlay_opacity=&#8217;0.5&#8242; overlay_color=&#8217;#ffffff&#8217; overlay_pattern=&#8221; overlay_custom_pattern=&#8221; av_element_hidden_in_editor=&#8217;0&#8242; av_uid=&#8217;av-jj19wtow&#8217; custom_class=&#8221;]\n[av_one_half first min_height=&#8221;av-equal-height-column&#8221; vertical_alignment=&#8221;av-align-top&#8221; space=&#8221;&#8221; margin=&#8221;0px&#8221; margin_sync=&#8221;true&#8221; link=&#8221;&#8221; linktarget=&#8221;&#8221; link_hover=&#8221;&#8221; padding=&#8221;&#8221; padding_sync=&#8221;true&#8221; border=&#8221;&#8221; border_color=&#8221;&#8221; radius=&#8221;0px&#8221; radius_sync=&#8221;true&#8221; background=&#8221;bg_color&#8221; background_color=&#8221;&#8221; background_gradient_color1=&#8221;&#8221; background_gradient_color2=&#8221;&#8221; background_gradient_direction=&#8221;vertical&#8221; src=&#8221;&#8221; attachment=&#8221;&#8221; attachment_size=&#8221;&#8221; background_position=&#8221;bottom right&#8221; background_repeat=&#8221;no-repeat&#8221; animation=&#8221;&#8221; mobile_breaking=&#8221;&#8221; mobile_display=&#8221;&#8221; av_uid=&#8221;av-5g7wdb&#8221; custom_class=&#8221;ginevra&#8221;]\n\n[av_heading tag=&#8221;h3&#8243; padding=&#8221;0&#8243; heading=&#8221;Il Servizio ti garantisce&#8221; color=&#8221;&#8221; style=&#8221;blockquote modern-quote&#8221; custom_font=&#8221;&#8221; size=&#8221;36&#8243; subheading_active=&#8221;subheading_above&#8221; subheading_size=&#8221;15&#8243; custom_class=&#8221;&#8221; admin_preview_bg=&#8221;&#8221; av-desktop-hide=&#8221;&#8221; av-medium-hide=&#8221;&#8221; av-small-hide=&#8221;&#8221; av-mini-hide=&#8221;&#8221; av-medium-font-size-title=&#8221;&#8221; av-small-font-size-title=&#8221;&#8221; av-mini-font-size-title=&#8221;&#8221; av-medium-font-size=&#8221;&#8221; av-small-font-size=&#8221;&#8221; av-mini-font-size=&#8221;&#8221; margin=&#8221;&#8221; av_uid=&#8221;av-aerdeh&#8221;]\nPentru a facilita procesul de restructurare\n[\/av_heading]\n\n[av_iconlist position=&#8221;left&#8221; iconlist_styling=&#8221;av-iconlist-small&#8221; custom_title_size=&#8221;18&#8243; custom_content_size=&#8221;14&#8243; font_color=&#8221;custom&#8221; custom_title=&#8221;#000000&#8243; custom_content=&#8221;#666666&#8243; color=&#8221;custom&#8221; custom_bg=&#8221;&#8221; custom_font=&#8221;#fab300&#8243; custom_border=&#8221;&#8221; av-medium-font-size-title=&#8221;&#8221; av-small-font-size-title=&#8221;&#8221; av-mini-font-size-title=&#8221;&#8221; av-medium-font-size=&#8221;&#8221; av-small-font-size=&#8221;&#8221; av-mini-font-size=&#8221;&#8221; av_uid=&#8221;av-jj2t8ptu&#8221; custom_class=&#8221;&#8221; admin_preview_bg=&#8221;&#8221;]\n[av_iconlist_item title=&#8221;Un singur punct de contact&#8221; link=&#8221;&#8221; linktarget=&#8221;&#8221; linkelement=&#8221;&#8221; icon=&#8221;ue80b&#8221; font=&#8221;formar_flat&#8221; av_uid=&#8221;av-k72ewp&#8221;]\n\u0219i punct de contact, de la solicitarea unei oferte de pre\u021b p\u00e2n\u0103 la vizita la fa\u021ba locului, de la crearea proiectului p\u00e2n\u0103 la realizarea acestuia\n[\/av_iconlist_item]\n[av_iconlist_item title=&#8221;O persoan\u0103 de contact mereu prezent\u0103&#8221; link=&#8221;&#8221; linktarget=&#8221;&#8221; linkelement=&#8221;&#8221; icon=&#8221;ue80b&#8221; font=&#8221;formar_flat&#8221; av_uid=&#8221;av-j8hcdl&#8221;]\nnu sunte\u021bi niciodat\u0103 f\u0103r\u0103 o persoan\u0103 de contact\n[\/av_iconlist_item]\n[av_iconlist_item title=&#8221;Preluarea dosarelor&#8221; link=&#8221;&#8221; linktarget=&#8221;&#8221; linkelement=&#8221;&#8221; icon=&#8221;ue80b&#8221; font=&#8221;formar_flat&#8221; av_uid=&#8221;av-1sebgp&#8221;]\nsc\u0103pa\u021bi de grija birocra\u021biei\n[\/av_iconlist_item]\n[av_iconlist_item title=&#8221;Pasaje liniare&#8221; link=&#8221;&#8221; linktarget=&#8221;&#8221; linkelement=&#8221;&#8221; icon=&#8221;ue80b&#8221; font=&#8221;formar_flat&#8221; av_uid=&#8221;av-fwdcsp&#8221;]\nde la idee la proiect, de la proiectare la realizare\n[\/av_iconlist_item]\n[av_iconlist_item title=&#8221;Organiza\u021bie &#8221; link=&#8221;&#8221; linktarget=&#8221;&#8221; linkelement=&#8221;&#8221; icon=&#8221;ue80b&#8221; font=&#8221;formar_flat&#8221; av_uid=&#8221;av-1gx2x5&#8243;]\nlocul spa\u021bial \u0219i temporal\n[\/av_iconlist_item]\n[\/av_iconlist]\n\n[\/av_heading][av_one_half min_height=&#8221;&#8221; vertical_alignment=&#8221;av-align-top&#8221; space=&#8221;&#8221; margin=&#8221;0px&#8221; margin_sync=&#8221;true&#8221; link=&#8221;&#8221; linktarget=&#8221;&#8221; link_hover=&#8221;&#8221; padding=&#8221;&#8221; padding_sync=&#8221;true&#8221; border=&#8221;&#8221; border_color=&#8221;&#8221; radius=&#8221;0px&#8221; radius_sync=&#8221;true&#8221; background=&#8221;bg_color&#8221; background_color=&#8221;&#8221; background_gradient_color1=&#8221;&#8221; background_gradient_color2=&#8221;&#8221; background_gradient_direction=&#8221;vertical&#8221; src=&#8221;&#8221; attachment=&#8221;&#8221; attachment_size=&#8221;&#8221; background_position=&#8221;top left&#8221; background_repeat=&#8221;no-repeat&#8221; animation=&#8221;&#8221; mobile_breaking=&#8221;&#8221; mobile_display=&#8221;&#8221; av_uid=&#8221;av-3zzjgv&#8221; custom_class=&#8221;&#8221;]\n\n[av_heading tag=&#8221;h3&#8243; padding=&#8221;0&#8243; heading=&#8221;Il servizio comprende&#8221; color=&#8221;&#8221; style=&#8221;blockquote modern-quote&#8221; custom_font=&#8221;&#8221; size=&#8221;36&#8243; subheading_active=&#8221;subheading_above&#8221; subheading_size=&#8221;15&#8243; custom_class=&#8221;&#8221; admin_preview_bg=&#8221;&#8221; av-desktop-hide=&#8221;&#8221; av-medium-hide=&#8221;&#8221; av-small-hide=&#8221;&#8221; av-mini-hide=&#8221;&#8221; av-medium-font-size-title=&#8221;&#8221; av-small-font-size-title=&#8221;&#8221; av-mini-font-size-title=&#8221;&#8221; av-medium-font-size=&#8221;&#8221; av-small-font-size=&#8221;&#8221; av-mini-font-size=&#8221;&#8221; margin=&#8221;&#8221; av_uid=&#8221;av-8huvk9&#8243;]\nRenovarea complet\u0103 a biroului sau apartamentului dvs.\n[\/av_heading]\n\n[av_iconlist position=&#8221;left&#8221; iconlist_styling=&#8221;av-iconlist-small&#8221; custom_title_size=&#8221;18&#8243; custom_content_size=&#8221;14&#8243; font_color=&#8221;custom&#8221; custom_title=&#8221;#000000&#8243; custom_content=&#8221;#666666&#8243; color=&#8221;custom&#8221; custom_bg=&#8221;&#8221; custom_font=&#8221;#fab300&#8243; custom_border=&#8221;&#8221; av-medium-font-size-title=&#8221;&#8221; av-small-font-size-title=&#8221;&#8221; av-mini-font-size-title=&#8221;&#8221; av-medium-font-size=&#8221;&#8221; av-small-font-size=&#8221;&#8221; av-mini-font-size=&#8221;&#8221; av_uid=&#8221;av-jj2t8ptu&#8221; custom_class=&#8221;&#8221; admin_preview_bg=&#8221;&#8221;]\n[av_iconlist_item title=&#8221;Eliberare  &#8221; link=&#8221;&#8221; linktarget=&#8221;&#8221; linkelement=&#8221;&#8221; icon=&#8221;ue80b&#8221; font=&#8221;formar_flat&#8221; av_uid=&#8221;av-c8bmjd&#8221;]\na propriet\u0103\u021bii\n[\/av_iconlist_item]\n[av_iconlist_item title=&#8221;\u00cenc\u0103rcare \u0219i desc\u0103rcare  &#8221; link=&#8221;&#8221; linktarget=&#8221;&#8221; linkelement=&#8221;&#8221; icon=&#8221;ue80b&#8221; font=&#8221;formar_flat&#8221; av_uid=&#8221;av-badx21&#8243;]\nde materiale \u0219i consumabile pe durata \u0219antierului\n[\/av_iconlist_item]\n[av_iconlist_item title=&#8221;Masonerie&#8221; link=&#8221;&#8221; linktarget=&#8221;&#8221; linkelement=&#8221;&#8221; icon=&#8221;ue80b&#8221; font=&#8221;formar_flat&#8221; av_uid=&#8221;av-7kclmx&#8221;]\nDemolare, \u00eendep\u0103rtare \u0219i reconstruc\u021bie\n[\/av_iconlist_item]\n[av_iconlist_item title=&#8221;Ingineria instala\u021biilor&#8221; link=&#8221;&#8221; linktarget=&#8221;&#8221; linkelement=&#8221;&#8221; icon=&#8221;ue80b&#8221; font=&#8221;formar_flat&#8221; av_uid=&#8221;av-6apieh&#8221;]\nRealizarea de noi instala\u021bii\n[\/av_iconlist_item]\n[av_iconlist_item title=&#8221;Decora\u021biuni&#8221; link=&#8221;&#8221; linktarget=&#8221;&#8221; linkelement=&#8221;&#8221; icon=&#8221;ue80b&#8221; font=&#8221;formar_flat&#8221; av_uid=&#8221;av-409tzd&#8221;]\n\u0218lefuirea, \u0219lefuirea \u0219i vopsirea pere\u021bilor \u0219i tavanelor\n[\/av_iconlist_item]\n[av_iconlist_item title=&#8221;Ansamblu  &#8221; link=&#8221;&#8221; linktarget=&#8221;&#8221; linkelement=&#8221;&#8221; icon=&#8221;ue80b&#8221; font=&#8221;formar_flat&#8221; av_uid=&#8221;av-2f7fnd&#8221;]\nde u\u0219i, aparate sanitare, corpuri de iluminat, cazane \u0219i aparate de aer condi\u021bionat.\n[\/av_iconlist_item]\n[\/av_iconlist]\n\n[\/av_one_half]\n[\/av_one_half]\n\n[av_section min_height=&#8221;&#8221; min_height_px=&#8221;500px&#8221; padding=&#8221;default&#8221; shadow=&#8221;no-border-styling&#8221; bottom_border=&#8221;no-border-styling&#8221; bottom_border_diagonal_color=&#8221;#333333&#8243; bottom_border_diagonal_direction=&#8221;&#8221; bottom_border_style=&#8221;&#8221; custom_arrow_bg=&#8221;&#8221; id=&#8221;&#8221; color=&#8221;main_color&#8221; background=&#8221;bg_gradient&#8221; custom_bg=&#8221;&#8221; background_gradient_color1=&#8221;#fab300&#8243; background_gradient_color2=&#8221;#f7c100&#8243; background_gradient_direction=&#8221;diagonal_tb&#8221; src=&#8221;&#8221; attachment=&#8221;&#8221; attachment_size=&#8221;&#8221; attach=&#8221;scroll&#8221; position=&#8221;top left&#8221; repeat=&#8221;no-repeat&#8221; video=&#8221;&#8221; video_ratio=&#8221;16:9&#8243; overlay_opacity=&#8221;0.5&#8243; overlay_color=&#8221;&#8221; overlay_pattern=&#8221;&#8221; overlay_custom_pattern=&#8221;&#8221; av_element_hidden_in_editor=&#8221;0&#8243; av_uid=&#8221;av-97digt&#8221; custom_class=&#8221;&#8221;]\n[av_one_fifth first min_height=&#8221;av-equal-height-column&#8221; vertical_alignment=&#8221;av-align-middle&#8221; space=&#8221;no_margin&#8221; margin=&#8221;0px&#8221; margin_sync=&#8221;true&#8221; link=&#8221;&#8221; linktarget=&#8221;&#8221; link_hover=&#8221;&#8221; padding=&#8221;0px&#8221; padding_sync=&#8221;true&#8221; border=&#8221;&#8221; border_color=&#8221;&#8221; radius=&#8221;0px&#8221; radius_sync=&#8221;true&#8221; background=&#8221;bg_color&#8221; background_color=&#8221;&#8221; background_gradient_color1=&#8221;&#8221; background_gradient_color2=&#8221;&#8221; background_gradient_direction=&#8221;vertical&#8221; src=&#8221;&#8221; attachment=&#8221;&#8221; attachment_size=&#8221;&#8221; background_position=&#8221;top left&#8221; background_repeat=&#8221;no-repeat&#8221; animation=&#8221;&#8221; mobile_breaking=&#8221;&#8221; mobile_display=&#8221;&#8221; av_uid=&#8221;av-86lkfh&#8221; custom_class=&#8221;&#8221;]\n\n[av_font_icon icon=&#8221;ue854&#8243; font=&#8221;entypo-fontello&#8221; style=&#8221;border&#8221; caption=&#8221;&#8221; link=&#8221;page,3516&#8243; linktarget=&#8221;&#8221; size=&#8221;60px&#8221; position=&#8221;center&#8221; color=&#8221;#ffffff&#8221; av_uid=&#8221;av-jj23v1yv&#8221; custom_class=&#8221;&#8221; admin_preview_bg=&#8221;&#8221;][\/av_font_icon]\n\n[\/av_one_fifth][av_three_fifth min_height=&#8221;&#8221; vertical_alignment=&#8221;av-align-top&#8221; space=&#8221;&#8221; margin=&#8221;0px&#8221; margin_sync=&#8221;true&#8221; link=&#8221;&#8221; linktarget=&#8221;&#8221; link_hover=&#8221;&#8221; padding=&#8221;0px,20px,0px,0px&#8221; border=&#8221;&#8221; border_color=&#8221;&#8221; radius=&#8221;0px&#8221; radius_sync=&#8221;true&#8221; background=&#8221;bg_color&#8221; background_color=&#8221;&#8221; background_gradient_color1=&#8221;&#8221; background_gradient_color2=&#8221;&#8221; background_gradient_direction=&#8221;vertical&#8221; src=&#8221;&#8221; attachment=&#8221;&#8221; attachment_size=&#8221;&#8221; background_position=&#8221;top left&#8221; background_repeat=&#8221;no-repeat&#8221; animation=&#8221;&#8221; mobile_breaking=&#8221;&#8221; mobile_display=&#8221;&#8221; av_uid=&#8221;av-69i7od&#8221; custom_class=&#8221;&#8221;]\n\n[av_heading tag=&#8221;h3&#8243; padding=&#8221;0&#8243; heading=&#8221;Contattaci&#8221; color=&#8221;custom-color-heading&#8221; style=&#8221;blockquote modern-quote&#8221; custom_font=&#8221;#020202&#8243; size=&#8221;28&#8243; subheading_active=&#8221;&#8221; subheading_size=&#8221;15&#8243; custom_class=&#8221;&#8221; admin_preview_bg=&#8221;&#8221; av-desktop-hide=&#8221;&#8221; av-medium-hide=&#8221;&#8221; av-small-hide=&#8221;&#8221; av-mini-hide=&#8221;&#8221; av-medium-font-size-title=&#8221;&#8221; av-small-font-size-title=&#8221;&#8221; av-mini-font-size-title=&#8221;&#8221; av-medium-font-size=&#8221;&#8221; av-small-font-size=&#8221;&#8221; av-mini-font-size=&#8221;&#8221; margin=&#8221;&#8221;]\nContractul Formar este, de asemenea\n[\/av_heading]\n\n[av_textblock size=&#8221;17&#8243; font_color=&#8221;custom&#8221; color=&#8221;#020202&#8243; av-medium-font-size=&#8221;&#8221; av-small-font-size=&#8221;&#8221; av-mini-font-size=&#8221;&#8221; av_uid=&#8221;av-jj23wau4&#8243; custom_class=&#8221;&#8221; admin_preview_bg=&#8221;&#8221;]\n<strong>Serviciul nostru pentru clien\u021bi este la dispozi\u021bia dumneavoastr\u0103.  <\/strong>Pentru orice informa\u021bii sau cerere de ofert\u0103, nu ezita\u021bi s\u0103 ne contacta\u021bi! Profesioni\u0219tii no\u0219tri v\u0103 vor r\u0103spunde la \u00eentreb\u0103rile privind serviciile noastre: proiectare, realizare, livrare \u0219i montare de mobilier de birou. \n[\/av_textblock]\n\n[\/av_three_fifth][av_one_fifth min_height=&#8221;&#8221; vertical_alignment=&#8221;&#8221; space=&#8221;&#8221; custom_margin=&#8221;&#8221; margin=&#8221;0px&#8221; link=&#8221;&#8221; linktarget=&#8221;&#8221; link_hover=&#8221;&#8221; padding=&#8221;0px&#8221; border=&#8221;&#8221; border_color=&#8221;&#8221; radius=&#8221;0px&#8221; background=&#8221;bg_color&#8221; background_color=&#8221;&#8221; background_gradient_color1=&#8221;&#8221; background_gradient_color2=&#8221;&#8221; background_gradient_direction=&#8221;vertical&#8221; src=&#8221;&#8221; background_position=&#8221;top left&#8221; background_repeat=&#8221;no-repeat&#8221; animation=&#8221;&#8221; mobile_breaking=&#8221;&#8221; mobile_display=&#8221;&#8221; av_uid=&#8221;av-4qrmbh&#8221;]\n\n[av_button_big label=&#8221;SCRIE\u021aI&#8221; description_pos=&#8221;below&#8221; link=&#8221;page,3516&#8243; link_target=&#8221;&#8221; icon_select=&#8221;yes-left-icon&#8221; icon=&#8221;ue805&#8243; font=&#8221;entypo-fontello&#8221; custom_font=&#8221;&#8221; color=&#8221;theme-color-subtle&#8221; custom_bg=&#8221;#444444&#8243; color_hover=&#8221;theme-color-subtle&#8221; custom_bg_hover=&#8221;#444444&#8243; av_uid=&#8221;av-2p4q7x&#8221; custom_class=&#8221;&#8221; admin_preview_bg=&#8221;&#8221;][\/av_button_big]\n\n[av_hr class=&#8221;invisible&#8221; height=&#8221;20&#8243; shadow=&#8221;no-shadow&#8221; position=&#8221;center&#8221; custom_border=&#8221;av-border-thin&#8221; custom_width=&#8221;50px&#8221; custom_border_color=&#8221;&#8221; custom_margin_top=&#8221;30px&#8221; custom_margin_bottom=&#8221;30px&#8221; icon_select=&#8221;yes&#8221; custom_icon_color=&#8221;&#8221; icon=&#8221;ue808&#8243; font=&#8221;entypo-fontello&#8221; av_uid=&#8221;av-jj24q137&#8243; custom_class=&#8221;&#8221; admin_preview_bg=&#8221;&#8221;]\n\n[av_button_big label=&#8221;SUNA\u021aI-NE&#8221; description_pos=&#8221;below&#8221; link=&#8221;manually,tel:+390715906063&#8243; link_target=&#8221;_blank&#8221; icon_select=&#8221;yes-left-icon&#8221; icon=&#8221;ue854&#8243; font=&#8221;entypo-fontello&#8221; custom_font=&#8221;&#8221; color=&#8221;theme-color-subtle&#8221; custom_bg=&#8221;#444444&#8243; color_hover=&#8221;theme-color-subtle&#8221; custom_bg_hover=&#8221;#444444&#8243; av_uid=&#8221;av-2p4q7x&#8221; custom_class=&#8221;&#8221; admin_preview_bg=&#8221;&#8221;][\/av_button_big]\n\n[\/av_one_fifth]\n[\/av_section]\n","protected":false},"excerpt":{"rendered":"[av_section min_height=&#8221;&#8221; min_height_px=&#8221;500px&#8221; padding=&#8221;default&#8221; shadow=&#8221;no-border-styling&#8221; bottom_border=&#8221;no-border-styling&#8221; bottom_border_diagonal_color=&#8221;#333333&#8243; bottom_border_diagonal_direction=&#8221;&#8221; bottom_border_style=&#8221;&#8221; custom_arrow_bg=&#8221;&#8221; id=&#8221;&#8221; color=&#8221;main_color&#8221; background=&#8221;bg_color&#8221; custom_bg=&#8221;#ffffff&#8221; background_gradient_color1=&#8221;&#8221; background_gradient_color2=&#8221;&#8221; background_gradient_direction=&#8221;vertical&#8221; src=&#8221;&#8221; attachment=&#8221;&#8221; attachment_size=&#8221;&#8221; attach=&#8221;scroll&#8221; position=&#8221;top left&#8221; repeat=&#8221;no-repeat&#8221; video=&#8221;&#8221; video_ratio=&#8221;16:9&#8243; overlay_opacity=&#8221;0.5&#8243; overlay_color=&#8221;&#8221; overlay_pattern=&#8221;&#8221; overlay_custom_pattern=&#8221;&#8221; av_element_hidden_in_editor=&#8221;0&#8243; av_uid=&#8221;av-jj21ix0a&#8221; custom_class=&#8221;&#8221;] [av_heading tag=&#8221;h3&#8243; padding=&#8221;0&#8243; heading=&#8221;Chiavi in mano&#8221; color=&#8221;&#8221; style=&#8221;blockquote modern-quote modern-centered&#8221; custom_font=&#8221;&#8221; size=&#8221;60&#8243; subheading_active=&#8221;&#8221; subheading_size=&#8221;15&#8243; custom_class=&#8221;&#8221; admin_preview_bg=&#8221;&#8221; av-desktop-hide=&#8221;&#8221; av-medium-hide=&#8221;&#8221; av-small-hide=&#8221;&#8221; av-mini-hide=&#8221;&#8221; av-medium-font-size-title=&#8221;&#8221; av-small-font-size-title=&#8221;&#8221; [&#8230;]\n","protected":false},"author":5,"featured_media":0,"parent":42127,"menu_order":0,"comment_status":"closed","ping_status":"closed","template":"","meta":{"_joinchat":[],"footnotes":""},"class_list":["post-42110","page","type-page","status-publish","hentry"],"yoast_head":"<!-- This site is optimized with the Yoast SEO plugin v27.5 - https:\/\/yoast.com\/product\/yoast-seo-wordpress\/ -->\n<title>La cheie - Formar.shop<\/title>\n<meta name=\"robots\" content=\"index, follow, max-snippet:-1, max-image-preview:large, max-video-preview:-1\" \/>\n<link rel=\"canonical\" href=\"https:\/\/formar.shop\/ro\/serviciile-noastre\/la-cheie\/\" \/>\n<script type=\"application\/ld+json\" class=\"yoast-schema-graph\">{\"@context\":\"https:\\\/\\\/schema.org\",\"@graph\":[{\"@type\":\"WebPage\",\"@id\":\"https:\\\/\\\/formar.shop\\\/ro\\\/serviciile-noastre\\\/la-cheie\\\/\",\"url\":\"https:\\\/\\\/formar.shop\\\/ro\\\/serviciile-noastre\\\/la-cheie\\\/\",\"name\":\"La cheie - Formar.shop\",\"isPartOf\":{\"@id\":\"https:\\\/\\\/formar.shop\\\/ro\\\/#website\"},\"datePublished\":\"2025-01-18T14:41:05+00:00\",\"dateModified\":\"2025-01-18T14:41:12+00:00\",\"breadcrumb\":{\"@id\":\"https:\\\/\\\/formar.shop\\\/ro\\\/serviciile-noastre\\\/la-cheie\\\/#breadcrumb\"},\"inLanguage\":\"ro-RO\",\"potentialAction\":[{\"@type\":\"ReadAction\",\"target\":[\"https:\\\/\\\/formar.shop\\\/ro\\\/serviciile-noastre\\\/la-cheie\\\/\"]}]},{\"@type\":\"BreadcrumbList\",\"@id\":\"https:\\\/\\\/formar.shop\\\/ro\\\/serviciile-noastre\\\/la-cheie\\\/#breadcrumb\",\"itemListElement\":[{\"@type\":\"ListItem\",\"position\":1,\"name\":\"Home\",\"item\":\"https:\\\/\\\/formar.shop\\\/ro\\\/proiect-automat\\\/\"},{\"@type\":\"ListItem\",\"position\":2,\"name\":\"Serviciile noastre\",\"item\":\"https:\\\/\\\/formar.shop\\\/ro\\\/serviciile-noastre\\\/\"},{\"@type\":\"ListItem\",\"position\":3,\"name\":\"La cheie\"}]},{\"@type\":\"WebSite\",\"@id\":\"https:\\\/\\\/formar.shop\\\/ro\\\/#website\",\"url\":\"https:\\\/\\\/formar.shop\\\/ro\\\/\",\"name\":\"Formar.shop\",\"description\":\"Soluzioni espresse con stile\",\"potentialAction\":[{\"@type\":\"SearchAction\",\"target\":{\"@type\":\"EntryPoint\",\"urlTemplate\":\"https:\\\/\\\/formar.shop\\\/ro\\\/?s={search_term_string}\"},\"query-input\":{\"@type\":\"PropertyValueSpecification\",\"valueRequired\":true,\"valueName\":\"search_term_string\"}}],\"inLanguage\":\"ro-RO\"}]}<\/script>\n<!-- \/ Yoast SEO plugin. -->","yoast_head_json":{"title":"La cheie - Formar.shop","robots":{"index":"index","follow":"follow","max-snippet":"max-snippet:-1","max-image-preview":"max-image-preview:large","max-video-preview":"max-video-preview:-1"},"canonical":"https:\/\/formar.shop\/ro\/serviciile-noastre\/la-cheie\/","schema":{"@context":"https:\/\/schema.org","@graph":[{"@type":"WebPage","@id":"https:\/\/formar.shop\/ro\/serviciile-noastre\/la-cheie\/","url":"https:\/\/formar.shop\/ro\/serviciile-noastre\/la-cheie\/","name":"La cheie - Formar.shop","isPartOf":{"@id":"https:\/\/formar.shop\/ro\/#website"},"datePublished":"2025-01-18T14:41:05+00:00","dateModified":"2025-01-18T14:41:12+00:00","breadcrumb":{"@id":"https:\/\/formar.shop\/ro\/serviciile-noastre\/la-cheie\/#breadcrumb"},"inLanguage":"ro-RO","potentialAction":[{"@type":"ReadAction","target":["https:\/\/formar.shop\/ro\/serviciile-noastre\/la-cheie\/"]}]},{"@type":"BreadcrumbList","@id":"https:\/\/formar.shop\/ro\/serviciile-noastre\/la-cheie\/#breadcrumb","itemListElement":[{"@type":"ListItem","position":1,"name":"Home","item":"https:\/\/formar.shop\/ro\/proiect-automat\/"},{"@type":"ListItem","position":2,"name":"Serviciile noastre","item":"https:\/\/formar.shop\/ro\/serviciile-noastre\/"},{"@type":"ListItem","position":3,"name":"La cheie"}]},{"@type":"WebSite","@id":"https:\/\/formar.shop\/ro\/#website","url":"https:\/\/formar.shop\/ro\/","name":"Formar.shop","description":"Soluzioni espresse con stile","potentialAction":[{"@type":"SearchAction","target":{"@type":"EntryPoint","urlTemplate":"https:\/\/formar.shop\/ro\/?s={search_term_string}"},"query-input":{"@type":"PropertyValueSpecification","valueRequired":true,"valueName":"search_term_string"}}],"inLanguage":"ro-RO"}]}},"_links":{"self":[{"href":"https:\/\/formar.shop\/ro\/wp-json\/wp\/v2\/pages\/42110","targetHints":{"allow":["GET"]}}],"collection":[{"href":"https:\/\/formar.shop\/ro\/wp-json\/wp\/v2\/pages"}],"about":[{"href":"https:\/\/formar.shop\/ro\/wp-json\/wp\/v2\/types\/page"}],"author":[{"embeddable":true,"href":"https:\/\/formar.shop\/ro\/wp-json\/wp\/v2\/users\/5"}],"replies":[{"embeddable":true,"href":"https:\/\/formar.shop\/ro\/wp-json\/wp\/v2\/comments?post=42110"}],"version-history":[{"count":1,"href":"https:\/\/formar.shop\/ro\/wp-json\/wp\/v2\/pages\/42110\/revisions"}],"predecessor-version":[{"id":42111,"href":"https:\/\/formar.shop\/ro\/wp-json\/wp\/v2\/pages\/42110\/revisions\/42111"}],"up":[{"embeddable":true,"href":"https:\/\/formar.shop\/ro\/wp-json\/wp\/v2\/pages\/42127"}],"wp:attachment":[{"href":"https:\/\/formar.shop\/ro\/wp-json\/wp\/v2\/media?parent=42110"}],"curies":[{"name":"wp","href":"https:\/\/api.w.org\/{rel}","templated":true}]}}