{"id":26299,"date":"2020-12-20T16:28:30","date_gmt":"2023-02-06T17:49:33","guid":{"rendered":"https:\/\/formar.shop\/prodotto\/jardinera-03-jardinera-con-tres-estantes\/"},"modified":"2024-04-16T18:11:54","modified_gmt":"2024-04-16T16:11:54","slug":"jardinera-arbol-03-maceta-con-tres-tiers","status":"publish","type":"product","link":"https:\/\/formar.shop\/es\/prodotto\/jardinera-arbol-03-maceta-con-tres-tiers\/","title":{"rendered":"Jardinera &#8211; \u00c1rbol 03"},"content":{"rendered":"<div class=\"is-divider divider clearfix\" style=\"max-width:2000px;\"><\/div>\n<div class=\"slider-wrapper relative\" id=\"slider-1703459090\" >\n    <div class=\"slider slider-nav-circle slider-nav-large slider-nav-dark slider-style-normal\"\n        data-flickity-options='{\n            \"cellAlign\": \"center\",\n            \"imagesLoaded\": true,\n            \"lazyLoad\": 1,\n            \"freeScroll\": false,\n            \"wrapAround\": true,\n            \"autoPlay\": 6000,\n            \"pauseAutoPlayOnHover\" : true,\n            \"prevNextButtons\": true,\n            \"contain\" : true,\n            \"adaptiveHeight\" : true,\n            \"dragThreshold\" : 10,\n            \"percentPosition\": true,\n            \"pageDots\": true,\n            \"rightToLeft\": false,\n            \"draggable\": true,\n            \"selectedAttraction\": 0.1,\n            \"parallax\" : 0,\n            \"friction\": 0.6        }'\n        >\n        \n\t<div class=\"img has-hover x md-x lg-x y md-y lg-y\" id=\"image_192368123\">\n\t\t\t\t\t\t\t\t<div class=\"img-inner dark\" >\n\t\t\t<img loading=\"lazy\" decoding=\"async\" width=\"1001\" height=\"1001\" src=\"https:\/\/static.formar.net\/wp-content\/uploads\/2020\/12\/22145235\/Immagini-di-prodotto-x-Amazon-03.png\" class=\"attachment-large size-large\" alt=\"Portavasi Fioriera Bianco con 3 Ripiani\" \/>\t\t\t\t\t\t\n\t\t\t\t\t<\/div>\n\t\t\t\t\t\t\t\t\n<style>\n#image_192368123 {\n  width: 100%;\n}\n<\/style>\n\t<\/div>\n\t\n\t<div class=\"img has-hover x md-x lg-x y md-y lg-y\" id=\"image_883952819\">\n\t\t\t\t\t\t\t\t<div class=\"img-inner dark\" >\n\t\t\t<img loading=\"lazy\" decoding=\"async\" width=\"1001\" height=\"1001\" src=\"https:\/\/static.formar.net\/wp-content\/uploads\/2020\/12\/22145201\/Immagini-di-prodotto-x-Amazon-04.png\" class=\"attachment-large size-large\" alt=\"\" \/>\t\t\t\t\t\t\n\t\t\t\t\t<\/div>\n\t\t\t\t\t\t\t\t\n<style>\n#image_883952819 {\n  width: 100%;\n}\n<\/style>\n\t<\/div>\n\t\n\t<div class=\"img has-hover x md-x lg-x y md-y lg-y\" id=\"image_459544921\">\n\t\t\t\t\t\t\t\t<div class=\"img-inner dark\" >\n\t\t\t<img loading=\"lazy\" decoding=\"async\" width=\"1001\" height=\"1001\" src=\"https:\/\/static.formar.net\/wp-content\/uploads\/2020\/12\/22145117\/Immagini-di-prodotto-x-Amazon-01.png\" class=\"attachment-large size-large\" alt=\"\" \/>\t\t\t\t\t\t\n\t\t\t\t\t<\/div>\n\t\t\t\t\t\t\t\t\n<style>\n#image_459544921 {\n  width: 100%;\n}\n<\/style>\n\t<\/div>\n\t\n     <\/div>\n\n     <div class=\"loading-spin dark large centered\"><\/div>\n\n\t<\/div>\n\n\n<div class=\"is-divider divider clearfix\" style=\"max-width:2000px;\"><\/div>\n<h3>PLANTADOR &#8211; \u00c1RBOL 03<\/h3>\n<p>Haz que el rinc\u00f3n verde de tu casa, jard\u00edn, terraza o balc\u00f3n sea realmente \u00fanico con una jardinera de <strong>dise\u00f1o<\/strong>.<br \/>\nIdeal para decorar <strong>espacios exteriores<\/strong>, pero tambi\u00e9n <strong>interiores<\/strong>.<br \/>\nLa jardinera \u00c1rbol 03, dise\u00f1ada por Mario Mazzer, es perfecta para decorar tu casa, oficina, balc\u00f3n o jard\u00edn con flores y plantas.<br \/>\nLa estructura de metal pintado es blanca, mientras que los recipientes est\u00e1n disponibles en tres <strong>bonitas variantes de color<\/strong>, para satisfacer todos los gustos y necesidades. <\/p>\n<h3 class=\"av-special-heading-tag \">DISE\u00d1O PRODUCTO<\/h3>\n<p>Concebido y dise\u00f1ado por el dise\u00f1ador italiano Mario Mazzer, que se licenci\u00f3 en Arquitectura en el Polit\u00e9cnico de Mil\u00e1n en 1978 y se gradu\u00f3 en Dise\u00f1o Industrial en la Scuola Politecnica di Design de Mil\u00e1n en 1979.<br \/>\nAqu\u00ed se form\u00f3 en los a\u00f1os 70 trabajando con los maestros del dise\u00f1o italiano y en 1980 fund\u00f3 Mario Mazzer Arquitectos en Conegliano V\u00e9neto.<br \/>\nGanador de m\u00faltiples premios, recibi\u00f3 una menci\u00f3n honor\u00edfica en el ID Annual Design Review de Nueva York en 1996.<br \/>\nAl exponer su obra, ha contribuido en gran medida a promover la popularidad de los productos italianos en todo el mundo. <\/p>\n<h3 class=\"av-special-heading-tag \">MATERIAL DE CALIDAD<\/h3>\n<p>El armaz\u00f3n es de metal pintado de blanco, mientras que los recipientes son de polipropileno duradero de <strong>color blanco<\/strong>, <strong>gris<\/strong> o <strong>lima<\/strong> y tienen la base perforada para permitir que salga el exceso de agua.<\/p>\n<h3>IDEAL PARA DECORACI\u00d3N INTERIOR Y EXTERIOR<\/h3>\n<p>La florister\u00eda \u00c1rbol 03 es la elecci\u00f3n perfecta para decorar con gusto <strong>interiores<\/strong> y <strong>exteriores<\/strong>, y realza est\u00e9ticamente todas las estancias y contextos en los que se utiliza gracias a su dise\u00f1o <strong>limpio<\/strong> y <strong>elegante<\/strong>.<\/p>\n<h3 id=\"h-finiture-di-qualit-e-made-in-italy\">DIMENSIONES DEL PRODUCTO<\/h3>\n<p>El soporte de olla individual mide<br \/>\n&#8211; 16,6 cm de di\u00e1metro<br \/>\n&#8211; 26 cm de altura<br \/>\nLas dimensiones totales m\u00e1ximas de la maceta miden<br \/>\nAn 51,5 x Pr 48 x Al 91 cm<\/p>\n<h3>DISPONIBLE EN TRES VARIANTES DE COLOR<\/h3>\n\n\t<section class=\"section\" id=\"section_1629452523\">\n\t\t<div class=\"section-bg fill\" >\n\t\t\t\t\t\t\t\t\t\n\t\t\t\n\n\t\t<\/div>\n\n\t\t\n\n\t\t<div class=\"section-content relative\">\n\t\t\t\n<div class=\"row\"  id=\"row-1353073307\">\n\n\t<div id=\"col-1095964702\" class=\"col medium-4 small-6 large-4\"  >\n\t\t\t\t<div class=\"col-inner text-center\"  >\n\t\t\t\n\t\t\t\n\t<div class=\"img has-hover x md-x lg-x y md-y lg-y\" id=\"image_359247751\">\n\t\t<a class=\"\" href=\"https:\/\/formar.shop\/wp-content\/uploads\/2022\/10\/03_ROVERE_O.jpg\" >\t\t\t\t\t\t<div class=\"img-inner dark\" >\n\t\t\t\t\t\t\t\t\t\n\t\t\t\t\t<\/div>\n\t\t\t\t\t\t<\/a>\t\t\n<style>\n#image_359247751 {\n  width: 50%;\n}\n<\/style>\n\t<\/div>\n\t\n\t<div class=\"box has-hover   has-hover box-text-bottom\" >\n\n\t\t<div class=\"box-image\" >\n\t\t\t\t\t\t<div class=\"\" >\n\t\t\t\t<img loading=\"lazy\" decoding=\"async\" width=\"2560\" height=\"1707\" src=\"https:\/\/static.formar.net\/wp-content\/uploads\/sites\/1\/2022\/11\/02111044\/FP-01-per-web-1-scaled.jpg\" class=\"attachment- size-\" alt=\"\" srcset=\"https:\/\/static.formar.net\/wp-content\/uploads\/sites\/1\/2022\/11\/02111044\/FP-01-per-web-1-scaled.jpg 2560w, https:\/\/static.formar.net\/wp-content\/uploads\/sites\/1\/2022\/11\/02111044\/FP-01-per-web-1-300x200.jpg 300w, https:\/\/static.formar.net\/wp-content\/uploads\/sites\/1\/2022\/11\/02111044\/FP-01-per-web-1-1030x687.jpg 1030w, https:\/\/static.formar.net\/wp-content\/uploads\/sites\/1\/2022\/11\/02111044\/FP-01-per-web-1-768x512.jpg 768w, https:\/\/static.formar.net\/wp-content\/uploads\/sites\/1\/2022\/11\/02111044\/FP-01-per-web-1-1536x1024.jpg 1536w, https:\/\/static.formar.net\/wp-content\/uploads\/sites\/1\/2022\/11\/02111044\/FP-01-per-web-1-2048x1365.jpg 2048w, https:\/\/static.formar.net\/wp-content\/uploads\/sites\/1\/2022\/11\/02111044\/FP-01-per-web-1-510x340.jpg 510w, https:\/\/static.formar.net\/wp-content\/uploads\/sites\/1\/2022\/11\/02111044\/FP-01-per-web-1-1200x800.jpg 1200w, https:\/\/static.formar.net\/wp-content\/uploads\/sites\/1\/2022\/11\/02111044\/FP-01-per-web-1-600x400.jpg 600w\" sizes=\"auto, (max-width: 2560px) 100vw, 2560px\" \/>\t\t\t\t\t\t\t\t\t\t\t<\/div>\n\t\t\t\t\t<\/div>\n\n\t\t<div class=\"box-text text-center\" >\n\t\t\t<div class=\"box-text-inner\">\n\t\t\t\t\n\t<div id=\"text-1649502862\" class=\"text\">\n\t\t\n<p>Blanco<br \/>\n\t\t\n<style>\n#text-1649502862 {\n  font-size: 1.5rem;\n}\n<\/style>\n\t<\/div>\n\t\n\t\t\t<\/div>\n\t\t<\/div>\n\t<\/div>\n\t\n\t\t<\/div>\n\t\t\t\t\t<\/div>\n\n\t\n\n\t<div id=\"col-604309320\" class=\"col medium-4 small-6 large-4\"  >\n\t\t\t\t<div class=\"col-inner text-center\"  >\n\t\t\t\n\t\t\t\n\t<div class=\"img has-hover x md-x lg-x y md-y lg-y\" id=\"image_319468580\">\n\t\t<a class=\"\" href=\"https:\/\/formar.shop\/wp-content\/uploads\/2022\/10\/03_ROVERE_O.jpg\" >\t\t\t\t\t\t<div class=\"img-inner dark\" >\n\t\t\t\t\t\t\t\t\t\n\t\t\t\t\t<\/div>\n\t\t\t\t\t\t<\/a>\t\t\n<style>\n#image_319468580 {\n  width: 50%;\n}\n<\/style>\n\t<\/div>\n\t\n\t<div class=\"box has-hover   has-hover box-text-bottom\" >\n\n\t\t<div class=\"box-image\" >\n\t\t\t\t\t\t<div class=\"\" >\n\t\t\t\t<img loading=\"lazy\" decoding=\"async\" width=\"2560\" height=\"1707\" src=\"https:\/\/static.formar.net\/wp-content\/uploads\/sites\/1\/2022\/11\/02111042\/FP-01-2-per-web-scaled.jpg\" class=\"attachment- size-\" alt=\"\" srcset=\"https:\/\/static.formar.net\/wp-content\/uploads\/sites\/1\/2022\/11\/02111042\/FP-01-2-per-web-scaled.jpg 2560w, https:\/\/static.formar.net\/wp-content\/uploads\/sites\/1\/2022\/11\/02111042\/FP-01-2-per-web-300x200.jpg 300w, https:\/\/static.formar.net\/wp-content\/uploads\/sites\/1\/2022\/11\/02111042\/FP-01-2-per-web-1030x687.jpg 1030w, https:\/\/static.formar.net\/wp-content\/uploads\/sites\/1\/2022\/11\/02111042\/FP-01-2-per-web-768x512.jpg 768w, https:\/\/static.formar.net\/wp-content\/uploads\/sites\/1\/2022\/11\/02111042\/FP-01-2-per-web-1536x1024.jpg 1536w, https:\/\/static.formar.net\/wp-content\/uploads\/sites\/1\/2022\/11\/02111042\/FP-01-2-per-web-2048x1365.jpg 2048w, https:\/\/static.formar.net\/wp-content\/uploads\/sites\/1\/2022\/11\/02111042\/FP-01-2-per-web-510x340.jpg 510w, https:\/\/static.formar.net\/wp-content\/uploads\/sites\/1\/2022\/11\/02111042\/FP-01-2-per-web-1200x800.jpg 1200w, https:\/\/static.formar.net\/wp-content\/uploads\/sites\/1\/2022\/11\/02111042\/FP-01-2-per-web-600x400.jpg 600w\" sizes=\"auto, (max-width: 2560px) 100vw, 2560px\" \/>\t\t\t\t\t\t\t\t\t\t\t<\/div>\n\t\t\t\t\t<\/div>\n\n\t\t<div class=\"box-text text-center\" >\n\t\t\t<div class=\"box-text-inner\">\n\t\t\t\t\n\t<div id=\"text-151043859\" class=\"text\">\n\t\t\n<p>Cal<br \/>\n\t\t\n<style>\n#text-151043859 {\n  font-size: 1.5rem;\n}\n<\/style>\n\t<\/div>\n\t\n\t\t\t<\/div>\n\t\t<\/div>\n\t<\/div>\n\t\n\t\t<\/div>\n\t\t\t\t\t<\/div>\n\n\t\n\n\t<div id=\"col-522285862\" class=\"col medium-4 small-6 large-4\"  >\n\t\t\t\t<div class=\"col-inner text-center\"  >\n\t\t\t\n\t\t\t\n\t<div class=\"img has-hover x md-x lg-x y md-y lg-y\" id=\"image_1031940704\">\n\t\t<a class=\"\" href=\"https:\/\/formar.shop\/wp-content\/uploads\/2022\/10\/03_ROVERE_O.jpg\" >\t\t\t\t\t\t<div class=\"img-inner dark\" >\n\t\t\t\t\t\t\t\t\t\n\t\t\t\t\t<\/div>\n\t\t\t\t\t\t<\/a>\t\t\n<style>\n#image_1031940704 {\n  width: 50%;\n}\n<\/style>\n\t<\/div>\n\t\n\t<div class=\"box has-hover   has-hover box-text-bottom\" >\n\n\t\t<div class=\"box-image\" >\n\t\t\t\t\t\t<div class=\"\" >\n\t\t\t\t<img loading=\"lazy\" decoding=\"async\" width=\"2560\" height=\"1707\" src=\"https:\/\/static.formar.net\/wp-content\/uploads\/sites\/1\/2022\/11\/02111043\/FP-01-3-per-web-scaled.jpg\" class=\"attachment- size-\" alt=\"\" srcset=\"https:\/\/static.formar.net\/wp-content\/uploads\/sites\/1\/2022\/11\/02111043\/FP-01-3-per-web-scaled.jpg 2560w, https:\/\/static.formar.net\/wp-content\/uploads\/sites\/1\/2022\/11\/02111043\/FP-01-3-per-web-300x200.jpg 300w, https:\/\/static.formar.net\/wp-content\/uploads\/sites\/1\/2022\/11\/02111043\/FP-01-3-per-web-1030x687.jpg 1030w, https:\/\/static.formar.net\/wp-content\/uploads\/sites\/1\/2022\/11\/02111043\/FP-01-3-per-web-768x512.jpg 768w, https:\/\/static.formar.net\/wp-content\/uploads\/sites\/1\/2022\/11\/02111043\/FP-01-3-per-web-1536x1024.jpg 1536w, https:\/\/static.formar.net\/wp-content\/uploads\/sites\/1\/2022\/11\/02111043\/FP-01-3-per-web-2048x1365.jpg 2048w, https:\/\/static.formar.net\/wp-content\/uploads\/sites\/1\/2022\/11\/02111043\/FP-01-3-per-web-510x340.jpg 510w, https:\/\/static.formar.net\/wp-content\/uploads\/sites\/1\/2022\/11\/02111043\/FP-01-3-per-web-1200x800.jpg 1200w, https:\/\/static.formar.net\/wp-content\/uploads\/sites\/1\/2022\/11\/02111043\/FP-01-3-per-web-600x400.jpg 600w\" sizes=\"auto, (max-width: 2560px) 100vw, 2560px\" \/>\t\t\t\t\t\t\t\t\t\t\t<\/div>\n\t\t\t\t\t<\/div>\n\n\t\t<div class=\"box-text text-center\" >\n\t\t\t<div class=\"box-text-inner\">\n\t\t\t\t\n\t<div id=\"text-3913452672\" class=\"text\">\n\t\t\n<p>Gris<br \/>\n\t\t\n<style>\n#text-3913452672 {\n  font-size: 1.5rem;\n}\n<\/style>\n\t<\/div>\n\t\n\t\t\t<\/div>\n\t\t<\/div>\n\t<\/div>\n\t\n\t\t<\/div>\n\t\t\t\t\t<\/div>\n\n\t\n<\/div>\n\t\t<\/div>\n\n\t\t\n<style>\n#section_1629452523 {\n  padding-top: 30px;\n  padding-bottom: 30px;\n}\n<\/style>\n\t<\/section>\n\t\n<h3>CUIDADO Y MANTENIMIENTO:<\/h3>\n<p>El mantenimiento del producto es sencillo:<\/p>\n<ul>\n<li>para la pieza de polipropileno, es necesario limpiarla regularmente con un pa\u00f1o limpio o una esponja empapada en agua tibia, evitando tocar la superficie con objetos punzantes.<\/li>\n<li>para la parte met\u00e1lica, basta con limpiarla con un pa\u00f1o seco.<\/li>\n<\/ul>\n\n\t<section class=\"section\" id=\"section_788077389\">\n\t\t<div class=\"section-bg fill\" >\n\t\t\t\t\t\t\t\t\t\n\t\t\t\n\n\t\t<\/div>\n\n\t\t\n\n\t\t<div class=\"section-content relative\">\n\t\t\t\n<div class=\"is-divider divider clearfix\" style=\"max-width:1000px;\"><\/div>\n<div class=\"row row-solid\"  id=\"row-1807518\">\n\n\t<div id=\"col-1449574875\" class=\"col medium-3 small-12 large-3\"  >\n\t\t\t\t<div class=\"col-inner\"  >\n\t\t\t\n\t\t\t\n\n\t\t<div class=\"icon-box featured-box icon-box-center text-center\"  >\n\t\t\t\t\t<div class=\"icon-box-img\" style=\"width: 50px\">\n\t\t\t\t<div class=\"icon\">\n\t\t\t\t\t<div class=\"icon-inner\" >\n\t\t\t\t\t\t<img loading=\"lazy\" decoding=\"async\" width=\"128\" height=\"128\" src=\"https:\/\/static.formar.net\/wp-content\/uploads\/sites\/1\/2022\/10\/02111131\/2703076-128-1-1.png\" class=\"attachment-medium size-medium\" alt=\"\" srcset=\"https:\/\/static.formar.net\/wp-content\/uploads\/sites\/1\/2022\/10\/02111131\/2703076-128-1-1.png 128w, https:\/\/static.formar.net\/wp-content\/uploads\/sites\/1\/2022\/10\/02111131\/2703076-128-1-1-80x80.png 80w, https:\/\/static.formar.net\/wp-content\/uploads\/sites\/1\/2022\/10\/02111131\/2703076-128-1-1-100x100.png 100w, https:\/\/static.formar.net\/wp-content\/uploads\/sites\/1\/2022\/10\/02111131\/2703076-128-1-1-50x50.png 50w\" sizes=\"auto, (max-width: 128px) 100vw, 128px\" \/>\t\t\t\t\t<\/div>\n\t\t\t\t<\/div>\n\t\t\t<\/div>\n\t\t\t\t<div class=\"icon-box-text last-reset\">\n\t\t\t\t\t\t\t\t\t\n<h3>Servicio de atenci\u00f3n al cliente siempre disponible<\/h3>\n<p>Puedes contactar con nosotros por WhatsApp: <a href=\"https:\/\/api.whatsapp.com\/send\/?phone=390715906063&amp;text&amp;type=phone_number&amp;app_absent=0\">+39 071 5906063<\/a><br \/>\nPedidos por tel\u00e9fono: <a href=\"tel:+39800122267\">800 122 267<\/a><\/p>\n\t\t<\/div>\n\t<\/div>\n\t\n\t\n\t\t<\/div>\n\t\t\t\t\t<\/div>\n\n\t\n\n\t<div id=\"col-1315793076\" class=\"col medium-3 small-12 large-3\"  >\n\t\t\t\t<div class=\"col-inner\"  >\n\t\t\t\n\t\t\t\n\n\t\t<div class=\"icon-box featured-box icon-box-center text-center\"  >\n\t\t\t\t\t<div class=\"icon-box-img\" style=\"width: 50px\">\n\t\t\t\t<div class=\"icon\">\n\t\t\t\t\t<div class=\"icon-inner\" >\n\t\t\t\t\t\t<img loading=\"lazy\" decoding=\"async\" width=\"256\" height=\"256\" src=\"https:\/\/static.formar.net\/wp-content\/uploads\/sites\/1\/2022\/11\/02111117\/Icona-carta-di-credito.png\" class=\"attachment-medium size-medium\" alt=\"\" srcset=\"https:\/\/static.formar.net\/wp-content\/uploads\/sites\/1\/2022\/11\/02111117\/Icona-carta-di-credito.png 256w, https:\/\/static.formar.net\/wp-content\/uploads\/sites\/1\/2022\/11\/02111117\/Icona-carta-di-credito-80x80.png 80w, https:\/\/static.formar.net\/wp-content\/uploads\/sites\/1\/2022\/11\/02111117\/Icona-carta-di-credito-100x100.png 100w, https:\/\/static.formar.net\/wp-content\/uploads\/sites\/1\/2022\/11\/02111117\/Icona-carta-di-credito-50x50.png 50w\" sizes=\"auto, (max-width: 256px) 100vw, 256px\" \/>\t\t\t\t\t<\/div>\n\t\t\t\t<\/div>\n\t\t\t<\/div>\n\t\t\t\t<div class=\"icon-box-text last-reset\">\n\t\t\t\t\t\t\t\t\t\n<h3>Elija la forma de pago<\/h3>\n<p>Pago mediante Paypal, tarjeta de cr\u00e9dito, efectivo o Bancomat (in situ) y contra reembolso<\/p>\n\t\t<\/div>\n\t<\/div>\n\t\n\t\n\t\t<\/div>\n\t\t\t\t\t<\/div>\n\n\t\n\n\t<div id=\"col-602757163\" class=\"col medium-3 small-12 large-3\"  >\n\t\t\t\t<div class=\"col-inner\"  >\n\t\t\t\n\t\t\t\n\n\t\t<div class=\"icon-box featured-box icon-box-center text-center\"  >\n\t\t\t\t\t<div class=\"icon-box-img\" style=\"width: 50px\">\n\t\t\t\t<div class=\"icon\">\n\t\t\t\t\t<div class=\"icon-inner\" >\n\t\t\t\t\t\t<img loading=\"lazy\" decoding=\"async\" width=\"128\" height=\"128\" src=\"https:\/\/static.formar.net\/wp-content\/uploads\/sites\/1\/2022\/10\/02111130\/3669335-128-1.png\" class=\"attachment-medium size-medium\" alt=\"\" srcset=\"https:\/\/static.formar.net\/wp-content\/uploads\/sites\/1\/2022\/10\/02111130\/3669335-128-1.png 128w, https:\/\/static.formar.net\/wp-content\/uploads\/sites\/1\/2022\/10\/02111130\/3669335-128-1-80x80.png 80w, https:\/\/static.formar.net\/wp-content\/uploads\/sites\/1\/2022\/10\/02111130\/3669335-128-1-100x100.png 100w, https:\/\/static.formar.net\/wp-content\/uploads\/sites\/1\/2022\/10\/02111130\/3669335-128-1-50x50.png 50w\" sizes=\"auto, (max-width: 128px) 100vw, 128px\" \/>\t\t\t\t\t<\/div>\n\t\t\t\t<\/div>\n\t\t\t<\/div>\n\t\t\t\t<div class=\"icon-box-text last-reset\">\n\t\t\t\t\t\t\t\t\t\n<h3>Devoluci\u00f3n f\u00e1cil y sin preocupaciones<\/h3>\n<p>En caso de problemas, organizamos la recogida directamente en su domicilio.<a href=\"https:\/\/formar.shop\/es\/normas-de-devolucion\/\">(M\u00e1s detalles<\/a>).<\/p>\n\t\t<\/div>\n\t<\/div>\n\t\n\t\n\t\t<\/div>\n\t\t\t\t\t<\/div>\n\n\t\n\n\t<div id=\"col-918489991\" class=\"col medium-3 small-12 large-3\"  >\n\t\t\t\t<div class=\"col-inner\"  >\n\t\t\t\n\t\t\t\n\n\t\t<div class=\"icon-box featured-box icon-box-center text-center\"  >\n\t\t\t\t\t<div class=\"icon-box-img\" style=\"width: 50px\">\n\t\t\t\t<div class=\"icon\">\n\t\t\t\t\t<div class=\"icon-inner\" >\n\t\t\t\t\t\t<img loading=\"lazy\" decoding=\"async\" width=\"128\" height=\"128\" src=\"https:\/\/static.formar.net\/wp-content\/uploads\/sites\/1\/2022\/10\/02111130\/5959201-128-1.png\" class=\"attachment-medium size-medium\" alt=\"\" srcset=\"https:\/\/static.formar.net\/wp-content\/uploads\/sites\/1\/2022\/10\/02111130\/5959201-128-1.png 128w, https:\/\/static.formar.net\/wp-content\/uploads\/sites\/1\/2022\/10\/02111130\/5959201-128-1-80x80.png 80w, https:\/\/static.formar.net\/wp-content\/uploads\/sites\/1\/2022\/10\/02111130\/5959201-128-1-100x100.png 100w, https:\/\/static.formar.net\/wp-content\/uploads\/sites\/1\/2022\/10\/02111130\/5959201-128-1-50x50.png 50w\" sizes=\"auto, (max-width: 128px) 100vw, 128px\" \/>\t\t\t\t\t<\/div>\n\t\t\t\t<\/div>\n\t\t\t<\/div>\n\t\t\t\t<div class=\"icon-box-text last-reset\">\n\t\t\t\t\t\t\t\t\t\n<h3>Garant\u00eda del fabricante y piezas de repuesto<\/h3>\n<p>Todos nuestros productos tienen nuestra garant\u00eda.<br \/>\nPara muchos productos garantizamos las piezas de repuesto durante el mismo periodo.<\/p>\n\t\t<\/div>\n\t<\/div>\n\t\n\t\n\t\t<\/div>\n\t\t\t\t\t<\/div>\n\n\t\n\n<style>\n#row-1807518 > .col > .col-inner {\n  padding: 20px 20px 20px 20px;\n}\n<\/style>\n<\/div>\n\t\t<\/div>\n\n\t\t\n<style>\n#section_788077389 {\n  padding-top: 30px;\n  padding-bottom: 30px;\n}\n<\/style>\n\t<\/section>\n\t\n\n\t<section class=\"section\" id=\"section_1949945863\">\n\t\t<div class=\"section-bg fill\" >\n\t\t\t\t\t\t\t\t\t\n\t\t\t\n\n\t\t<\/div>\n\n\t\t\n\n\t\t<div class=\"section-content relative\">\n\t\t\t\n\t\t<\/div>\n\n\t\t\n<style>\n#section_1949945863 {\n  padding-top: 30px;\n  padding-bottom: 30px;\n}\n<\/style>\n\t<\/section>\n\t\n","protected":false},"excerpt":{"rendered":"<p>Concebida y dise\u00f1ada por el dise\u00f1ador italiano MARIO MAZZER, la Jardinera \u00c1rbol 03 consta de una estructura met\u00e1lica pintada de blanco y tres recipientes de polipropileno disponibles en tres colores: blanco, gris y lima.<br \/>\nLa base perforada facilita la salida del exceso de agua y, gracias a las instrucciones del paquete, el montaje es r\u00e1pido y sencillo. <\/p>\n","protected":false},"featured_media":13461,"template":"","meta":{"_joinchat":[]},"product_brand":[],"product_cat":[994,1026],"product_tag":[1027],"class_list":{"0":"post-26299","1":"product","2":"type-product","3":"status-publish","4":"has-post-thumbnail","6":"product_cat-inicio","7":"product_cat-jardineras","8":"product_tag-jarron","10":"first","11":"instock","12":"taxable","13":"shipping-taxable","14":"purchasable","15":"product-type-variable"},"yoast_head":"<!-- This site is optimized with the Yoast SEO plugin v27.5 - https:\/\/yoast.com\/product\/yoast-seo-wordpress\/ -->\n<title>Jardinera - \u00c1rbol 03 - Formar.shop<\/title>\n<meta name=\"robots\" content=\"index, follow, max-snippet:-1, max-image-preview:large, max-video-preview:-1\" \/>\n<link rel=\"canonical\" href=\"https:\/\/formar.shop\/es\/prodotto\/jardinera-arbol-03-maceta-con-tres-tiers\/\" \/>\n<script type=\"application\/ld+json\" class=\"yoast-schema-graph\">{\"@context\":\"https:\\\/\\\/schema.org\",\"@graph\":[{\"@type\":\"WebPage\",\"@id\":\"https:\\\/\\\/formar.shop\\\/es\\\/prodotto\\\/jardinera-arbol-03-maceta-con-tres-tiers\\\/\",\"url\":\"https:\\\/\\\/formar.shop\\\/es\\\/prodotto\\\/jardinera-arbol-03-maceta-con-tres-tiers\\\/\",\"name\":\"Jardinera - \u00c1rbol 03 - Formar.shop\",\"isPartOf\":{\"@id\":\"https:\\\/\\\/formar.shop\\\/es\\\/#website\"},\"primaryImageOfPage\":{\"@id\":\"https:\\\/\\\/formar.shop\\\/es\\\/prodotto\\\/jardinera-arbol-03-maceta-con-tres-tiers\\\/#primaryimage\"},\"image\":{\"@id\":\"https:\\\/\\\/formar.shop\\\/es\\\/prodotto\\\/jardinera-arbol-03-maceta-con-tres-tiers\\\/#primaryimage\"},\"thumbnailUrl\":\"https:\\\/\\\/static.formar.net\\\/wp-content\\\/uploads\\\/2020\\\/12\\\/22160928\\\/Immagini-di-prodotto-x-Amazon-01-1.png\",\"datePublished\":\"2023-02-06T17:49:33+00:00\",\"dateModified\":\"2024-04-16T16:11:54+00:00\",\"breadcrumb\":{\"@id\":\"https:\\\/\\\/formar.shop\\\/es\\\/prodotto\\\/jardinera-arbol-03-maceta-con-tres-tiers\\\/#breadcrumb\"},\"inLanguage\":\"es-ES\",\"potentialAction\":[{\"@type\":\"ReadAction\",\"target\":[\"https:\\\/\\\/formar.shop\\\/es\\\/prodotto\\\/jardinera-arbol-03-maceta-con-tres-tiers\\\/\"]}]},{\"@type\":\"ImageObject\",\"inLanguage\":\"es-ES\",\"@id\":\"https:\\\/\\\/formar.shop\\\/es\\\/prodotto\\\/jardinera-arbol-03-maceta-con-tres-tiers\\\/#primaryimage\",\"url\":\"https:\\\/\\\/static.formar.net\\\/wp-content\\\/uploads\\\/2020\\\/12\\\/22160928\\\/Immagini-di-prodotto-x-Amazon-01-1.png\",\"contentUrl\":\"https:\\\/\\\/static.formar.net\\\/wp-content\\\/uploads\\\/2020\\\/12\\\/22160928\\\/Immagini-di-prodotto-x-Amazon-01-1.png\",\"width\":1001,\"height\":1001},{\"@type\":\"BreadcrumbList\",\"@id\":\"https:\\\/\\\/formar.shop\\\/es\\\/prodotto\\\/jardinera-arbol-03-maceta-con-tres-tiers\\\/#breadcrumb\",\"itemListElement\":[{\"@type\":\"ListItem\",\"position\":1,\"name\":\"Home\",\"item\":\"https:\\\/\\\/formar.shop\\\/es\\\/auto-draft\\\/\"},{\"@type\":\"ListItem\",\"position\":2,\"name\":\"Tienda\",\"item\":\"https:\\\/\\\/es.formar.shop\\\/tienda\\\/\"},{\"@type\":\"ListItem\",\"position\":3,\"name\":\"Jardinera &#8211; \u00c1rbol 03\"}]},{\"@type\":\"WebSite\",\"@id\":\"https:\\\/\\\/formar.shop\\\/es\\\/#website\",\"url\":\"https:\\\/\\\/formar.shop\\\/es\\\/\",\"name\":\"Formar.shop\",\"description\":\"Soluzioni espresse con stile\",\"potentialAction\":[{\"@type\":\"SearchAction\",\"target\":{\"@type\":\"EntryPoint\",\"urlTemplate\":\"https:\\\/\\\/formar.shop\\\/es\\\/?s={search_term_string}\"},\"query-input\":{\"@type\":\"PropertyValueSpecification\",\"valueRequired\":true,\"valueName\":\"search_term_string\"}}],\"inLanguage\":\"es-ES\"}]}<\/script>\n<!-- \/ Yoast SEO plugin. -->","yoast_head_json":{"title":"Jardinera - \u00c1rbol 03 - Formar.shop","robots":{"index":"index","follow":"follow","max-snippet":"max-snippet:-1","max-image-preview":"max-image-preview:large","max-video-preview":"max-video-preview:-1"},"canonical":"https:\/\/formar.shop\/es\/prodotto\/jardinera-arbol-03-maceta-con-tres-tiers\/","schema":{"@context":"https:\/\/schema.org","@graph":[{"@type":"WebPage","@id":"https:\/\/formar.shop\/es\/prodotto\/jardinera-arbol-03-maceta-con-tres-tiers\/","url":"https:\/\/formar.shop\/es\/prodotto\/jardinera-arbol-03-maceta-con-tres-tiers\/","name":"Jardinera - \u00c1rbol 03 - Formar.shop","isPartOf":{"@id":"https:\/\/formar.shop\/es\/#website"},"primaryImageOfPage":{"@id":"https:\/\/formar.shop\/es\/prodotto\/jardinera-arbol-03-maceta-con-tres-tiers\/#primaryimage"},"image":{"@id":"https:\/\/formar.shop\/es\/prodotto\/jardinera-arbol-03-maceta-con-tres-tiers\/#primaryimage"},"thumbnailUrl":"https:\/\/static.formar.net\/wp-content\/uploads\/2020\/12\/22160928\/Immagini-di-prodotto-x-Amazon-01-1.png","datePublished":"2023-02-06T17:49:33+00:00","dateModified":"2024-04-16T16:11:54+00:00","breadcrumb":{"@id":"https:\/\/formar.shop\/es\/prodotto\/jardinera-arbol-03-maceta-con-tres-tiers\/#breadcrumb"},"inLanguage":"es-ES","potentialAction":[{"@type":"ReadAction","target":["https:\/\/formar.shop\/es\/prodotto\/jardinera-arbol-03-maceta-con-tres-tiers\/"]}]},{"@type":"ImageObject","inLanguage":"es-ES","@id":"https:\/\/formar.shop\/es\/prodotto\/jardinera-arbol-03-maceta-con-tres-tiers\/#primaryimage","url":"https:\/\/static.formar.net\/wp-content\/uploads\/2020\/12\/22160928\/Immagini-di-prodotto-x-Amazon-01-1.png","contentUrl":"https:\/\/static.formar.net\/wp-content\/uploads\/2020\/12\/22160928\/Immagini-di-prodotto-x-Amazon-01-1.png","width":1001,"height":1001},{"@type":"BreadcrumbList","@id":"https:\/\/formar.shop\/es\/prodotto\/jardinera-arbol-03-maceta-con-tres-tiers\/#breadcrumb","itemListElement":[{"@type":"ListItem","position":1,"name":"Home","item":"https:\/\/formar.shop\/es\/auto-draft\/"},{"@type":"ListItem","position":2,"name":"Tienda","item":"https:\/\/es.formar.shop\/tienda\/"},{"@type":"ListItem","position":3,"name":"Jardinera &#8211; \u00c1rbol 03"}]},{"@type":"WebSite","@id":"https:\/\/formar.shop\/es\/#website","url":"https:\/\/formar.shop\/es\/","name":"Formar.shop","description":"Soluzioni espresse con stile","potentialAction":[{"@type":"SearchAction","target":{"@type":"EntryPoint","urlTemplate":"https:\/\/formar.shop\/es\/?s={search_term_string}"},"query-input":{"@type":"PropertyValueSpecification","valueRequired":true,"valueName":"search_term_string"}}],"inLanguage":"es-ES"}]}},"_links":{"self":[{"href":"https:\/\/formar.shop\/es\/wp-json\/wp\/v2\/product\/26299","targetHints":{"allow":["GET"]}}],"collection":[{"href":"https:\/\/formar.shop\/es\/wp-json\/wp\/v2\/product"}],"about":[{"href":"https:\/\/formar.shop\/es\/wp-json\/wp\/v2\/types\/product"}],"wp:featuredmedia":[{"embeddable":true,"href":"https:\/\/formar.shop\/es\/wp-json\/wp\/v2\/media\/13461"}],"wp:attachment":[{"href":"https:\/\/formar.shop\/es\/wp-json\/wp\/v2\/media?parent=26299"}],"wp:term":[{"taxonomy":"product_brand","embeddable":true,"href":"https:\/\/formar.shop\/es\/wp-json\/wp\/v2\/product_brand?post=26299"},{"taxonomy":"product_cat","embeddable":true,"href":"https:\/\/formar.shop\/es\/wp-json\/wp\/v2\/product_cat?post=26299"},{"taxonomy":"product_tag","embeddable":true,"href":"https:\/\/formar.shop\/es\/wp-json\/wp\/v2\/product_tag?post=26299"}],"curies":[{"name":"wp","href":"https:\/\/api.w.org\/{rel}","templated":true}]}}