{"id":26429,"date":"2023-02-06T20:08:28","date_gmt":"2023-02-06T19:08:28","guid":{"rendered":"https:\/\/formar.shop\/gastos-y-formas-de-envio\/"},"modified":"2024-04-16T17:22:37","modified_gmt":"2024-04-16T15:22:37","slug":"gastos-y-formas-de-envio","status":"publish","type":"page","link":"https:\/\/formar.shop\/es\/gastos-y-formas-de-envio\/","title":{"rendered":"GASTOS Y FORMAS DE ENV\u00cdO"},"content":{"rendered":"\n  <div class=\"banner has-hover\" id=\"banner-200310627\">\n          <div class=\"banner-inner fill\">\n        <div class=\"banner-bg fill\" >\n                                                \n                    <\/div>\n\t\t\n        <div class=\"banner-layers container\">\n            <div class=\"fill banner-link\"><\/div>            \n   <div id=\"text-box-466007804\" class=\"text-box banner-layer x50 md-x50 lg-x50 y50 md-y50 lg-y50 res-text\">\n                     <div data-animate=\"flipInY\">           <div class=\"text-box-content text dark\">\n              \n              <div class=\"text-inner text-center\">\n                  \n<h3 style=\"text-align: center;\"><strong><span style=\"font-size: 115%; color: #000000;\"><em>I costi di spedizioni sono sempre gratuiti e inclusi per ogni tuo acquisto !<\/em><\/span><\/strong><\/h3>\n<div class=\"is-divider divider clearfix\" ><\/div>\n\t<div id=\"text-3076504650\" class=\"text\">\n\t\t\n<h1 class=\"h-large uppercase\"><strong><span style=\"font-size: 180%;\">GASTOS DE ENV\u00cdO CERO<\/span><\/strong><\/h1>\n\t\t\n<style>\n#text-3076504650 {\n  font-size: 0.8rem;\n  line-height: 2.05;\n  color: rgb(0,0,0);\n}\n#text-3076504650 > * {\n  color: rgb(0,0,0);\n}\n<\/style>\n\t<\/div>\n\t\n              <\/div>\n           <\/div>\n       <\/div>                     \n<style>\n#text-box-466007804 {\n  width: 67%;\n}\n#text-box-466007804 .text-box-content {\n  font-size: 100%;\n}\n<\/style>\n    <\/div>\n \n        <\/div>\n      <\/div>\n\n            \n<style>\n#banner-200310627 {\n  padding-top: 400px;\n}\n<\/style>\n  <\/div>\n\n\n<h4><span style=\"font-size: 110%;\"><strong><span style=\"font-size: 140%; color: #50b848;\"><span style=\"color: #808080;\">INSCRIPCI\u00d3N<\/span>  <\/span>    <\/strong><\/span><\/h4>\n<p>Tras el registro, que requiere unos sencillos pasos, el nuevo cliente dispone de un panel de control interno, donde puede introducir su direcci\u00f3n de env\u00edo, lo que permite al sistema mantenerla almacenada para agilizar la siguiente compra, y gestionar la cesta de la compra y la opci\u00f3n de comparaci\u00f3n de productos.<br \/>Elige el producto, la talla y el color que desees y, tras seleccionar la cantidad deseada, a\u00f1\u00e1delo a la cesta de la compra.<br \/>\nCuando quieras proceder a la compra, entra en la cesta de la compra, iniciando sesi\u00f3n primero si est\u00e1s registrado, y procede con el pedido.<br \/>\nPuedes cambiar o eliminar los productos elegidos de la cesta de la compra en cualquier momento.  <\/p>\n<h4><strong><span style=\"font-size: 110%;\"><span style=\"color: #808080;\"><span style=\"font-size: 140%;\">PEDIR<\/span> <\/span>                        <\/span><\/strong><\/h4>\n<p style=\"text-align: left;\">Una vez que hayas seleccionado todos los productos a comprar, procede con el pedido.<br \/>\nSi tienes una cuenta actualizada con datos y direcci\u00f3n de env\u00edo, el proceso de compra ser\u00e1 m\u00e1s r\u00e1pido.<br \/>\nEn caso contrario, introduce los datos necesarios y procede con el pedido.  <br \/>El pedido s\u00f3lo se tramitar\u00e1 una vez recibido el pago del producto, en funci\u00f3n del m\u00e9todo de pago elegido.<\/p>\n<\/p>\n<h2 style=\"text-align: center;\"><span style=\"color: #808080;\"><strong>Nuestros socios de env\u00edo:<\/strong><\/span><\/h2>\n<\/p>\n<p><img loading=\"lazy\" decoding=\"async\" class=\"aligncenter wp-image-12578\" src=\"https:\/\/static.formar.net\/wp-content\/uploads\/2022\/05\/20173631\/brt.jpg\" alt=\"\" width=\"300\" height=\"163\" data-wp-pid=\"12578\"><\/p>\n<\/p>\n<p style=\"text-align: center;\"><img loading=\"lazy\" decoding=\"async\" class=\"\" src=\"https:\/\/s3-eu-west-1.amazonaws.com\/tpd\/logos\/5ea7e22c7a4aa40001deb02c\/0x0.png\" alt=\"Grupo FERCAM | Lee las opiniones de servicio de fercam.com\" width=\"303\" height=\"313\"><\/p>\n<\/p>\n<p style=\"text-align: center;\"><span style=\"color: #000000;\"><br \/>\n  <strong><br \/>\n    <em>La elecci\u00f3n del transportista la realiza autom\u00e1ticamente nuestro sistema, <\/em><br \/>\n  <\/strong><br \/>\n<\/span><strong><br \/>\n  <em><br \/>\n    <span style=\"color: #000000;\">\u00a1para garantizar la m\u00e1xima velocidad de entrega!<\/span><br \/>\n  <\/em><br \/>\n<\/strong><\/p>\n<\/p>\n<p style=\"text-align: center;\">Nuestro Servicio de Atenci\u00f3n al Cliente est\u00e1 a su disposici\u00f3n.<br \/>No dude en ponerse en contacto con nosotros para solicitar informaci\u00f3n o presupuesto.<br \/>Nuestros profesionales responder\u00e1n a sus preguntas sobre nuestros servicios.<\/p>\n<a href=\"https:\/\/formar.shop\/es\/contacto\/\" class=\"button primary box-shadow-1 lowercase expand\" style=\"border-radius:10px;\">\n\t\t<span>Cont\u00e1ctenos !<\/span>\n\t<\/a>\n\n","protected":false},"excerpt":{"rendered":"<p>INSCRIPCI\u00d3N Tras el registro, que requiere unos sencillos pasos, el nuevo cliente dispone de un panel de control interno, donde puede introducir su direcci\u00f3n de env\u00edo, lo que permite al sistema mantenerla almacenada para agilizar la siguiente compra, y gestionar la cesta de la compra y la opci\u00f3n de comparaci\u00f3n de productos.Elige el producto, la [&#8230;]\n","protected":false},"author":175,"featured_media":0,"parent":0,"menu_order":0,"comment_status":"closed","ping_status":"closed","template":"","meta":{"_joinchat":[],"footnotes":""},"class_list":["post-26429","page","type-page","status-publish","hentry"],"yoast_head":"<!-- This site is optimized with the Yoast SEO plugin v27.5 - https:\/\/yoast.com\/product\/yoast-seo-wordpress\/ -->\n<title>GASTOS Y FORMAS DE ENV\u00cdO - Formar.shop<\/title>\n<meta name=\"robots\" content=\"index, follow, max-snippet:-1, max-image-preview:large, max-video-preview:-1\" \/>\n<link rel=\"canonical\" href=\"https:\/\/formar.shop\/es\/gastos-y-formas-de-envio\/\" \/>\n<script type=\"application\/ld+json\" class=\"yoast-schema-graph\">{\"@context\":\"https:\\\/\\\/schema.org\",\"@graph\":[{\"@type\":\"WebPage\",\"@id\":\"https:\\\/\\\/formar.shop\\\/es\\\/gastos-y-formas-de-envio\\\/\",\"url\":\"https:\\\/\\\/formar.shop\\\/es\\\/gastos-y-formas-de-envio\\\/\",\"name\":\"GASTOS Y FORMAS DE ENV\u00cdO - Formar.shop\",\"isPartOf\":{\"@id\":\"https:\\\/\\\/formar.shop\\\/es\\\/#website\"},\"primaryImageOfPage\":{\"@id\":\"https:\\\/\\\/formar.shop\\\/es\\\/gastos-y-formas-de-envio\\\/#primaryimage\"},\"image\":{\"@id\":\"https:\\\/\\\/formar.shop\\\/es\\\/gastos-y-formas-de-envio\\\/#primaryimage\"},\"thumbnailUrl\":\"https:\\\/\\\/formar.shop\\\/wp-content\\\/uploads\\\/sites\\\/1\\\/2022\\\/05\\\/brt.jpg\",\"datePublished\":\"2023-02-06T19:08:28+00:00\",\"dateModified\":\"2024-04-16T15:22:37+00:00\",\"breadcrumb\":{\"@id\":\"https:\\\/\\\/formar.shop\\\/es\\\/gastos-y-formas-de-envio\\\/#breadcrumb\"},\"inLanguage\":\"es-ES\",\"potentialAction\":[{\"@type\":\"ReadAction\",\"target\":[\"https:\\\/\\\/formar.shop\\\/es\\\/gastos-y-formas-de-envio\\\/\"]}]},{\"@type\":\"ImageObject\",\"inLanguage\":\"es-ES\",\"@id\":\"https:\\\/\\\/formar.shop\\\/es\\\/gastos-y-formas-de-envio\\\/#primaryimage\",\"url\":\"https:\\\/\\\/formar.shop\\\/wp-content\\\/uploads\\\/sites\\\/1\\\/2022\\\/05\\\/brt.jpg\",\"contentUrl\":\"https:\\\/\\\/formar.shop\\\/wp-content\\\/uploads\\\/sites\\\/1\\\/2022\\\/05\\\/brt.jpg\"},{\"@type\":\"BreadcrumbList\",\"@id\":\"https:\\\/\\\/formar.shop\\\/es\\\/gastos-y-formas-de-envio\\\/#breadcrumb\",\"itemListElement\":[{\"@type\":\"ListItem\",\"position\":1,\"name\":\"Home\",\"item\":\"https:\\\/\\\/formar.shop\\\/es\\\/auto-draft\\\/\"},{\"@type\":\"ListItem\",\"position\":2,\"name\":\"GASTOS Y FORMAS DE ENV\u00cdO\"}]},{\"@type\":\"WebSite\",\"@id\":\"https:\\\/\\\/formar.shop\\\/es\\\/#website\",\"url\":\"https:\\\/\\\/formar.shop\\\/es\\\/\",\"name\":\"Formar.shop\",\"description\":\"Soluzioni espresse con stile\",\"potentialAction\":[{\"@type\":\"SearchAction\",\"target\":{\"@type\":\"EntryPoint\",\"urlTemplate\":\"https:\\\/\\\/formar.shop\\\/es\\\/?s={search_term_string}\"},\"query-input\":{\"@type\":\"PropertyValueSpecification\",\"valueRequired\":true,\"valueName\":\"search_term_string\"}}],\"inLanguage\":\"es-ES\"}]}<\/script>\n<!-- \/ Yoast SEO plugin. -->","yoast_head_json":{"title":"GASTOS Y FORMAS DE ENV\u00cdO - Formar.shop","robots":{"index":"index","follow":"follow","max-snippet":"max-snippet:-1","max-image-preview":"max-image-preview:large","max-video-preview":"max-video-preview:-1"},"canonical":"https:\/\/formar.shop\/es\/gastos-y-formas-de-envio\/","schema":{"@context":"https:\/\/schema.org","@graph":[{"@type":"WebPage","@id":"https:\/\/formar.shop\/es\/gastos-y-formas-de-envio\/","url":"https:\/\/formar.shop\/es\/gastos-y-formas-de-envio\/","name":"GASTOS Y FORMAS DE ENV\u00cdO - Formar.shop","isPartOf":{"@id":"https:\/\/formar.shop\/es\/#website"},"primaryImageOfPage":{"@id":"https:\/\/formar.shop\/es\/gastos-y-formas-de-envio\/#primaryimage"},"image":{"@id":"https:\/\/formar.shop\/es\/gastos-y-formas-de-envio\/#primaryimage"},"thumbnailUrl":"https:\/\/formar.shop\/wp-content\/uploads\/sites\/1\/2022\/05\/brt.jpg","datePublished":"2023-02-06T19:08:28+00:00","dateModified":"2024-04-16T15:22:37+00:00","breadcrumb":{"@id":"https:\/\/formar.shop\/es\/gastos-y-formas-de-envio\/#breadcrumb"},"inLanguage":"es-ES","potentialAction":[{"@type":"ReadAction","target":["https:\/\/formar.shop\/es\/gastos-y-formas-de-envio\/"]}]},{"@type":"ImageObject","inLanguage":"es-ES","@id":"https:\/\/formar.shop\/es\/gastos-y-formas-de-envio\/#primaryimage","url":"https:\/\/formar.shop\/wp-content\/uploads\/sites\/1\/2022\/05\/brt.jpg","contentUrl":"https:\/\/formar.shop\/wp-content\/uploads\/sites\/1\/2022\/05\/brt.jpg"},{"@type":"BreadcrumbList","@id":"https:\/\/formar.shop\/es\/gastos-y-formas-de-envio\/#breadcrumb","itemListElement":[{"@type":"ListItem","position":1,"name":"Home","item":"https:\/\/formar.shop\/es\/auto-draft\/"},{"@type":"ListItem","position":2,"name":"GASTOS Y FORMAS DE ENV\u00cdO"}]},{"@type":"WebSite","@id":"https:\/\/formar.shop\/es\/#website","url":"https:\/\/formar.shop\/es\/","name":"Formar.shop","description":"Soluzioni espresse con stile","potentialAction":[{"@type":"SearchAction","target":{"@type":"EntryPoint","urlTemplate":"https:\/\/formar.shop\/es\/?s={search_term_string}"},"query-input":{"@type":"PropertyValueSpecification","valueRequired":true,"valueName":"search_term_string"}}],"inLanguage":"es-ES"}]}},"_links":{"self":[{"href":"https:\/\/formar.shop\/es\/wp-json\/wp\/v2\/pages\/26429","targetHints":{"allow":["GET"]}}],"collection":[{"href":"https:\/\/formar.shop\/es\/wp-json\/wp\/v2\/pages"}],"about":[{"href":"https:\/\/formar.shop\/es\/wp-json\/wp\/v2\/types\/page"}],"author":[{"embeddable":true,"href":"https:\/\/formar.shop\/es\/wp-json\/wp\/v2\/users\/175"}],"replies":[{"embeddable":true,"href":"https:\/\/formar.shop\/es\/wp-json\/wp\/v2\/comments?post=26429"}],"version-history":[{"count":3,"href":"https:\/\/formar.shop\/es\/wp-json\/wp\/v2\/pages\/26429\/revisions"}],"predecessor-version":[{"id":36534,"href":"https:\/\/formar.shop\/es\/wp-json\/wp\/v2\/pages\/26429\/revisions\/36534"}],"wp:attachment":[{"href":"https:\/\/formar.shop\/es\/wp-json\/wp\/v2\/media?parent=26429"}],"curies":[{"name":"wp","href":"https:\/\/api.w.org\/{rel}","templated":true}]}}