{"id":44591,"date":"2022-02-11T20:10:31","date_gmt":"2025-01-18T20:25:19","guid":{"rendered":"https:\/\/formar.shop\/prodotto\/ergonomisk-kontorstol-komfortabel\/"},"modified":"2025-11-25T10:57:27","modified_gmt":"2025-11-25T09:57:27","slug":"ergonomisk-kontorstol-komfortabel","status":"publish","type":"product","link":"https:\/\/formar.shop\/da\/prodotto\/ergonomisk-kontorstol-komfortabel\/","title":{"rendered":"Ergonomisk kontorstol &#8211; Komfortabel"},"content":{"rendered":"\n\t<section class=\"section dark\" id=\"section_1799214208\">\n\t\t<div class=\"section-bg fill\" >\n\t\t\t\t\t\t\t\t\t\n\t\t\t\n\n\t\t<\/div>\n\n\t\t\n\n\t\t<div class=\"section-content relative\">\n\t\t\t\n<div class=\"row row-solid\"  id=\"row-696663686\">\n\n\t<div id=\"col-1162262744\" class=\"col medium-12 small-12 large-12\"  >\n\t\t\t\t<div class=\"col-inner text-center\"  >\n\t\t\t\n\t\t\t\n\t<div id=\"gap-1544039455\" class=\"gap-element clearfix\" style=\"display:block; height:auto;\">\n\t\t\n<style>\n#gap-1544039455 {\n  padding-top: 30px;\n}\n<\/style>\n\t<\/div>\n\t\n\t<div id=\"text-892563975\" class=\"text\">\n\t\t\n<h3 class=\"uppercase\">Ergonomisk kontorstol<\/h3>\n\t\t\n<style>\n#text-892563975 {\n  font-size: 1.25rem;\n  line-height: 1.25;\n  text-align: center;\n}\n<\/style>\n\t<\/div>\n\t\n<h1><span style=\"font-size: 160%;\">COMODA<\/span><\/h1>\n<div class=\"is-divider divider clearfix\" style=\"margin-top:0px;margin-bottom:0px;max-width:800px;background-color:rgb(255, 255, 255);\"><\/div>\n\t<div id=\"text-1035202438\" class=\"text\">\n\t\t\n<p><span style=\"font-size: 80%;\">Revolutionen inden for kontorkomfort<\/span><br \/>\n\t\t\n<style>\n#text-1035202438 {\n  font-size: 1.7rem;\n}\n<\/style>\n\t<\/div>\n\t\n\n\t\t<div class=\"icon-box featured-box icon-box-top text-left\"  >\n\t\t\t\t\t<div class=\"icon-box-img\" style=\"width: 60px\">\n\t\t\t\t<div class=\"icon\">\n\t\t\t\t\t<div class=\"icon-inner\" >\n\t\t\t\t\t\t<img loading=\"lazy\" decoding=\"async\" width=\"300\" height=\"200\" src=\"https:\/\/static.formar.net\/wp-content\/uploads\/sites\/1\/2022\/10\/02111138\/2560px-Bandiera_italiana_foto.svg-300x200.png\" class=\"attachment-medium size-medium\" alt=\"\" srcset=\"https:\/\/static.formar.net\/wp-content\/uploads\/sites\/1\/2022\/10\/02111138\/2560px-Bandiera_italiana_foto.svg-300x200.png 300w, https:\/\/static.formar.net\/wp-content\/uploads\/sites\/1\/2022\/10\/02111138\/2560px-Bandiera_italiana_foto.svg-1030x687.png 1030w, https:\/\/static.formar.net\/wp-content\/uploads\/sites\/1\/2022\/10\/02111138\/2560px-Bandiera_italiana_foto.svg-768x512.png 768w, https:\/\/static.formar.net\/wp-content\/uploads\/sites\/1\/2022\/10\/02111138\/2560px-Bandiera_italiana_foto.svg-1536x1024.png 1536w, https:\/\/static.formar.net\/wp-content\/uploads\/sites\/1\/2022\/10\/02111138\/2560px-Bandiera_italiana_foto.svg-2048x1366.png 2048w, https:\/\/static.formar.net\/wp-content\/uploads\/sites\/1\/2022\/10\/02111138\/2560px-Bandiera_italiana_foto.svg-510x340.png 510w, https:\/\/static.formar.net\/wp-content\/uploads\/sites\/1\/2022\/10\/02111138\/2560px-Bandiera_italiana_foto.svg-1200x800.png 1200w, https:\/\/static.formar.net\/wp-content\/uploads\/sites\/1\/2022\/10\/02111138\/2560px-Bandiera_italiana_foto.svg-600x400.png 600w\" sizes=\"auto, (max-width: 300px) 100vw, 300px\" \/>\t\t\t\t\t<\/div>\n\t\t\t\t<\/div>\n\t\t\t<\/div>\n\t\t\t\t<div class=\"icon-box-text last-reset\">\n\t\t\t\t\t\t\t\t\t\n<p style=\"text-align: center;\">FREMSTILLET I ITALIEN<\/p>\n\t\t<\/div>\n\t<\/div>\n\t\n\t\n\t\t<\/div>\n\t\t\t\t\n<style>\n#col-1162262744 > .col-inner {\n  padding: 0px 0px 0px 0;\n}\n@media (min-width:850px) {\n  #col-1162262744 > .col-inner {\n    padding: 0px 0px 0px 0%;\n  }\n}\n<\/style>\n\t<\/div>\n\n\t\n<\/div>\n\t\t<\/div>\n\n\t\t\n<style>\n#section_1799214208 {\n  padding-top: 30px;\n  padding-bottom: 30px;\n  min-height: 300px;\n  background-color: rgb(39, 54, 71);\n}\n#section_1799214208 .section-bg img {\n  object-position: 80% 72%;\n}\n@media (min-width:550px) {\n  #section_1799214208 {\n    min-height: 400px;\n  }\n}\n@media (min-width:850px) {\n  #section_1799214208 {\n    min-height: 500px;\n  }\n}\n<\/style>\n\t<\/section>\n\t\n\n\t<section class=\"section\" id=\"section_1232004247\">\n\t\t<div class=\"section-bg fill\" >\n\t\t\t\t\t\t\t\t\t\n\t\t\t\n\n\t\t<\/div>\n\n\t\t\n\n\t\t<div class=\"section-content relative\">\n\t\t\t\n\t<div id=\"gap-1273653915\" class=\"gap-element clearfix\" style=\"display:block; height:auto;\">\n\t\t\n<style>\n#gap-1273653915 {\n  padding-top: 30px;\n}\n<\/style>\n\t<\/div>\n\t\n<div class=\"row align-middle align-center\"  id=\"row-1667957129\">\n\n\t<div id=\"col-540366535\" class=\"col medium-12 small-12 large-6\"  >\n\t\t\t\t<div class=\"col-inner\"  >\n\t\t\t\n\t\t\t\n<div class=\"video video-fit mb box-shadow-1 box-shadow-2-hover\" style=\"padding-top:56.25%;\"><p><iframe loading=\"lazy\" title=\"COMODA - La poltrona che rivoluziona il comfort in ufficio\" width=\"1020\" height=\"574\" src=\"https:\/\/www.youtube.com\/embed\/SIxQWH7x2Zc?feature=oembed\" frameborder=\"0\" allow=\"accelerometer; autoplay; clipboard-write; encrypted-media; gyroscope; picture-in-picture; web-share\" referrerpolicy=\"strict-origin-when-cross-origin\" allowfullscreen><\/iframe><\/p>\n<\/div>\n\t\t<\/div>\n\t\t\t\t\t<\/div>\n\n\t\n\n\t<div id=\"col-604226741\" class=\"col medium-12 small-12 large-6\"  >\n\t\t\t\t<div class=\"col-inner\"  >\n\t\t\t\n\t\t\t\n\t<div id=\"text-3391061773\" class=\"text\">\n\t\t\n<h2>Oplev vores l\u00e6nestol<\/h2>\n\t\t\n<style>\n#text-3391061773 {\n  font-size: 1.3rem;\n}\n<\/style>\n\t<\/div>\n\t\n<p>Se vores billeder, videoer og vores 360\u00b0-visning for at opdage alle funktionerne i vores nye ergonomiske l\u00e6nestol, der er fremstillet i Italien.<\/p>\n<p><span style=\"font-size: 75%; color: #c0c0c0;\">*Stolen i videoen og i 360\u00b0-visningen har ikke nakkest\u00f8tte.<\/span><\/p>\n<a data-animate=\"bounceIn\" href=\"https:\/\/reperteo.sirv.com\/Spins\/Comoda\/Comoda.spin\" target=\"_blank\" class=\"button secondary\" rel=\"noopener\" style=\"border-radius:5px;\">\n\t\t<span>Oplev den 360\u00b0 udsigt<\/span>\n\t<\/a>\n\n\t\t<\/div>\n\t\t\t\t\n<style>\n#col-604226741 > .col-inner {\n  padding: 0px 0 0px 0px;\n}\n@media (min-width:550px) {\n  #col-604226741 > .col-inner {\n    padding: 0px 10% 0px 0px;\n  }\n}\n@media (min-width:850px) {\n  #col-604226741 > .col-inner {\n    padding: 0px 0px 0px 15%;\n  }\n}\n<\/style>\n\t<\/div>\n\n\t\n<\/div>\n<div class=\"is-divider divider clearfix\" style=\"max-width:2000px;\"><\/div>\n\t\t<\/div>\n\n\t\t\n<style>\n#section_1232004247 {\n  padding-top: 30px;\n  padding-bottom: 30px;\n}\n<\/style>\n\t<\/section>\n\t\n\n\t<section class=\"section\" id=\"section_2137865350\">\n\t\t<div class=\"section-bg fill\" >\n\t\t\t\t\t\t\t\t\t\n\t\t\t\n\n\t\t<\/div>\n\n\t\t\n\n\t\t<div class=\"section-content relative\">\n\t\t\t\n<div class=\"row align-middle\"  id=\"row-2072381087\">\n\n\t<div id=\"col-1686390554\" class=\"col medium-12 small-12 large-6\"  >\n\t\t\t\t<div class=\"col-inner\"  >\n\t\t\t\n\t\t\t\n\n  <div class=\"banner has-hover\" id=\"banner-211373679\">\n          <div class=\"banner-inner fill\">\n        <div class=\"banner-bg fill\" >\n            <img loading=\"lazy\" decoding=\"async\" width=\"1020\" height=\"680\" src=\"https:\/\/static.formar.net\/wp-content\/uploads\/sites\/1\/2022\/11\/02111056\/MG_2812-1030x687.jpg\" class=\"bg attachment-large size-large\" alt=\"\" \/>                                    \n                    <\/div>\n\t\t\n        <div class=\"banner-layers container\">\n            <div class=\"fill banner-link\"><\/div>               <div id=\"text-box-1565205675\" class=\"text-box banner-layer x50 md-x50 lg-x50 y50 md-y50 lg-y50 res-text\">\n                     <div data-animate=\"fadeIn\">           <div class=\"text-box-content text dark\">\n              \n              <div class=\"text-inner text-center\">\n                  \n              <\/div>\n           <\/div>\n       <\/div>                     \n<style>\n#text-box-1565205675 {\n  width: 60%;\n}\n#text-box-1565205675 .text-box-content {\n  font-size: 100%;\n}\n@media (min-width:550px) {\n  #text-box-1565205675 {\n    width: 60%;\n  }\n}\n<\/style>\n    <\/div>\n         <\/div>\n      <\/div>\n\n            \n<style>\n#banner-211373679 {\n  padding-top: 99.99%;\n  background-color: rgb(255, 255, 255);\n}\n#banner-211373679 .banner-bg img {\n  object-position: 35% 56%;\n}\n@media (min-width:550px) {\n  #banner-211373679 {\n    padding-top: 75%;\n  }\n}\n@media (min-width:850px) {\n  #banner-211373679 {\n    padding-top: 99.99%;\n  }\n}\n<\/style>\n  <\/div>\n\n\n\t\t<\/div>\n\t\t\t\t\t<\/div>\n\n\t\n\n\t<div id=\"col-405249053\" class=\"col medium-12 small-12 large-6\"  >\n\t\t\t\t<div class=\"col-inner\"  >\n\t\t\t\n\t\t\t\n\t<div id=\"gap-717269084\" class=\"gap-element clearfix\" style=\"display:block; height:auto;\">\n\t\t\n<style>\n#gap-717269084 {\n  padding-top: 10px;\n}\n@media (min-width:850px) {\n  #gap-717269084 {\n    padding-top: 30px;\n  }\n}\n<\/style>\n\t<\/div>\n\t\n\t<div id=\"text-2250942160\" class=\"text\">\n\t\t\n<h2><span style=\"color: #525252;\">Komfortabel er italiensk<\/span><\/h2>\n\t\t\n<style>\n#text-2250942160 {\n  font-size: 1.5rem;\n}\n<\/style>\n\t<\/div>\n\t\n<p><span style=\"color: #808080;\">Komfortabel, produceret i Italien, er det en<\/span> <span style=\"color: #333333;\"><strong>ergonomisk kontorstol<\/strong><\/span> <span style=\"color: #808080;\">med polstret s\u00e6de og nakkest\u00f8tte og netryg, der sikrer h\u00f8j komfort<\/span><\/p>\n<p><span style=\"color: #333333;\"><strong>Gasl\u00f8ft<\/strong><\/span> <span style=\"color: #808080;\">med h\u00e5ndtag placeret under s\u00e6det<\/span><\/p>\n<p><span style=\"color: #333333;\"><strong>5-stjernet base<\/strong><\/span> <span style=\"color: #808080;\">i plastmateriale med metalforst\u00e6rkning<\/span><\/p>\n<p><span style=\"color: #525252;\"><span style=\"color: #333333;\"><strong>Gummihjul <\/strong><\/span><span style=\"color: #808080;\">med eksklusivt design, der <\/span><\/span><span style=\"color: #808080;\">tilpasser sig enhver gulvtype<\/span><\/p>\n<p><span style=\"color: #333333;\"><strong>Synkron mekanisme <\/strong><\/span><span style=\"color: #808080;\">med fire l\u00e5sepositioner<\/span><\/p>\n\t\t<\/div>\n\t\t\t\t\n<style>\n#col-405249053 > .col-inner {\n  padding: 0px 0px 0px 0;\n}\n@media (min-width:850px) {\n  #col-405249053 > .col-inner {\n    padding: 0px 0px 0px 10%;\n  }\n}\n<\/style>\n\t<\/div>\n\n\t\n<\/div>\n\t\t<\/div>\n\n\t\t\n<style>\n#section_2137865350 {\n  padding-top: 40px;\n  padding-bottom: 40px;\n}\n@media (min-width:850px) {\n  #section_2137865350 {\n    padding-top: 70px;\n    padding-bottom: 70px;\n  }\n}\n<\/style>\n\t<\/section>\n\t\n\n\t<section class=\"section\" id=\"section_794818079\">\n\t\t<div class=\"section-bg fill\" >\n\t\t\t\t\t\t\t\t\t\n\t\t\t\n\n\t\t<\/div>\n\n\t\t\n\n\t\t<div class=\"section-content relative\">\n\t\t\t\n<div class=\"row align-middle align-center\"  id=\"row-2058651555\">\n\n\t<div id=\"col-908123345\" class=\"col medium-12 small-12 large-6\"  >\n\t\t\t\t<div class=\"col-inner\"  >\n\t\t\t\n\t\t\t\n<div class=\"row\"  id=\"row-688488086\">\n\n\t<div id=\"col-1503842928\" class=\"col medium-6 small-12 large-7\"  >\n\t\t\t\t<div class=\"col-inner\"  >\n\t\t\t\n\t\t\t\n\n  <div class=\"banner has-hover\" id=\"banner-1494183932\">\n          <div class=\"banner-inner fill\">\n        <div class=\"banner-bg fill\" >\n            <img loading=\"lazy\" decoding=\"async\" width=\"1020\" height=\"680\" src=\"https:\/\/static.formar.net\/wp-content\/uploads\/sites\/1\/2022\/02\/02111058\/MG_2813-scaled.jpg\" class=\"bg attachment-large size-large\" alt=\"\" \/>                                    \n                    <\/div>\n\t\t\n        <div class=\"banner-layers container\">\n            <div class=\"fill banner-link\"><\/div>               <div id=\"text-box-90289053\" class=\"text-box banner-layer x50 md-x50 lg-x50 y50 md-y50 lg-y50 res-text\">\n                     <div data-animate=\"fadeIn\">           <div class=\"text-box-content text dark\">\n              \n              <div class=\"text-inner text-center\">\n                  \n              <\/div>\n           <\/div>\n       <\/div>                     \n<style>\n#text-box-90289053 {\n  width: 60%;\n}\n#text-box-90289053 .text-box-content {\n  font-size: 100%;\n}\n@media (min-width:550px) {\n  #text-box-90289053 {\n    width: 60%;\n  }\n}\n<\/style>\n    <\/div>\n         <\/div>\n      <\/div>\n\n            \n<style>\n#banner-1494183932 {\n  padding-top: 99.99%;\n  background-color: rgba(0, 0, 0, 0);\n}\n@media (min-width:550px) {\n  #banner-1494183932 {\n    padding-top: 150%;\n  }\n}\n@media (min-width:850px) {\n  #banner-1494183932 {\n    padding-top: 117%;\n  }\n}\n<\/style>\n  <\/div>\n\n\n\t\t<\/div>\n\t\t\t\t\t<\/div>\n\n\t\n\n\t<div id=\"col-680177745\" class=\"col medium-6 small-12 large-5\"  >\n\t\t\t\t<div class=\"col-inner\"  >\n\t\t\t\n\t\t\t\n\n  <div class=\"banner has-hover\" id=\"banner-720886683\">\n          <div class=\"banner-inner fill\">\n        <div class=\"banner-bg fill\" >\n                                                \n                    <\/div>\n\t\t\n        <div class=\"banner-layers container\">\n            <div class=\"fill banner-link\"><\/div>               <div id=\"text-box-1041824896\" class=\"text-box banner-layer x50 md-x50 lg-x50 y50 md-y50 lg-y50 res-text\">\n                     <div data-animate=\"fadeIn\">           <div class=\"text-box-content text dark\">\n              \n              <div class=\"text-inner text-center\">\n                  \n              <\/div>\n           <\/div>\n       <\/div>                     \n<style>\n#text-box-1041824896 {\n  width: 60%;\n}\n#text-box-1041824896 .text-box-content {\n  font-size: 100%;\n}\n@media (min-width:550px) {\n  #text-box-1041824896 {\n    width: 60%;\n  }\n}\n<\/style>\n    <\/div>\n         <\/div>\n      <\/div>\n\n            \n<style>\n#banner-720886683 {\n  padding-top: 60%;\n  background-color: rgba(0, 0, 0, 0);\n}\n@media (min-width:550px) {\n  #banner-720886683 {\n    padding-top: 76%;\n  }\n}\n@media (min-width:850px) {\n  #banner-720886683 {\n    padding-top: 87%;\n  }\n}\n<\/style>\n  <\/div>\n\n\n\t\t<\/div>\n\t\t\t\t\t<\/div>\n\n\t\n<\/div>\n<div class=\"row align-right\"  id=\"row-440992141\">\n\n\t<div id=\"col-1021543734\" class=\"col medium-7 small-12 large-7\"  >\n\t\t\t\t<div class=\"col-inner\"  >\n\t\t\t\n\t\t\t\n\n  <div class=\"banner has-hover\" id=\"banner-1219615050\">\n          <div class=\"banner-inner fill\">\n        <div class=\"banner-bg fill\" >\n            <img loading=\"lazy\" decoding=\"async\" width=\"1020\" height=\"680\" src=\"https:\/\/static.formar.net\/wp-content\/uploads\/sites\/1\/2022\/11\/02111055\/MG_2799-1030x687.jpg\" class=\"bg attachment-large size-large\" alt=\"\" \/>                                    \n                    <\/div>\n\t\t\n        <div class=\"banner-layers container\">\n            <div class=\"fill banner-link\"><\/div>               <div id=\"text-box-1717714098\" class=\"text-box banner-layer x50 md-x50 lg-x50 y50 md-y50 lg-y50 res-text\">\n                     <div data-animate=\"fadeIn\">           <div class=\"text-box-content text dark\">\n              \n              <div class=\"text-inner text-center\">\n                  \n              <\/div>\n           <\/div>\n       <\/div>                     \n<style>\n#text-box-1717714098 {\n  width: 60%;\n}\n#text-box-1717714098 .text-box-content {\n  font-size: 100%;\n}\n@media (min-width:550px) {\n  #text-box-1717714098 {\n    width: 60%;\n  }\n}\n<\/style>\n    <\/div>\n         <\/div>\n      <\/div>\n\n            \n<style>\n#banner-1219615050 {\n  padding-top: 60%;\n  background-color: rgba(0, 0, 0, 0);\n}\n@media (min-width:550px) {\n  #banner-1219615050 {\n    padding-top: 75%;\n  }\n}\n<\/style>\n  <\/div>\n\n\n\t\t<\/div>\n\t\t\t\t\n<style>\n#col-1021543734 > .col-inner {\n  margin: 0 0px 0px 0px;\n}\n@media (min-width:550px) {\n  #col-1021543734 > .col-inner {\n    margin: -290px 0px 0px 0px;\n  }\n}\n@media (min-width:850px) {\n  #col-1021543734 > .col-inner {\n    margin: -165px 0px 0px 0px;\n  }\n}\n<\/style>\n\t<\/div>\n\n\t\n<\/div>\n\t\t<\/div>\n\t\t\t\t\t<\/div>\n\n\t\n\n\t<div id=\"col-936808252\" class=\"col medium-12 small-12 large-6\"  >\n\t\t\t\t<div class=\"col-inner\"  >\n\t\t\t\n\t\t\t\n\t<div id=\"text-353459348\" class=\"text\">\n\t\t\n<h2><span style=\"color: #525252;\">Dit s\u00e6de er komfortabelt<\/span><\/h2>\n\t\t\n<style>\n#text-353459348 {\n  font-size: 1.3rem;\n}\n<\/style>\n\t<\/div>\n\t\n<p><span style=\"color: #525252;\"><strong>S\u00e6det er polstret med polyuretanskum med forskellig t\u00e6thed<\/strong><\/span> <span style=\"color: #808080;\">med en tykkelse p\u00e5 50+10 mm (samlet tykkelse 60 mm), som er meget behageligt selv ved intensiv brug.<\/span><\/p>\n<p><span style=\"color: #808080;\">Polstringen best\u00e5r af to elementer af ekspanderet polyurethan: det f\u00f8rste, placeret i den nederste del, er 50 mm tykt med en densitet p\u00e5 25 kg\/m3. Det andet, placeret i den del, der er i kontakt med brugeren, er 10 mm tykt med en densitet p\u00e5 18 kg\/m3. <\/span><\/p>\n<p><span style=\"color: #808080;\">Det valg, vi har truffet, giver maksimal brugerkomfort.<\/span><\/p>\n<p><span style=\"color: #808080;\">Det anvendte bel\u00e6gningsstof er meget modstandsdygtigt over for rivning og slid. \u00c8<\/span><strong><span style=\"color: #525252;\"> brandh\u00e6mmende<\/span><\/strong><span style=\"color: #525252;\">,<\/span><span style=\"color: #808080;\"> klasse 1 brandh\u00e6mmende og f\u00e5s i sort, r\u00f8d og bl\u00e5.<\/span><\/p>\n\t\t<\/div>\n\t\t\t\t\n<style>\n#col-936808252 > .col-inner {\n  padding: 0px 0 0px 0px;\n}\n@media (min-width:550px) {\n  #col-936808252 > .col-inner {\n    padding: 0px 10% 0px 0px;\n  }\n}\n@media (min-width:850px) {\n  #col-936808252 > .col-inner {\n    padding: 0px 0px 0px 15%;\n  }\n}\n<\/style>\n\t<\/div>\n\n\t\n<\/div>\n\t\t<\/div>\n\n\t\t\n<style>\n#section_794818079 {\n  padding-top: 30px;\n  padding-bottom: 30px;\n}\n<\/style>\n\t<\/section>\n\t\n\n\t<section class=\"section\" id=\"section_1440745298\">\n\t\t<div class=\"section-bg fill\" >\n\t\t\t\t\t\t\t\t\t\n\t\t\t\n\n\t\t<\/div>\n\n\t\t\n\n\t\t<div class=\"section-content relative\">\n\t\t\t\n<div class=\"row\"  id=\"row-815305954\">\n\n\t<div id=\"col-1891294755\" class=\"col small-12 large-12\"  >\n\t\t\t\t<div class=\"col-inner text-center\"  >\n\t\t\t\n\t\t\t\n<h6><span style=\"color: #808080;\">Massima regolazione dei braccioli<\/span><\/h6>\n\t<div id=\"text-504172784\" class=\"text\">\n\t\t\n<h2><span style=\"color: #525252;\">Behagelig for dine arme<\/span><\/h2>\n\t\t\n<style>\n#text-504172784 {\n  font-size: 1.5rem;\n}\n<\/style>\n\t<\/div>\n\t\n\t<div id=\"gap-54312601\" class=\"gap-element clearfix\" style=\"display:block; height:auto;\">\n\t\t\n<style>\n#gap-54312601 {\n  padding-top: 30px;\n}\n<\/style>\n\t<\/div>\n\t\n<h1><span style=\"color: #525252;\"><strong>Braccioli 3D\u00a0<\/strong><\/span><\/h1>\n<div class=\"row align-middle\"  id=\"row-672483929\">\n\n\t<div id=\"col-370350151\" class=\"col medium-4 small-12 large-4\"  >\n\t\t\t\t<div class=\"col-inner\"  >\n\t\t\t\n\t\t\t\n\n  <div class=\"banner has-hover\" id=\"banner-109989393\">\n          <div class=\"banner-inner fill\">\n        <div class=\"banner-bg fill\" >\n            <img loading=\"lazy\" decoding=\"async\" width=\"1020\" height=\"759\" src=\"https:\/\/static.formar.net\/wp-content\/uploads\/2022\/02\/20173648\/2022-02-18_bracciolo-alto-basso-frecce01.jpg\" class=\"bg attachment-large size-large\" alt=\"\" \/>                                    \n\t<div class=\"is-border\"\n\t\tstyle=\"border-width:1px 1px 1px 1;margin:-2px -2px -2px -2px;\">\n\t<\/div>\n                    <\/div>\n\t\t\n        <div class=\"banner-layers container\">\n            <div class=\"fill banner-link\"><\/div>               <div id=\"text-box-1155948614\" class=\"text-box banner-layer x50 md-x50 lg-x50 y50 md-y50 lg-y50 res-text\">\n                     <div data-animate=\"fadeIn\">           <div class=\"text-box-content text dark\">\n              \n              <div class=\"text-inner text-center\">\n                  \n              <\/div>\n           <\/div>\n       <\/div>                     \n<style>\n#text-box-1155948614 {\n  width: 60%;\n}\n#text-box-1155948614 .text-box-content {\n  font-size: 100%;\n}\n@media (min-width:550px) {\n  #text-box-1155948614 {\n    width: 60%;\n  }\n}\n<\/style>\n    <\/div>\n         <\/div>\n      <\/div>\n\n            \n<style>\n#banner-109989393 {\n  padding-top: 87%;\n  background-color: rgb(255, 255, 255);\n}\n#banner-109989393 .banner-bg img {\n  object-position: 100% 100%;\n}\n<\/style>\n  <\/div>\n\n\n\t\t<\/div>\n\t\t\t\t\t<\/div>\n\n\t\n\n\t<div id=\"col-52718391\" class=\"col medium-4 small-12 large-4\"  >\n\t\t\t\t<div class=\"col-inner\"  >\n\t\t\t\n\t\t\t\n\n  <div class=\"banner has-hover\" id=\"banner-325593806\">\n          <div class=\"banner-inner fill\">\n        <div class=\"banner-bg fill\" >\n            <img loading=\"lazy\" decoding=\"async\" width=\"1683\" height=\"2560\" src=\"https:\/\/static.formar.net\/wp-content\/uploads\/2022\/06\/20173622\/POLTRONA-BRACCIOLO-CON-FRECCE-AVANTI-E-DIETRO-scaled.jpg\" class=\"bg attachment-original size-original\" alt=\"\" \/>                                    \n\t<div class=\"is-border\"\n\t\tstyle=\"border-color:rgb(10, 9, 9);border-width:1px 1px 1px 1px;margin:-2px -2px -2px -2px;\">\n\t<\/div>\n                    <\/div>\n\t\t\n        <div class=\"banner-layers container\">\n            <div class=\"fill banner-link\"><\/div>            \n   <div id=\"text-box-1233633983\" class=\"text-box banner-layer x50 md-x50 lg-x50 y50 md-y50 lg-y50 res-text\">\n                                <div class=\"text-box-content text dark\">\n              \n              <div class=\"text-inner text-center\">\n                  \n              <\/div>\n           <\/div>\n                            \n<style>\n#text-box-1233633983 {\n  width: 60%;\n}\n#text-box-1233633983 .text-box-content {\n  font-size: 100%;\n}\n<\/style>\n    <\/div>\n \n        <\/div>\n      <\/div>\n\n            \n<style>\n#banner-325593806 {\n  padding-top: 99.99%;\n  background-color: rgb(255, 255, 255);\n}\n#banner-325593806 .banner-bg img {\n  object-position: 43% 33%;\n}\n@media (min-width:550px) {\n  #banner-325593806 {\n    padding-top: 88%;\n  }\n}\n<\/style>\n  <\/div>\n\n\n\t\t<\/div>\n\t\t\t\t\t<\/div>\n\n\t\n\n\t<div id=\"col-1694415921\" class=\"col medium-4 small-12 large-4\"  >\n\t\t\t\t<div class=\"col-inner\"  >\n\t\t\t\n\t\t\t\n\n  <div class=\"banner has-hover\" id=\"banner-1485779711\">\n          <div class=\"banner-inner fill\">\n        <div class=\"banner-bg fill\" >\n            <img loading=\"lazy\" decoding=\"async\" width=\"1020\" height=\"680\" src=\"https:\/\/static.formar.net\/wp-content\/uploads\/2022\/02\/20173645\/Destra-e-sinistra-bracciolo.jpg\" class=\"bg attachment-large size-large\" alt=\"\" \/>                                    \n\t<div class=\"is-border\"\n\t\tstyle=\"border-width:1px 1px 1px 1px;margin:-2px -2px -2px -2px;\">\n\t<\/div>\n                    <\/div>\n\t\t\n        <div class=\"banner-layers container\">\n            <div class=\"fill banner-link\"><\/div>            \n   <div id=\"text-box-284086705\" class=\"text-box banner-layer x50 md-x50 lg-x50 y50 md-y50 lg-y50 res-text\">\n                                <div class=\"text-box-content text dark\">\n              \n              <div class=\"text-inner text-center\">\n                  \n              <\/div>\n           <\/div>\n                            \n<style>\n#text-box-284086705 {\n  width: 60%;\n}\n#text-box-284086705 .text-box-content {\n  font-size: 100%;\n}\n<\/style>\n    <\/div>\n \n        <\/div>\n      <\/div>\n\n            \n<style>\n#banner-1485779711 {\n  padding-top: 88%;\n  background-color: rgb(255, 255, 255);\n}\n<\/style>\n  <\/div>\n\n\n\t\t<\/div>\n\t\t\t\t\t<\/div>\n\n\t\n<\/div>\n\t\t<\/div>\n\t\t\t\t\t<\/div>\n\n\t\n<\/div>\n<div class=\"row align-equal align-center\"  id=\"row-804640305\">\n\n\t<div id=\"col-1613674469\" class=\"col medium-4 small-12 large-4 col-hover-focus\"  >\n\t\t\t\t<div class=\"col-inner text-left\" style=\"background-color:rgb(255, 255, 255);\" >\n\t\t\t\n\t\t\t\n\t<div id=\"text-3374305716\" class=\"text\">\n\t\t\n<h3 style=\"text-align: left;\"><span style=\"color: #525252;\">H\u00f8jdejustering<\/span><\/h3>\n<p style=\"text-align: left;\"><span style=\"color: #808080; font-size: 100%;\" data-line-height=\"m\">Arml\u00e6nene kan indstilles i <span class=\"a-text-bold\">forskellige<\/span> h\u00f8jder, afh\u00e6ngigt af brugerens h\u00f8jde, hvilket fremmer en korrekt kropsholdning, hvor armene danner en ret vinkel med overkroppen.<\/span><\/p>\n\t\t\n<style>\n#text-3374305716 {\n  font-size: 1rem;\n  line-height: 1.8;\n  text-align: left;\n}\n<\/style>\n\t<\/div>\n\t\n\t\t<\/div>\n\t\t\t\t\n<style>\n#col-1613674469 > .col-inner {\n  padding: 0px 0px 0px 0px;\n  margin: 0px 0px 0px 0px;\n}\n<\/style>\n\t<\/div>\n\n\t\n\n\t<div id=\"col-1530131985\" class=\"col medium-4 small-12 large-4\"  >\n\t\t\t\t<div class=\"col-inner text-center\"  >\n\t\t\t\n\t\t\t\n\t<div id=\"text-1613595194\" class=\"text\">\n\t\t\n<h3 class=\"a-spacing-mini\" style=\"text-align: left;\"><span style=\"color: #525252; font-size: 100%;\">Overs\u00e6ttelse<\/span><\/h3>\n<p class=\"a-size-small\" style=\"text-align: left;\"><span style=\"color: #808080; font-size: 100%;\">Arml\u00e6nene kan <span class=\"a-text-bold\">skydes<\/span> frem og tilbage og l\u00e5ses i den \u00f8nskede position, s\u00e5 de kan tilpasses brugeren.  <\/span><\/p>\n\t\t\n<style>\n#text-1613595194 {\n  font-size: 1rem;\n  line-height: 1.8;\n}\n<\/style>\n\t<\/div>\n\t\n\t\t<\/div>\n\t\t\t\t\n<style>\n#col-1530131985 > .col-inner {\n  border-radius: 10px;\n}\n<\/style>\n\t<\/div>\n\n\t\n\n\t<div id=\"col-441017142\" class=\"col medium-4 small-12 large-4\"  >\n\t\t\t\t<div class=\"col-inner\"  >\n\t\t\t\n\t\t\t\n<h3><span style=\"color: #525252;\">Rotation<\/span><\/h3>\n<p><span style=\"font-size: 100%; color: #808080;\">Arml\u00e6nene kan drejes indad eller udad fra s\u00e6det, s\u00e5 brugeren kan finde den ideelle ergonomiske position.<\/span><\/p>\n\t\t<\/div>\n\t\t\t\t\n<style>\n#col-441017142 > .col-inner {\n  border-radius: 10px;\n}\n<\/style>\n\t<\/div>\n\n\t\n<\/div>\n<h1 style=\"text-align: center;\"><span style=\"color: #525252;\"><strong>Den \u00f8verste del af arml\u00e6net er lavet af bl\u00f8d pude for absolut komfort<\/strong><\/span><\/h1>\n<p><span style=\"color: #808080; font-size: 100%;\">GODT AT VIDE: N\u00e5r du bruger pc-tastaturet, hj\u00e6lper arml\u00e6nene med at reducere <span class=\"a-text-bold\">muskelsp\u00e6ndinger<\/span> i skuldre og nakke.<\/span><\/p>\n\t\t<\/div>\n\n\t\t\n<style>\n#section_1440745298 {\n  padding-top: 30px;\n  padding-bottom: 30px;\n}\n<\/style>\n\t<\/section>\n\t\n\n\t<section class=\"section\" id=\"section_1756502525\">\n\t\t<div class=\"section-bg fill\" >\n\t\t\t\t\t\t\t\t\t<div class=\"section-bg-overlay absolute fill\"><\/div>\n\t\t\t\n\n\t\t<\/div>\n\n\t\t\n\n\t\t<div class=\"section-content relative\">\n\t\t\t\n<div class=\"row row-collapse row-full-width align-center\"  id=\"row-647257475\">\n\n\t<div id=\"col-788050615\" class=\"col medium-6 small-12 large-6\"  >\n\t\t\t\t<div class=\"col-inner text-left\"  >\n\t\t\t\n\t\t\t\n\t<div id=\"text-1734372708\" class=\"text\">\n\t\t\n<h2><span style=\"color: #525252;\">Hjulene<\/span><\/h2>\n<p><span style=\"color: #808080;\">Unik p\u00e5 markedet: innovativ og eksklusiv<\/span><\/p>\n<ul class=\"a-unordered-list a-vertical\">\n<li><span class=\"a-list-item\" style=\"color: #808080;\">Det s\u00e6rlige design g\u00f8r hjulene lette at se p\u00e5<\/span><\/li>\n<li><span class=\"a-list-item\" style=\"color: #808080;\">Meget holdbar og st\u00f8jsvag under rejsen<\/span><\/li>\n<li><span class=\"a-list-item\" style=\"color: #808080;\">De er lavet af gummi og egner sig til alle typer gulve.<\/span><\/li>\n<li><span class=\"a-list-item\" style=\"color: #808080;\">Fremstillet i Italien<\/span><\/li>\n<\/ul>\n\t\t\n<style>\n#text-1734372708 {\n  font-size: 1rem;\n  line-height: 1.6;\n}\n<\/style>\n\t<\/div>\n\t\n\t<div class=\"img has-hover x md-x lg-x y md-y lg-y\" id=\"image_236031906\">\n\t\t\t\t\t\t\t\t<div class=\"img-inner image-zoom dark\" >\n\t\t\t<img loading=\"lazy\" decoding=\"async\" width=\"1020\" height=\"680\" src=\"https:\/\/static.formar.net\/wp-content\/uploads\/sites\/1\/2022\/11\/02111053\/MG_2702-1030x687.jpg\" class=\"attachment-large size-large\" alt=\"\" srcset=\"https:\/\/static.formar.net\/wp-content\/uploads\/sites\/1\/2022\/11\/02111053\/MG_2702-1030x687.jpg 1030w, https:\/\/static.formar.net\/wp-content\/uploads\/sites\/1\/2022\/11\/02111053\/MG_2702-300x200.jpg 300w, https:\/\/static.formar.net\/wp-content\/uploads\/sites\/1\/2022\/11\/02111053\/MG_2702-768x512.jpg 768w, https:\/\/static.formar.net\/wp-content\/uploads\/sites\/1\/2022\/11\/02111053\/MG_2702-1536x1024.jpg 1536w, https:\/\/static.formar.net\/wp-content\/uploads\/sites\/1\/2022\/11\/02111053\/MG_2702-2048x1365.jpg 2048w, https:\/\/static.formar.net\/wp-content\/uploads\/sites\/1\/2022\/11\/02111053\/MG_2702-510x340.jpg 510w, https:\/\/static.formar.net\/wp-content\/uploads\/sites\/1\/2022\/11\/02111053\/MG_2702-1200x800.jpg 1200w, https:\/\/static.formar.net\/wp-content\/uploads\/sites\/1\/2022\/11\/02111053\/MG_2702-600x400.jpg 600w\" sizes=\"auto, (max-width: 1020px) 100vw, 1020px\" \/>\t\t\t\t\t\t\n\t\t\t\t\t<\/div>\n\t\t\t\t\t\t\t\t\n<style>\n#image_236031906 {\n  width: 74%;\n}\n<\/style>\n\t<\/div>\n\t\n\t\t<\/div>\n\t\t\t\t\t<\/div>\n\n\t\n\n\t<div id=\"col-1409102263\" class=\"col medium-6 small-12 large-6\"  >\n\t\t\t\t<div class=\"col-inner\"  >\n\t\t\t\n\t\t\t\n\t<div class=\"img has-hover x md-x lg-x y md-y lg-y\" id=\"image_1312565353\">\n\t\t<a class=\"image-lightbox lightbox-gallery\" title=\"\" href=\"https:\/\/static.formar.net\/wp-content\/uploads\/sites\/1\/2022\/11\/02111052\/MG_2703-1030x885.jpg\">\t\t\t\t\t\t<div class=\"img-inner image-zoom image-cover dark\" style=\"padding-top:100%;\">\n\t\t\t<img loading=\"lazy\" decoding=\"async\" width=\"1020\" height=\"876\" src=\"https:\/\/static.formar.net\/wp-content\/uploads\/sites\/1\/2022\/11\/02111052\/MG_2703-1030x885.jpg\" class=\"attachment-large size-large\" alt=\"\" srcset=\"https:\/\/static.formar.net\/wp-content\/uploads\/sites\/1\/2022\/11\/02111052\/MG_2703-1030x885.jpg 1030w, https:\/\/static.formar.net\/wp-content\/uploads\/sites\/1\/2022\/11\/02111052\/MG_2703-300x258.jpg 300w, https:\/\/static.formar.net\/wp-content\/uploads\/sites\/1\/2022\/11\/02111052\/MG_2703-768x660.jpg 768w, https:\/\/static.formar.net\/wp-content\/uploads\/sites\/1\/2022\/11\/02111052\/MG_2703-1536x1320.jpg 1536w, https:\/\/static.formar.net\/wp-content\/uploads\/sites\/1\/2022\/11\/02111052\/MG_2703-2048x1760.jpg 2048w, https:\/\/static.formar.net\/wp-content\/uploads\/sites\/1\/2022\/11\/02111052\/MG_2703-510x438.jpg 510w, https:\/\/static.formar.net\/wp-content\/uploads\/sites\/1\/2022\/11\/02111052\/MG_2703-1200x1031.jpg 1200w, https:\/\/static.formar.net\/wp-content\/uploads\/sites\/1\/2022\/11\/02111052\/MG_2703-600x516.jpg 600w\" sizes=\"auto, (max-width: 1020px) 100vw, 1020px\" \/>\t\t\t\t\t\t\n\t\t\t\t\t<\/div>\n\t\t\t\t\t\t<\/a>\t\t\n<style>\n#image_1312565353 {\n  width: 100%;\n}\n<\/style>\n\t<\/div>\n\t\n\t\t<\/div>\n\t\t\t\t\t<\/div>\n\n\t\n<\/div>\n\t\t<\/div>\n\n\t\t\n<style>\n#section_1756502525 {\n  padding-top: 60px;\n  padding-bottom: 60px;\n  background-color: rgb(255, 255, 255);\n}\n#section_1756502525 .section-bg-overlay {\n  background-color: rgba(255, 255, 255, 0.85);\n}\n<\/style>\n\t<\/section>\n\t\n\n\t<section class=\"section\" id=\"section_2085681625\">\n\t\t<div class=\"section-bg fill\" >\n\t\t\t\t\t\t\t\t\t\n\t\t\t\n\t<div class=\"is-border\"\n\t\tstyle=\"border-width:0px 0px 0px 0px;margin:-12px 0px -73px -49px;\">\n\t<\/div>\n\n\t\t<\/div>\n\n\t\t\n\n\t\t<div class=\"section-content relative\">\n\t\t\t\n<div class=\"is-divider divider clearfix\" style=\"max-width:2000px;\"><\/div>\n<div class=\"row row-collapse align-center\"  id=\"row-1776107384\">\n\n\t<div id=\"col-138055442\" class=\"col medium-12 small-12 large-6 col-divided\"  >\n\t\t\t\t<div class=\"col-inner\"  >\n\t\t\t\n\t\t\t\n\t<div class=\"img has-hover x md-x lg-x y md-y lg-y\" id=\"image_584475230\">\n\t\t\t\t\t\t\t\t<div class=\"img-inner image-cover dark\" style=\"padding-top:100%;margin:0px 20px 0px 0px;\">\n\t\t\t\t\t\t\t\t\t\n\t\t\t\t\t<\/div>\n\t\t\t\t\t\t\t\t\n<style>\n#image_584475230 {\n  width: 100%;\n}\n<\/style>\n\t<\/div>\n\t\n\t<div class=\"img has-hover x md-x lg-x y md-y lg-y\" id=\"image_576461813\">\n\t\t\t\t\t\t\t\t<div class=\"img-inner dark\" style=\"margin:0px 0px 0px 60px;\">\n\t\t\t<img loading=\"lazy\" decoding=\"async\" width=\"300\" height=\"400\" src=\"https:\/\/static.formar.net\/wp-content\/uploads\/2022\/08\/20173548\/Syncron-300x400-1.jpg\" class=\"attachment-large size-large\" alt=\"\" srcset=\"https:\/\/static.formar.net\/wp-content\/uploads\/2022\/08\/20173548\/Syncron-300x400-1.jpg 300w, https:\/\/static.formar.net\/wp-content\/uploads\/2022\/08\/20173548\/Syncron-300x400-1-225x300.jpg 225w\" sizes=\"auto, (max-width: 300px) 100vw, 300px\" \/>\t\t\t\t\t\t\n\t\t\t\t\t<\/div>\n\t\t\t\t\t\t\t\t\n<style>\n#image_576461813 {\n  width: 82%;\n}\n<\/style>\n\t<\/div>\n\t\n\t\t<\/div>\n\t\t\t\t\t<\/div>\n\n\t\n\n\t<div id=\"col-1072826417\" class=\"col index-up medium-12 small-11 large-6\"  >\n\t\t\t\t<div class=\"col-inner\"  >\n\t\t\t\n\t\t\t\n<div class=\"row\"  id=\"row-1763481533\">\n\n\t<div id=\"col-1927118277\" class=\"col index-up medium-11 small-12 large-12\"  >\n\t\t\t\t<div class=\"col-inner text-center\" style=\"background-color:rgb(255, 255, 255);\" >\n\t\t\t\n\t\t\t\n<h3 class=\"a-spacing-mini\"><span style=\"color: #525252;\">S\u00e6dets mekaniske egenskaber<\/span><\/h3>\n<h4 class=\"a-spacing-mini a-color-secondary a-text-italic\"><span style=\"color: #525252;\">Synkron-mekanismen<\/span><\/h4>\n<p class=\"a-spacing-base\" style=\"text-align: left;\"><span style=\"color: #808080;\"><span class=\"a-text-bold\">Synchron-mekanismen, en af de mest avancerede og effektive p\u00e5 markedet,<\/span> g\u00f8r det muligt at bev\u00e6ge rygl\u00e6n og s\u00e6de synkroniseret i et forhold p\u00e5 1:2,5: for hver 1\u00b0 h\u00e6ldning af s\u00e6det svarer til 2,5\u00b0 h\u00e6ldning af rygl\u00e6net. Den har fire l\u00e5sepositioner og en knap til justering af svingningen baseret p\u00e5 brugerens kropsv\u00e6gt. <\/span><\/p>\n<ul class=\"a-unordered-list a-vertical\">\n<li style=\"text-align: left;\"><span class=\"a-list-item\" style=\"color: #808080;\"><span class=\"a-size-base\">4 l\u00e5sepositioner<\/span><\/span><\/li>\n<li style=\"text-align: left;\"><span class=\"a-list-item\" style=\"color: #808080;\"><span class=\"a-size-base\">Hold altid en vinkel p\u00e5 90\u00b0 mellem overkrop og ben<\/span><\/span><\/li>\n<li style=\"text-align: left;\"><span class=\"a-list-item\" style=\"color: #808080;\"><span class=\"a-size-base\">Anti-shock-system, der forhindrer en voldsom og ufrivillig tilbagevenden af rygl\u00e6net<\/span><\/span><\/li>\n<li style=\"text-align: left;\"><span class=\"a-list-item\" style=\"color: #808080;\"><span class=\"a-size-base\">Selvv\u00e6gtsmekanismen er synkroniseret og justerer sig selv i forhold til brugerens v\u00e6gt.<\/span><\/span><\/li>\n<li style=\"text-align: left;\"><span class=\"a-list-item\" style=\"color: #808080;\"><span class=\"a-size-base\">Mekanismen har kun \u00e9t h\u00e5ndtag: Ved at tr\u00e6kke h\u00e5ndtaget ud\/inds\u00e6tte det l\u00e5ses mekanismen op\/l\u00e5ser den, og ved at dreje p\u00e5 h\u00e5ndtaget justeres s\u00e6dets h\u00f8jde.<\/span><\/span><\/li>\n<\/ul>\n\t<div id=\"stack-1069631639\" class=\"stack stack-row justify-center items-stretch sm:stack-col\">\n\t\t\n\n  <div class=\"banner has-hover\" id=\"banner-1721791677\">\n          <div class=\"banner-inner fill\">\n        <div class=\"banner-bg fill\" >\n                                                \n                    <\/div>\n\t\t\n        <div class=\"banner-layers container\">\n            <div class=\"fill banner-link\"><\/div>            \n   <div id=\"text-box-506115786\" class=\"text-box banner-layer x5 md-x5 lg-x5 y5 md-y5 lg-y5 res-text\">\n                                <div class=\"text-box-content text dark\">\n              \n              <div class=\"text-inner text-center\">\n                  \n\t<div id=\"text-2591357364\" class=\"text\">\n\t\t\n<h3 style=\"text-align: left;\"><span style=\"color: #525252;\">Gasstemplet<\/span><\/h3>\n<p style=\"text-align: left;\"><span style=\"font-size: 100%; color: #999999;\">Det er den komponent, der g\u00f8r det muligt at justere s\u00e6deh\u00f8jden og samtidig g\u00f8re s\u00e6det affjedret. Denne <span class=\"a-text-bold\">gaspumpe<\/span> er indsat i den 5-stjernede base og i den anden ende i huset til den svingbare plade. <\/span><\/p>\n<p style=\"text-align: left;\"><span style=\"font-size: 100%; color: #999999;\">I sort matcher den Comodas struktur og base.<\/span><\/p>\n<div class=\"a-box a-spacing-small a-color-alternate-background apm-listbox\">\n<div class=\"a-box-inner\">\n<ul class=\"a-unordered-list a-vertical\">\n<li style=\"text-align: left;\"><span class=\"a-list-item\" style=\"font-size: 100%; color: #999999;\"><span class=\"a-size-base\">R\u00f8rdiameter mm. 50<\/span><\/span><\/li>\n<li style=\"text-align: left;\"><span class=\"a-list-item\" style=\"font-size: 100%; color: #999999;\"><span class=\"a-size-base\">St\u00e5lstangens diameter mm 28<\/span><\/span><\/li>\n<li style=\"text-align: left;\"><span class=\"a-list-item\" style=\"font-size: 100%; color: #999999;\"><span class=\"a-size-base\">Overholder DIN 4550 klasse 4<\/span><\/span><\/li>\n<\/ul>\n<\/div>\n<\/div>\n\t\t\n<style>\n#text-2591357364 {\n  font-size: 0.8rem;\n  line-height: 1.7;\n}\n<\/style>\n\t<\/div>\n\t\n              <\/div>\n           <\/div>\n                            \n<style>\n#text-box-506115786 {\n  width: 65%;\n}\n#text-box-506115786 .text-box-content {\n  font-size: 100%;\n}\n<\/style>\n    <\/div>\n \n\t<div class=\"img has-hover x100 md-x100 lg-x100 y50 md-y50 lg-y50\" id=\"image_1280329705\">\n\t\t\t\t\t\t\t\t<div class=\"img-inner dark\" >\n\t\t\t<img loading=\"lazy\" decoding=\"async\" width=\"119\" height=\"276\" src=\"https:\/\/static.formar.net\/wp-content\/uploads\/2022\/08\/20173548\/Pistone-350x175_prova.jpg\" class=\"attachment-large size-large\" alt=\"\" \/>\t\t\t\t\t\t\n\t\t\t\t\t<\/div>\n\t\t\t\t\t\t\t\t\n<style>\n#image_1280329705 {\n  width: 29%;\n}\n<\/style>\n\t<\/div>\n\t\n        <\/div>\n      <\/div>\n\n            \n<style>\n#banner-1721791677 {\n  padding-top: 341px;\n  background-color: rgb(255,255,255);\n}\n<\/style>\n  <\/div>\n\n\n\t\t\n<style>\n#stack-1069631639 > * {\n  --stack-gap: 0.5rem;\n}\n<\/style>\n\t<\/div>\n\t\n\t\t<\/div>\n\t\t\t\t\n<style>\n#col-1927118277 > .col-inner {\n  padding: 15% 10% 15% 10%;\n  margin: -100px 0px 0px 0px;\n}\n@media (min-width:550px) {\n  #col-1927118277 > .col-inner {\n    padding: 6% 6% 6% 6%;\n    margin: -150px 0px 0px 0px;\n  }\n}\n@media (min-width:850px) {\n  #col-1927118277 > .col-inner {\n    padding: 7% 10% 7% 10%;\n    margin: 0px 0px 0px 0px;\n  }\n}\n<\/style>\n\t<\/div>\n\n\t\n<\/div>\n\t\t<\/div>\n\t\t\t\t\n<style>\n#col-1072826417 > .col-inner {\n  padding: 10px 0px 20px 0px;\n}\n@media (min-width:550px) {\n  #col-1072826417 > .col-inner {\n    padding: 35px 0px 30px 0px;\n  }\n}\n@media (min-width:850px) {\n  #col-1072826417 > .col-inner {\n    padding: 0 0px 0px 0px;\n  }\n}\n<\/style>\n\t<\/div>\n\n\t\n<\/div>\n\t\t<\/div>\n\n\t\t\n<style>\n#section_2085681625 {\n  padding-top: 0px;\n  padding-bottom: 0px;\n  margin-bottom: 0px;\n}\n@media (min-width:550px) {\n  #section_2085681625 {\n    padding-top: 0px;\n    padding-bottom: 0px;\n  }\n}\n<\/style>\n\t<\/section>\n\t\n<div class=\"is-divider divider clearfix\" style=\"max-width:2000px;\"><\/div>\n\n\t<section class=\"section\" id=\"section_1768041461\">\n\t\t<div class=\"section-bg fill\" >\n\t\t\t\t\t\t\t\t\t\n\t\t\t\n\n\t\t<\/div>\n\n\t\t\n\n\t\t<div class=\"section-content relative\">\n\t\t\t\n<div class=\"row align-middle\"  id=\"row-111025267\">\n\n\t<div id=\"col-79126017\" class=\"col medium-12 small-12 large-6\"  >\n\t\t\t\t<div class=\"col-inner\"  >\n\t\t\t\n\t\t\t\n\n  <div class=\"banner has-hover\" id=\"banner-1653811935\">\n          <div class=\"banner-inner fill\">\n        <div class=\"banner-bg fill\" >\n                                                \n                    <\/div>\n\t\t\n        <div class=\"banner-layers container\">\n            <div class=\"fill banner-link\"><\/div>            \n   <div id=\"text-box-537587336\" class=\"text-box banner-layer x50 md-x50 lg-x50 y50 md-y50 lg-y50 res-text\">\n                                <div class=\"text-box-content text dark\">\n              \n              <div class=\"text-inner text-center\">\n                  \n              <\/div>\n           <\/div>\n                            \n<style>\n#text-box-537587336 {\n  width: 60%;\n}\n#text-box-537587336 .text-box-content {\n  font-size: 100%;\n}\n<\/style>\n    <\/div>\n \n        <\/div>\n      <\/div>\n\n            \n<style>\n#banner-1653811935 {\n  padding-top: 99.99%;\n  background-color: rgb(255, 255, 255);\n}\n#banner-1653811935 .banner-bg img {\n  object-position: 36% 81%;\n}\n@media (min-width:550px) {\n  #banner-1653811935 {\n    padding-top: 75%;\n  }\n}\n@media (min-width:850px) {\n  #banner-1653811935 {\n    padding-top: 99.99%;\n  }\n}\n<\/style>\n  <\/div>\n\n\n\t\t<\/div>\n\t\t\t\t\t<\/div>\n\n\t\n\n\t<div id=\"col-43431781\" class=\"col medium-12 small-12 large-6\"  >\n\t\t\t\t<div class=\"col-inner\"  >\n\t\t\t\n\t\t\t\n\t<div id=\"gap-1648991151\" class=\"gap-element clearfix\" style=\"display:block; height:auto;\">\n\t\t\n<style>\n#gap-1648991151 {\n  padding-top: 10px;\n}\n@media (min-width:850px) {\n  #gap-1648991151 {\n    padding-top: 30px;\n  }\n}\n<\/style>\n\t<\/div>\n\t\n\t<div id=\"text-2066361307\" class=\"text\">\n\t\t\n<h2><span style=\"color: #525252;\">Rygl\u00e6net<\/span><\/h2>\n\t\t\n<style>\n#text-2066361307 {\n  font-size: 1.5rem;\n}\n<\/style>\n\t<\/div>\n\t\n<p><span style=\"color: #808080;\">Rygl\u00e6net er udstyret med <strong>l\u00e6ndest\u00f8tte<\/strong>, der kan justeres i h\u00f8jden i 8 positioner efter brugerens behov. Den er lavet i <\/span><span style=\"color: #808080;\">n \u00e5ndbar sort mesh og ramme med et elegant og moderne design.<\/span><\/p>\n\t\t<\/div>\n\t\t\t\t\n<style>\n#col-43431781 > .col-inner {\n  padding: 0px 0px 0px 0;\n}\n@media (min-width:850px) {\n  #col-43431781 > .col-inner {\n    padding: 0px 0px 0px 10%;\n  }\n}\n<\/style>\n\t<\/div>\n\n\t\n<\/div>\n<div class=\"row align-middle\"  id=\"row-757412718\">\n\n\t<div id=\"col-1782399406\" class=\"col medium-12 small-12 large-6\"  >\n\t\t\t\t<div class=\"col-inner\"  >\n\t\t\t\n\t\t\t\n\t<div id=\"text-3940192298\" class=\"text\">\n\t\t\n<h2><span style=\"color: #525252;\">Nakkest\u00f8tten<\/span><\/h2>\n\t\t\n<style>\n#text-3940192298 {\n  font-size: 1.5rem;\n}\n<\/style>\n\t<\/div>\n\t\n<p><span style=\"color: #808080;\">Nakkest\u00f8tten kan <strong>justeres i h\u00f8jden<\/strong> for absolut brugerkomfort og er lavet af samme materiale som s\u00e6det for at sikre et ensartet udseende.<\/span><\/p>\n\t\t<\/div>\n\t\t\t\t\t<\/div>\n\n\t\n\n\t<div id=\"col-185393749\" class=\"col medium-12 small-12 large-6\"  >\n\t\t\t\t<div class=\"col-inner\"  >\n\t\t\t\n\t\t\t\n\t<div id=\"gap-916205744\" class=\"gap-element clearfix\" style=\"display:block; height:auto;\">\n\t\t\n<style>\n#gap-916205744 {\n  padding-top: 10px;\n}\n@media (min-width:850px) {\n  #gap-916205744 {\n    padding-top: 30px;\n  }\n}\n<\/style>\n\t<\/div>\n\t\n\n  <div class=\"banner has-hover\" id=\"banner-720200998\">\n          <div class=\"banner-inner fill\">\n        <div class=\"banner-bg fill\" >\n                                                \n                    <\/div>\n\t\t\n        <div class=\"banner-layers container\">\n            <div class=\"fill banner-link\"><\/div>               <div id=\"text-box-482486959\" class=\"text-box banner-layer x50 md-x50 lg-x50 y50 md-y50 lg-y50 res-text\">\n                     <div data-animate=\"fadeIn\">           <div class=\"text-box-content text dark\">\n              \n              <div class=\"text-inner text-center\">\n                  \n              <\/div>\n           <\/div>\n       <\/div>                     \n<style>\n#text-box-482486959 {\n  width: 60%;\n}\n#text-box-482486959 .text-box-content {\n  font-size: 100%;\n}\n@media (min-width:550px) {\n  #text-box-482486959 {\n    width: 60%;\n  }\n}\n<\/style>\n    <\/div>\n         <\/div>\n      <\/div>\n\n            \n<style>\n#banner-720200998 {\n  padding-top: 99.99%;\n  background-color: rgb(255, 255, 255);\n}\n#banner-720200998 .banner-bg img {\n  object-position: 36% 81%;\n}\n@media (min-width:550px) {\n  #banner-720200998 {\n    padding-top: 75%;\n  }\n}\n@media (min-width:850px) {\n  #banner-720200998 {\n    padding-top: 99.99%;\n  }\n}\n<\/style>\n  <\/div>\n\n\n\t\t<\/div>\n\t\t\t\t\n<style>\n#col-185393749 > .col-inner {\n  padding: 0px 0px 0px 0;\n}\n@media (min-width:850px) {\n  #col-185393749 > .col-inner {\n    padding: 0px 0px 0px 10%;\n  }\n}\n<\/style>\n\t<\/div>\n\n\t\n<\/div>\n\t\t<\/div>\n\n\t\t\n<style>\n#section_1768041461 {\n  padding-top: 40px;\n  padding-bottom: 40px;\n}\n@media (min-width:850px) {\n  #section_1768041461 {\n    padding-top: 70px;\n    padding-bottom: 70px;\n  }\n}\n<\/style>\n\t<\/section>\n\t\n<div class=\"is-divider divider clearfix\" style=\"max-width:2000px;\"><\/div>\n\n\t<section class=\"section\" id=\"section_615396040\">\n\t\t<div class=\"section-bg fill\" >\n\t\t\t\t\t\t\t\t\t\n\t\t\t\n\n\t\t<\/div>\n\n\t\t\n\n\t\t<div class=\"section-content relative\">\n\t\t\t\n<h2 class=\"uppercase\" style=\"text-align: center;\">Dimensionerne af komfortabelt<\/h2>\n\t<div id=\"gap-206039663\" class=\"gap-element clearfix\" style=\"display:block; height:auto;\">\n\t\t\n<style>\n#gap-206039663 {\n  padding-top: 20px;\n}\n<\/style>\n\t<\/div>\n\t\n<div class=\"row\"  id=\"row-2130837326\">\n\n\t<div id=\"col-1684525252\" class=\"col small-12 large-12\"  >\n\t\t\t\t<div class=\"col-inner\"  >\n\t\t\t\n\t\t\t\n<div class=\"row\"  id=\"row-1923297079\">\n\n\t<div id=\"col-215116400\" class=\"col medium-6 small-12 large-6\"  >\n\t\t\t\t<div class=\"col-inner\"  >\n\t\t\t\n\t\t\t\n\t<div class=\"img has-hover x md-x lg-x y md-y lg-y\" id=\"image_464318197\">\n\t\t\t\t\t\t\t\t<div class=\"img-inner dark\" >\n\t\t\t<img loading=\"lazy\" decoding=\"async\" width=\"603\" height=\"1030\" src=\"https:\/\/static.formar.net\/wp-content\/uploads\/sites\/1\/2022\/11\/02111031\/Poltrona-comoda_quote-fronte-603x1030.jpg\" class=\"attachment-large size-large\" alt=\"\" srcset=\"https:\/\/static.formar.net\/wp-content\/uploads\/sites\/1\/2022\/11\/02111031\/Poltrona-comoda_quote-fronte-603x1030.jpg 603w, https:\/\/static.formar.net\/wp-content\/uploads\/sites\/1\/2022\/11\/02111031\/Poltrona-comoda_quote-fronte-176x300.jpg 176w, https:\/\/static.formar.net\/wp-content\/uploads\/sites\/1\/2022\/11\/02111031\/Poltrona-comoda_quote-fronte-768x1311.jpg 768w, https:\/\/static.formar.net\/wp-content\/uploads\/sites\/1\/2022\/11\/02111031\/Poltrona-comoda_quote-fronte-900x1536.jpg 900w, https:\/\/static.formar.net\/wp-content\/uploads\/sites\/1\/2022\/11\/02111031\/Poltrona-comoda_quote-fronte-1200x2048.jpg 1200w, https:\/\/static.formar.net\/wp-content\/uploads\/sites\/1\/2022\/11\/02111031\/Poltrona-comoda_quote-fronte-510x870.jpg 510w, https:\/\/static.formar.net\/wp-content\/uploads\/sites\/1\/2022\/11\/02111031\/Poltrona-comoda_quote-fronte-1055x1800.jpg 1055w, https:\/\/static.formar.net\/wp-content\/uploads\/sites\/1\/2022\/11\/02111031\/Poltrona-comoda_quote-fronte-600x1024.jpg 600w, https:\/\/static.formar.net\/wp-content\/uploads\/sites\/1\/2022\/11\/02111031\/Poltrona-comoda_quote-fronte-scaled.jpg 1500w\" sizes=\"auto, (max-width: 603px) 100vw, 603px\" \/>\t\t\t\t\t\t\n\t\t\t\t\t<\/div>\n\t\t\t\t\t\t\t\t\n<style>\n#image_464318197 {\n  width: 100%;\n}\n<\/style>\n\t<\/div>\n\t\n\t\t<\/div>\n\t\t\t\t\t<\/div>\n\n\t\n\n\t<div id=\"col-905463322\" class=\"col medium-6 small-12 large-6\"  >\n\t\t\t\t<div class=\"col-inner\"  >\n\t\t\t\n\t\t\t\n\t<div class=\"img has-hover x md-x lg-x y md-y lg-y\" id=\"image_1058903333\">\n\t\t\t\t\t\t\t\t<div class=\"img-inner dark\" >\n\t\t\t<img loading=\"lazy\" decoding=\"async\" width=\"603\" height=\"1030\" src=\"https:\/\/static.formar.net\/wp-content\/uploads\/sites\/1\/2022\/11\/02111029\/Poltrona-comoda_quote-fianco-603x1030.jpg\" class=\"attachment-large size-large\" alt=\"\" srcset=\"https:\/\/static.formar.net\/wp-content\/uploads\/sites\/1\/2022\/11\/02111029\/Poltrona-comoda_quote-fianco-603x1030.jpg 603w, https:\/\/static.formar.net\/wp-content\/uploads\/sites\/1\/2022\/11\/02111029\/Poltrona-comoda_quote-fianco-176x300.jpg 176w, https:\/\/static.formar.net\/wp-content\/uploads\/sites\/1\/2022\/11\/02111029\/Poltrona-comoda_quote-fianco-768x1311.jpg 768w, https:\/\/static.formar.net\/wp-content\/uploads\/sites\/1\/2022\/11\/02111029\/Poltrona-comoda_quote-fianco-900x1536.jpg 900w, https:\/\/static.formar.net\/wp-content\/uploads\/sites\/1\/2022\/11\/02111029\/Poltrona-comoda_quote-fianco-1200x2048.jpg 1200w, https:\/\/static.formar.net\/wp-content\/uploads\/sites\/1\/2022\/11\/02111029\/Poltrona-comoda_quote-fianco-510x870.jpg 510w, https:\/\/static.formar.net\/wp-content\/uploads\/sites\/1\/2022\/11\/02111029\/Poltrona-comoda_quote-fianco-1055x1800.jpg 1055w, https:\/\/static.formar.net\/wp-content\/uploads\/sites\/1\/2022\/11\/02111029\/Poltrona-comoda_quote-fianco-600x1024.jpg 600w, https:\/\/static.formar.net\/wp-content\/uploads\/sites\/1\/2022\/11\/02111029\/Poltrona-comoda_quote-fianco-scaled.jpg 1500w\" sizes=\"auto, (max-width: 603px) 100vw, 603px\" \/>\t\t\t\t\t\t\n\t\t\t\t\t<\/div>\n\t\t\t\t\t\t\t\t\n<style>\n#image_1058903333 {\n  width: 100%;\n}\n<\/style>\n\t<\/div>\n\t\n\t\t<\/div>\n\t\t\t\t\t<\/div>\n\n\t\n<\/div>\n\t\t<\/div>\n\t\t\t\t\t<\/div>\n\n\t\n<\/div>\n\t\t<\/div>\n\n\t\t\n<style>\n#section_615396040 {\n  padding-top: 30px;\n  padding-bottom: 30px;\n}\n@media (min-width:550px) {\n  #section_615396040 {\n    padding-top: 50px;\n    padding-bottom: 50px;\n  }\n}\n@media (min-width:850px) {\n  #section_615396040 {\n    padding-top: 70px;\n    padding-bottom: 70px;\n  }\n}\n<\/style>\n\t<\/section>\n\t\n<div class=\"is-divider divider clearfix\" style=\"max-width:2000px;\"><\/div>\n\n\t<section class=\"section\" id=\"section_1416482573\">\n\t\t<div class=\"section-bg fill\" >\n\t\t\t\t\t\t\t\t\t\n\t\t\t\n\n\t\t<\/div>\n\n\t\t\n\n\t\t<div class=\"section-content relative\">\n\t\t\t\n<div class=\"row align-middle\"  id=\"row-759538165\">\n\n\t<div id=\"col-705277383\" class=\"col medium-12 small-12 large-6\"  >\n\t\t\t\t<div class=\"col-inner text-center\"  >\n\t\t\t\n\t\t\t\n\t<div class=\"img has-hover x md-x lg-x y md-y lg-y\" id=\"image_1137081008\">\n\t\t<a class=\"\" href=\"https:\/\/formar.shop\/wp-content\/uploads\/2022\/10\/Attestato-conformita-scaled.jpg\" >\t\t\t\t\t\t<div class=\"img-inner dark\" >\n\t\t\t<img loading=\"lazy\" decoding=\"async\" width=\"1810\" height=\"2560\" src=\"https:\/\/static.formar.net\/wp-content\/uploads\/sites\/1\/2022\/10\/02111139\/Attestato-conformita-scaled.jpg\" class=\"attachment-original size-original\" alt=\"\" srcset=\"https:\/\/static.formar.net\/wp-content\/uploads\/sites\/1\/2022\/10\/02111139\/Attestato-conformita-scaled.jpg 1810w, https:\/\/static.formar.net\/wp-content\/uploads\/sites\/1\/2022\/10\/02111139\/Attestato-conformita-212x300.jpg 212w, https:\/\/static.formar.net\/wp-content\/uploads\/sites\/1\/2022\/10\/02111139\/Attestato-conformita-728x1030.jpg 728w, https:\/\/static.formar.net\/wp-content\/uploads\/sites\/1\/2022\/10\/02111139\/Attestato-conformita-768x1086.jpg 768w, https:\/\/static.formar.net\/wp-content\/uploads\/sites\/1\/2022\/10\/02111139\/Attestato-conformita-1086x1536.jpg 1086w, https:\/\/static.formar.net\/wp-content\/uploads\/sites\/1\/2022\/10\/02111139\/Attestato-conformita-1448x2048.jpg 1448w, https:\/\/static.formar.net\/wp-content\/uploads\/sites\/1\/2022\/10\/02111139\/Attestato-conformita-510x721.jpg 510w, https:\/\/static.formar.net\/wp-content\/uploads\/sites\/1\/2022\/10\/02111139\/Attestato-conformita-1200x1697.jpg 1200w, https:\/\/static.formar.net\/wp-content\/uploads\/sites\/1\/2022\/10\/02111139\/Attestato-conformita-600x848.jpg 600w\" sizes=\"auto, (max-width: 1810px) 100vw, 1810px\" \/>\t\t\t\t\t\t\n\t\t\t\t\t<\/div>\n\t\t\t\t\t\t<\/a>\t\t\n<style>\n#image_1137081008 {\n  width: 100%;\n}\n<\/style>\n\t<\/div>\n\t\n\t\t<\/div>\n\t\t\t\t\t<\/div>\n\n\t\n\n\t<div id=\"col-1679561688\" class=\"col medium-12 small-12 large-6\"  >\n\t\t\t\t<div class=\"col-inner\"  >\n\t\t\t\n\t\t\t\n\t<div id=\"gap-172993793\" class=\"gap-element clearfix\" style=\"display:block; height:auto;\">\n\t\t\n<style>\n#gap-172993793 {\n  padding-top: 10px;\n}\n@media (min-width:850px) {\n  #gap-172993793 {\n    padding-top: 30px;\n  }\n}\n<\/style>\n\t<\/div>\n\t\n\t<div id=\"text-1748425460\" class=\"text\">\n\t\t\n<h2><span style=\"color: #525252;\">Komfortabel er certificeret<\/span><\/h2>\n\t\t\n<style>\n#text-1748425460 {\n  font-size: 1.5rem;\n}\n<\/style>\n\t<\/div>\n\t\n<p>Comoda har best\u00e5et alle tests og opn\u00e5et OVERENSSTEMMELSESERKL\u00c6RING Nr. AC 017\/2022 i henhold til standarden UNI EN 1335-1:2020 og er i overensstemmelse med bilag XXXIV i lovdekret 81\/08 med henvisning til UNI-standarderne, der regulerer principperne i dekretet.<\/p>\n\t\t<\/div>\n\t\t\t\t\n<style>\n#col-1679561688 > .col-inner {\n  padding: 0px 0px 0px 0;\n}\n@media (min-width:850px) {\n  #col-1679561688 > .col-inner {\n    padding: 0px 0px 0px 10%;\n  }\n}\n<\/style>\n\t<\/div>\n\n\t\n<\/div>\n\t\t<\/div>\n\n\t\t\n<style>\n#section_1416482573 {\n  padding-top: 40px;\n  padding-bottom: 40px;\n}\n@media (min-width:850px) {\n  #section_1416482573 {\n    padding-top: 0px;\n    padding-bottom: 0px;\n  }\n}\n<\/style>\n\t<\/section>\n\t\n<div class=\"is-divider divider clearfix\" style=\"max-width:2000px;\"><\/div>\n<div class=\"row row-collapse row-full-width align-equal\"  id=\"row-2093236993\">\n\n\t<div id=\"col-62685686\" class=\"col medium-7 small-12 large-7\"  >\n\t\t\t\t<div class=\"col-inner\"  >\n\t\t\t\n\t\t\t\n\n\t<section class=\"section dark\" id=\"section_1689053548\">\n\t\t<div class=\"section-bg fill\" >\n\t\t\t\t\t\t\t\t\t\n\t\t\t\n\n\t\t<\/div>\n\n\t\t\n\n\t\t<div class=\"section-content relative\">\n\t\t\t\n<div class=\"row\"  id=\"row-1378423161\">\n\n\t<div id=\"col-330787377\" class=\"col medium-12 small-12 large-8\"  >\n\t\t\t\t<div class=\"col-inner\"  >\n\t\t\t\n\t\t\t\n\t<div id=\"gap-60112762\" class=\"gap-element clearfix\" style=\"display:block; height:auto;\">\n\t\t\n<style>\n#gap-60112762 {\n  padding-top: 30px;\n}\n<\/style>\n\t<\/div>\n\t\n\t<div id=\"text-2997028055\" class=\"text\">\n\t\t\n<h3 class=\"uppercase\">Garanti<\/h3>\n\t\t\n<style>\n#text-2997028055 {\n  font-size: 1.25rem;\n  line-height: 1.25;\n}\n<\/style>\n\t<\/div>\n\t\n<div class=\"is-divider divider clearfix\" style=\"margin-top:1.6em;margin-bottom:1.6em;max-width:150px;background-color:rgb(255, 255, 255);\"><\/div>\n\t<div id=\"text-3349508966\" class=\"text\">\n\t\t\n<h3>5 \u00c5R<\/h3>\n\t\t\n<style>\n#text-3349508966 {\n  font-size: 4rem;\n  line-height: 0.75;\n}\n<\/style>\n\t<\/div>\n\t\n\t\t<\/div>\n\t\t\t\t\n<style>\n#col-330787377 > .col-inner {\n  padding: 0px 0px 0px 0;\n}\n@media (min-width:850px) {\n  #col-330787377 > .col-inner {\n    padding: 0px 0px 0px 20%;\n  }\n}\n<\/style>\n\t<\/div>\n\n\t\n<\/div>\n\t\t<\/div>\n\n\t\t\n<style>\n#section_1689053548 {\n  padding-top: 30px;\n  padding-bottom: 30px;\n  min-height: 300px;\n  background-color: rgb(39, 54, 71);\n}\n@media (min-width:550px) {\n  #section_1689053548 {\n    min-height: 400px;\n  }\n}\n@media (min-width:850px) {\n  #section_1689053548 {\n    min-height: 500px;\n  }\n}\n<\/style>\n\t<\/section>\n\t\n\t\t<\/div>\n\t\t\t\t\t<\/div>\n\n\t\n\n\t<div id=\"col-476382653\" class=\"col medium-5 small-12 large-5 small-col-first\"  >\n\t\t\t\t<div class=\"col-inner\"  >\n\t\t\t\n\t\t\t\n\n  <div class=\"banner has-hover\" id=\"banner-29175467\">\n          <div class=\"banner-inner fill\">\n        <div class=\"banner-bg fill\" >\n            <img loading=\"lazy\" decoding=\"async\" width=\"1020\" height=\"680\" src=\"https:\/\/static.formar.net\/wp-content\/uploads\/sites\/1\/2022\/02\/02111058\/MG_2792-scaled.jpg\" class=\"bg attachment-large size-large\" alt=\"\" \/>                                    \n                    <\/div>\n\t\t\n        <div class=\"banner-layers container\">\n            <div class=\"fill banner-link\"><\/div>               <div id=\"text-box-2825957\" class=\"text-box banner-layer x50 md-x50 lg-x50 y50 md-y50 lg-y50 res-text\">\n                     <div data-animate=\"fadeIn\">           <div class=\"text-box-content text dark\">\n              \n              <div class=\"text-inner text-center\">\n                  \n              <\/div>\n           <\/div>\n       <\/div>                     \n<style>\n#text-box-2825957 {\n  width: 60%;\n}\n#text-box-2825957 .text-box-content {\n  font-size: 100%;\n}\n@media (min-width:550px) {\n  #text-box-2825957 {\n    width: 60%;\n  }\n}\n<\/style>\n    <\/div>\n         <\/div>\n      <\/div>\n\n            \n<style>\n#banner-29175467 {\n  padding-top: 250px;\n  background-color: rgb(39, 54, 71);\n}\n#banner-29175467 .banner-bg img {\n  object-position: 60% 60%;\n}\n@media (min-width:550px) {\n  #banner-29175467 {\n    padding-top: 400px;\n  }\n}\n@media (min-width:850px) {\n  #banner-29175467 {\n    padding-top: 500px;\n  }\n}\n<\/style>\n  <\/div>\n\n\n\t\t<\/div>\n\t\t\t\t\t<\/div>\n\n\t\n<\/div>\n<div class=\"is-divider divider clearfix\" style=\"max-width:2000px;\"><\/div>\n\n\t<section class=\"section dark\" id=\"section_1982097343\">\n\t\t<div class=\"section-bg fill\" >\n\t\t\t\t\t\t\t\t\t<div class=\"section-bg-overlay absolute fill\"><\/div>\n\t\t\t\n\n\t\t<\/div>\n\n\t\t\n\n\t\t<div class=\"section-content relative\">\n\t\t\t\n<div class=\"row align-center\"  id=\"row-1732099025\">\n\n\t<div id=\"col-1667782848\" class=\"col medium-6 small-12 large-5\"  >\n\t\t\t\t<div class=\"col-inner text-center dark\"  >\n\t\t\t\n\t\t\t\n\t<div id=\"gap-761866940\" class=\"gap-element clearfix\" style=\"display:block; height:auto;\">\n\t\t\n<style>\n#gap-761866940 {\n  padding-top: 30px;\n}\n<\/style>\n\t<\/div>\n\t\n\t<div id=\"text-3841758093\" class=\"text\">\n\t\t\n<h3>Komfortabel<\/h3>\n\t\t\n<style>\n#text-3841758093 {\n  font-size: 2.25rem;\n  line-height: 0.75;\n}\n<\/style>\n\t<\/div>\n\t\n<h1>Funktioner<\/h1>\n\t\t<\/div>\n\t\t\t\t\t<\/div>\n\n\t\n<\/div>\n<div class=\"row row-small align-equal align-center\"  id=\"row-754727192\">\n\n\t<div id=\"col-632229076\" class=\"col medium-4 small-12 large-4\"  >\n\t\t\t\t<div class=\"col-inner\"  >\n\t\t\t\n\t\t\t\n\n\t\t<div class=\"icon-box featured-box icon-box-center text-center\"  >\n\t\t\t\t<div class=\"icon-box-text last-reset\">\n\t\t\t\t\t\t\t\t\t\n<h3><span style=\"color: #525252;\">Hjul<\/span><\/h3>\n<p><span style=\"color: #808080;\">Unikt p\u00e5 markedet: Det eksklusive design g\u00f8r hjulet visuelt let, og det er velegnet til alle typer gulve.<\/span><\/p>\n\t\t<\/div>\n\t<\/div>\n\t\n\t\n\t\t<\/div>\n\t\t\t\t\t<\/div>\n\n\t\n\n\t<div id=\"col-1039138957\" class=\"col medium-4 small-12 large-4\"  >\n\t\t\t\t<div class=\"col-inner\"  >\n\t\t\t\n\t\t\t\n\n\t\t<div class=\"icon-box featured-box icon-box-center text-center\"  >\n\t\t\t\t<div class=\"icon-box-text last-reset\">\n\t\t\t\t\t\t\t\t\t\n\t<div id=\"text-1846130373\" class=\"text\">\n\t\t\n<h3><span style=\"color: #525252;\">Basis<\/span><\/h3>\n<p><span style=\"color: #808080;\">5 eger af nylon, diameter 680 mm, med metalforst\u00e6rkning, hvor gasstemplet sidder.<\/span><br \/>\n\t\t\n<style>\n#text-1846130373 {\n  color: rgb(0, 0, 0);\n}\n#text-1846130373 > * {\n  color: rgb(0, 0, 0);\n}\n<\/style>\n\t<\/div>\n\t\n\t\t<\/div>\n\t<\/div>\n\t\n\t\n\t\t<\/div>\n\t\t\t\t\t<\/div>\n\n\t\n\n\t<div id=\"col-693530301\" class=\"col medium-4 small-12 large-4\"  >\n\t\t\t\t<div class=\"col-inner\"  >\n\t\t\t\n\t\t\t\n\n\t\t<div class=\"icon-box featured-box icon-box-center text-center\"  >\n\t\t\t\t<div class=\"icon-box-text last-reset\">\n\t\t\t\t\t\t\t\t\t\n<h3><span style=\"color: #525252;\">Gasstempel<\/span><\/h3>\n<p><span style=\"color: #808080;\">I sort farve, der matcher strukturen og basen. R\u00f8r med en diameter p\u00e5 50 mm, st\u00e5lstamme med en diameter p\u00e5 28 mm. I overensstemmelse med klasse 4 i DIN 4550-standarden. <\/span><\/p>\n\t\t<\/div>\n\t<\/div>\n\t\n\t\n\t\t<\/div>\n\t\t\t\t\t<\/div>\n\n\t\n\n\t<div id=\"col-206639899\" class=\"col medium-4 small-12 large-4\"  >\n\t\t\t\t<div class=\"col-inner\"  >\n\t\t\t\n\t\t\t\n\n\t\t<div class=\"icon-box featured-box icon-box-center text-center\"  >\n\t\t\t\t<div class=\"icon-box-text last-reset\">\n\t\t\t\t\t\t\t\t\t\n<h3><span style=\"color: #525252;\">Polstring af s\u00e6der<\/span><\/h3>\n<p><span style=\"color: #808080;\">S\u00e6dets betr\u00e6k er lavet af brandh\u00e6mmende stof <strong>Madrid<\/strong>, der f\u00e5s i farverne sort, r\u00f8d og bl\u00e5, og er meget modstandsdygtig over for rifter og slid. Stoffet er 100% polypropylen FR. V\u00e6gt 250 g\/m2. Slidstyrke 100000 Martindale-cyklusser. Gnidningsmodstand (EN ISO 105-X12): V\u00e5d: niveau 4\/5 &#8211; T\u00f8r niveau 4\/5. Ant\u00e6ndelighed 1IM UNI 9175. Lys\u00e6gthed (EN ISO 105-B02) niveau 5. Lydabsorption: UNI EN ISO 354:2003.       <\/span><\/p>\n\t\t<\/div>\n\t<\/div>\n\t\n\t\n\t\t<\/div>\n\t\t\t\t\t<\/div>\n\n\t\n\n\t<div id=\"col-872888179\" class=\"col medium-4 small-12 large-4\"  >\n\t\t\t\t<div class=\"col-inner\"  >\n\t\t\t\n\t\t\t\n\n\t\t<div class=\"icon-box featured-box icon-box-center text-center\"  >\n\t\t\t\t<div class=\"icon-box-text last-reset\">\n\t\t\t\t\t\t\t\t\t\n<h3><span style=\"color: #525252;\">Synkron mekanisme<\/span><\/h3>\n<p><span style=\"color: #808080;\">Vi har anvendt Synchron-mekanismen, en af de mest avancerede og effektive p\u00e5 markedet. Den har fire l\u00e5sepositioner og en knap til justering af svingningen baseret p\u00e5 brugerens kropsv\u00e6gt. Synchron-mekanismen, i mods\u00e6tning til andre mekanismer, der normalt monteres p\u00e5 kontorstole, g\u00f8r det muligt altid at opretholde en 90\u00b0 vinkel mellem overkroppen og benene, hvilket sikrer korrekt holdning. Den er ogs\u00e5 udstyret med et &#8220;<em>antishock<\/em>&#8220;-system, der forhindrer voldsom og utilsigtet tilbagevenden af rygl\u00e6net.   <\/span><\/p>\n\t\t<\/div>\n\t<\/div>\n\t\n\t\n\t\t<\/div>\n\t\t\t\t\t<\/div>\n\n\t\n\n\t<div id=\"col-1752017890\" class=\"col medium-4 small-12 large-4\"  >\n\t\t\t\t<div class=\"col-inner\"  >\n\t\t\t\n\t\t\t\n\n\t\t<div class=\"icon-box featured-box icon-box-center text-center\"  >\n\t\t\t\t<div class=\"icon-box-text last-reset\">\n\t\t\t\t\t\t\t\t\t\n<h3><span style=\"color: #525252;\">Polstring af s\u00e6der<\/span><\/h3>\n<p><span style=\"color: #808080;\">S\u00e6det er polstret med polyurethanskum i forskellige densiteter med en tykkelse p\u00e5 50+10 mm (samlet tykkelse 60 mm), hvilket er meget komfortabelt selv ved intensiv brug. Polstringen best\u00e5r af to elementer af ekspanderet polyurethan: det f\u00f8rste, placeret i den nederste del, er 50 mm tykt med en densitet p\u00e5 25 kg\/m3. Det andet, placeret i den del, der er i kontakt med brugeren, er 10 mm tykt med en densitet p\u00e5 18 kg\/m3. Dette valg, som vi har truffet, giver maksimal komfort for brugeren.   <\/span><\/p>\n\t\t<\/div>\n\t<\/div>\n\t\n\t\n\t\t<\/div>\n\t\t\t\t\t<\/div>\n\n\t\n\n\t<div id=\"col-216366748\" class=\"col medium-4 small-12 large-4\"  >\n\t\t\t\t<div class=\"col-inner\"  >\n\t\t\t\n\t\t\t\n\n\t\t<div class=\"icon-box featured-box icon-box-center text-center\"  >\n\t\t\t\t<div class=\"icon-box-text last-reset\">\n\t\t\t\t\t\t\t\t\t\n<h3><span style=\"color: #525252;\">Rygl\u00e6n<\/span><\/h3>\n<p><span style=\"color: #808080;\">I \u00e5ndbart sort net og rygl\u00e6nsramme med en elegant og moderne linje. Rygl\u00e6net er udstyret med l\u00e6ndest\u00f8tte, der kan justeres i h\u00f8jden i 8 positioner efter brugerens behov. Den er ogs\u00e5 udstyret med nakkest\u00f8tte, som ogs\u00e5 kan justeres i h\u00f8jden.  <\/span><\/p>\n\t\t<\/div>\n\t<\/div>\n\t\n\t\n\t\t<\/div>\n\t\t\t\t\t<\/div>\n\n\t\n\n\t<div id=\"col-244820477\" class=\"col medium-4 small-12 large-4\"  >\n\t\t\t\t<div class=\"col-inner\"  >\n\t\t\t\n\t\t\t\n\n\t\t<div class=\"icon-box featured-box icon-box-center text-center\"  >\n\t\t\t\t<div class=\"icon-box-text last-reset\">\n\t\t\t\t\t\t\t\t\t\n<h3><span style=\"color: #333333;\">3D-arml\u00e6n<\/span><\/h3>\n<p><span style=\"color: #808080;\">Arml\u00e6nene kan justeres i h\u00f8jden, dybden og kan roteres til h\u00f8jre og venstre. Den \u00f8verste del af arml\u00e6net er i bl\u00f8dt pad, der sikrer absolut komfort. <\/span><\/p>\n<p><em><strong> <\/strong><\/em><\/p>\n\t\t<\/div>\n\t<\/div>\n\t\n\t\n\t\t<\/div>\n\t\t\t\t\t<\/div>\n\n\t\n\n\t<div id=\"col-1320021248\" class=\"col medium-4 small-12 large-4\"  >\n\t\t\t\t<div class=\"col-inner\"  >\n\t\t\t\n\t\t\t\n\n\t\t<div class=\"icon-box featured-box icon-box-center text-center\"  >\n\t\t\t\t<div class=\"icon-box-text last-reset\">\n\t\t\t\t\t\t\t\t\t\n<h3><span style=\"color: #525252;\">Indvendige siddepladser<\/span><\/h3>\n<p><span style=\"color: #808080;\">Fremstillet af 9 mm tykt b\u00f8getr\u00e6 i flere lag (intet plastmateriale) for maksimal holdbarhed under belastning.<\/span><\/p>\n<h4><span style=\"color: #525252;\"><strong>S\u00e6debetr\u00e6k:<\/strong><\/span><\/h4>\n<p><span style=\"color: #808080;\">Fremstillet af sort ABS.<\/span><\/p>\n<p><em><strong> <\/strong><\/em><\/p>\n\t\t<\/div>\n\t<\/div>\n\t\n\t\n\t\t<\/div>\n\t\t\t\t\t<\/div>\n\n\t\n\n<style>\n#row-754727192 > .col > .col-inner {\n  padding: 30px 20px 30px 20px;\n  background-color: rgb(255,255,255);\n}\n@media (min-width:850px) {\n  #row-754727192 > .col > .col-inner {\n    padding: 40px 40px 40px 40px;\n  }\n}\n<\/style>\n<\/div>\n\t\t<\/div>\n\n\t\t\n<style>\n#section_1982097343 {\n  padding-top: 40px;\n  padding-bottom: 40px;\n}\n#section_1982097343 .section-bg-overlay {\n  background-color: rgb(39, 54, 71);\n}\n@media (min-width:550px) {\n  #section_1982097343 {\n    padding-top: 0px;\n    padding-bottom: 0px;\n  }\n}\n<\/style>\n\t<\/section>\n\t\n\n\t<section class=\"section\" id=\"section_2095894758\">\n\t\t<div class=\"section-bg fill\" >\n\t\t\t\t\t\t\t\t\t\n\t\t\t\n\n\t\t<\/div>\n\n\t\t\n\n\t\t<div class=\"section-content relative\">\n\t\t\t\n<div class=\"is-divider divider clearfix\" style=\"max-width:2000px;\"><\/div>\n<div class=\"row align-middle\"  id=\"row-2036310624\">\n\n\t<div id=\"col-581458087\" class=\"col medium-12 small-12 large-5\"  >\n\t\t\t\t<div class=\"col-inner\"  >\n\t\t\t\n\t\t\t\n\t<div class=\"img has-hover x md-x lg-x y md-y lg-y\" id=\"image_365311561\">\n\t\t\t\t\t\t\t\t<div class=\"img-inner dark\" >\n\t\t\t<img loading=\"lazy\" decoding=\"async\" width=\"1020\" height=\"765\" src=\"https:\/\/static.formar.net\/wp-content\/uploads\/sites\/1\/2022\/11\/02111129\/Libretto-istruzioni-1030x773.jpg\" class=\"attachment-large size-large\" alt=\"\" srcset=\"https:\/\/static.formar.net\/wp-content\/uploads\/sites\/1\/2022\/11\/02111129\/Libretto-istruzioni-1030x773.jpg 1030w, https:\/\/static.formar.net\/wp-content\/uploads\/sites\/1\/2022\/11\/02111129\/Libretto-istruzioni-300x225.jpg 300w, https:\/\/static.formar.net\/wp-content\/uploads\/sites\/1\/2022\/11\/02111129\/Libretto-istruzioni-768x576.jpg 768w, https:\/\/static.formar.net\/wp-content\/uploads\/sites\/1\/2022\/11\/02111129\/Libretto-istruzioni-1536x1152.jpg 1536w, https:\/\/static.formar.net\/wp-content\/uploads\/sites\/1\/2022\/11\/02111129\/Libretto-istruzioni-2048x1536.jpg 2048w, https:\/\/static.formar.net\/wp-content\/uploads\/sites\/1\/2022\/11\/02111129\/Libretto-istruzioni-510x383.jpg 510w, https:\/\/static.formar.net\/wp-content\/uploads\/sites\/1\/2022\/11\/02111129\/Libretto-istruzioni-1200x900.jpg 1200w, https:\/\/static.formar.net\/wp-content\/uploads\/sites\/1\/2022\/11\/02111129\/Libretto-istruzioni-600x450.jpg 600w\" sizes=\"auto, (max-width: 1020px) 100vw, 1020px\" \/>\t\t\t\t\t\t\n\t\t\t\t\t<\/div>\n\t\t\t\t\t\t\t\t\n<style>\n#image_365311561 {\n  width: 100%;\n}\n<\/style>\n\t<\/div>\n\t\n\t\t<\/div>\n\t\t\t\t\t<\/div>\n\n\t\n\n\t<div id=\"col-2004417636\" class=\"col medium-12 small-12 large-7\"  >\n\t\t\t\t<div class=\"col-inner\"  >\n\t\t\t\n\t\t\t\n\t<div id=\"gap-1186852424\" class=\"gap-element clearfix\" style=\"display:block; height:auto;\">\n\t\t\n<style>\n#gap-1186852424 {\n  padding-top: 10px;\n}\n@media (min-width:850px) {\n  #gap-1186852424 {\n    padding-top: 30px;\n  }\n}\n<\/style>\n\t<\/div>\n\t\n\t<div id=\"text-1622914867\" class=\"text\">\n\t\t\n<h2><span style=\"color: #525252;\">Komfortabelt er nemt<\/span><\/h2>\n\t\t\n<style>\n#text-1622914867 {\n  font-size: 1.5rem;\n}\n<\/style>\n\t<\/div>\n\t\n<p><span style=\"color: #808080; font-size: 100%;\">L\u00e6nestolen leveres formonteret: arml\u00e6nene og Synchron-mekanismen er allerede monteret p\u00e5 s\u00e6det.<\/span><\/p>\n<p><span style=\"color: #808080;\">Der medf\u00f8lger<\/span><\/p>\n<ul>\n<li><span style=\"color: #808080;\">Instruktionsh\u00e6fte<\/span><\/li>\n<li><span style=\"color: #808080;\">Sekskantn\u00f8gle <span style=\"font-size: 100%;\">til fastg\u00f8relse af rygl\u00e6net p\u00e5 st<\/span>ellet<\/span><\/li>\n<\/ul>\n\t\t<\/div>\n\t\t\t\t\n<style>\n#col-2004417636 > .col-inner {\n  padding: 0px 0px 0px 0;\n}\n@media (min-width:850px) {\n  #col-2004417636 > .col-inner {\n    padding: 0px 0px 0px 10%;\n  }\n}\n<\/style>\n\t<\/div>\n\n\t\n<\/div>\n<div class=\"is-divider divider clearfix\" style=\"max-width:2000px;\"><\/div>\n\t\t<\/div>\n\n\t\t\n<style>\n#section_2095894758 {\n  padding-top: 40px;\n  padding-bottom: 40px;\n}\n@media (min-width:850px) {\n  #section_2095894758 {\n    padding-top: 70px;\n    padding-bottom: 70px;\n  }\n}\n<\/style>\n\t<\/section>\n\t\n<div class=\"row row-collapse row-full-width align-equal\"  id=\"row-20199889\">\n\n\t<div id=\"col-2004231111\" class=\"col medium-7 small-12 large-7\"  >\n\t\t\t\t<div class=\"col-inner\"  >\n\t\t\t\n\t\t\t\n\n\t<section class=\"section dark\" id=\"section_178678856\">\n\t\t<div class=\"section-bg fill\" >\n\t\t\t\t\t\t\t\t\t\n\t\t\t\n\n\t\t<\/div>\n\n\t\t\n\n\t\t<div class=\"section-content relative\">\n\t\t\t\n<div class=\"row\"  id=\"row-1970568804\">\n\n\t<div id=\"col-2107041902\" class=\"col medium-12 small-12 large-10\"  >\n\t\t\t\t<div class=\"col-inner\"  >\n\t\t\t\n\t\t\t\n\t<div id=\"gap-130865609\" class=\"gap-element clearfix\" style=\"display:block; height:auto;\">\n\t\t\n<style>\n#gap-130865609 {\n  padding-top: 30px;\n}\n<\/style>\n\t<\/div>\n\t\n\t<div id=\"text-3109817725\" class=\"text\">\n\t\t\n<h2 class=\"uppercase\">behagelig indpakning<\/h2>\n\t\t\n<style>\n#text-3109817725 {\n  font-size: 1.25rem;\n  line-height: 1.25;\n}\n<\/style>\n\t<\/div>\n\t\n<div class=\"is-divider divider clearfix\" style=\"margin-top:1.6em;margin-bottom:1.6em;max-width:150px;background-color:rgb(255, 255, 255);\"><\/div>\n<p>Robust emballage med sans for detaljerne Emballagest\u00f8rrelse: 68 x 68 x H 40 cm<\/p>\n\t\t<\/div>\n\t\t\t\t\n<style>\n#col-2107041902 > .col-inner {\n  padding: 0px 0px 0px 0;\n}\n@media (min-width:850px) {\n  #col-2107041902 > .col-inner {\n    padding: 0px 0px 0px 20%;\n  }\n}\n<\/style>\n\t<\/div>\n\n\t\n<\/div>\n\t\t<\/div>\n\n\t\t\n<style>\n#section_178678856 {\n  padding-top: 30px;\n  padding-bottom: 30px;\n  min-height: 300px;\n  background-color: rgb(39, 54, 71);\n}\n@media (min-width:550px) {\n  #section_178678856 {\n    min-height: 400px;\n  }\n}\n@media (min-width:850px) {\n  #section_178678856 {\n    min-height: 500px;\n  }\n}\n<\/style>\n\t<\/section>\n\t\n\t\t<\/div>\n\t\t\t\t\t<\/div>\n\n\t\n\n\t<div id=\"col-1378485109\" class=\"col medium-5 small-12 large-5 col-divided\"  >\n\t\t\t\t<div class=\"col-inner text-left\"  >\n\t\t\t\n\t\t\t\n\t<div class=\"img has-hover x md-x lg-x y md-y lg-y\" id=\"image_2123074186\">\n\t\t\t\t\t\t\t\t<div class=\"img-inner dark\" >\n\t\t\t<img loading=\"lazy\" decoding=\"async\" width=\"1020\" height=\"749\" src=\"https:\/\/static.formar.net\/wp-content\/uploads\/sites\/1\/2022\/10\/02111137\/Scatolaaaa-1030x756.jpg\" class=\"attachment-large size-large\" alt=\"\" srcset=\"https:\/\/static.formar.net\/wp-content\/uploads\/sites\/1\/2022\/10\/02111137\/Scatolaaaa-1030x756.jpg 1030w, https:\/\/static.formar.net\/wp-content\/uploads\/sites\/1\/2022\/10\/02111137\/Scatolaaaa-300x220.jpg 300w, https:\/\/static.formar.net\/wp-content\/uploads\/sites\/1\/2022\/10\/02111137\/Scatolaaaa-768x564.jpg 768w, https:\/\/static.formar.net\/wp-content\/uploads\/sites\/1\/2022\/10\/02111137\/Scatolaaaa-1536x1128.jpg 1536w, https:\/\/static.formar.net\/wp-content\/uploads\/sites\/1\/2022\/10\/02111137\/Scatolaaaa-2048x1504.jpg 2048w, https:\/\/static.formar.net\/wp-content\/uploads\/sites\/1\/2022\/10\/02111137\/Scatolaaaa-510x374.jpg 510w, https:\/\/static.formar.net\/wp-content\/uploads\/sites\/1\/2022\/10\/02111137\/Scatolaaaa-1200x881.jpg 1200w, https:\/\/static.formar.net\/wp-content\/uploads\/sites\/1\/2022\/10\/02111137\/Scatolaaaa-600x441.jpg 600w\" sizes=\"auto, (max-width: 1020px) 100vw, 1020px\" \/>\t\t\t\t\t\t\n\t\t\t\t\t<\/div>\n\t\t\t\t\t\t\t\t\n<style>\n#image_2123074186 {\n  width: 100%;\n}\n<\/style>\n\t<\/div>\n\t\n\t\t<\/div>\n\t\t\t\t\n<style>\n#col-1378485109 > .col-inner {\n  padding: 100px 0px 0px 20px;\n}\n<\/style>\n\t<\/div>\n\n\t\n<\/div>\n<div class=\"is-divider divider clearfix\" style=\"max-width:2000px;\"><\/div>\n\t<div id=\"gap-1957907036\" class=\"gap-element clearfix\" style=\"display:block; height:auto;\">\n\t\t\n<style>\n#gap-1957907036 {\n  padding-top: 30px;\n}\n<\/style>\n\t<\/div>\n\t\n<p>CURA E MANUTENZIONE:<\/p>\n<p>Per mantenere un&#8217;igiene accurata e prolungata \u00e8 sufficiente utilizzare un panno morbido in microfibra, leggermente umidificato e passato sia sulle parti plastiche che su quelle in tessuto.<\/p>\n\n\t<section class=\"section\" id=\"section_566579918\">\n\t\t<div class=\"section-bg fill\" >\n\t\t\t\t\t\t\t\t\t\n\t\t\t\n\n\t\t<\/div>\n\n\t\t\n\n\t\t<div class=\"section-content relative\">\n\t\t\t\n<div class=\"is-divider divider clearfix\" style=\"max-width:1000px;\"><\/div>\n<div class=\"row row-solid\"  id=\"row-1023603583\">\n\n\t<div id=\"col-1416966032\" class=\"col medium-3 small-12 large-3\"  >\n\t\t\t\t<div class=\"col-inner\"  >\n\t\t\t\n\t\t\t\n\n\t\t<div class=\"icon-box featured-box icon-box-center text-center\"  >\n\t\t\t\t\t<div class=\"icon-box-img\" style=\"width: 50px\">\n\t\t\t\t<div class=\"icon\">\n\t\t\t\t\t<div class=\"icon-inner\" >\n\t\t\t\t\t\t<img loading=\"lazy\" decoding=\"async\" width=\"128\" height=\"128\" src=\"https:\/\/static.formar.net\/wp-content\/uploads\/sites\/1\/2022\/10\/02111131\/2703076-128-1-1.png\" class=\"attachment-medium size-medium\" alt=\"\" srcset=\"https:\/\/static.formar.net\/wp-content\/uploads\/sites\/1\/2022\/10\/02111131\/2703076-128-1-1.png 128w, https:\/\/static.formar.net\/wp-content\/uploads\/sites\/1\/2022\/10\/02111131\/2703076-128-1-1-80x80.png 80w, https:\/\/static.formar.net\/wp-content\/uploads\/sites\/1\/2022\/10\/02111131\/2703076-128-1-1-100x100.png 100w, https:\/\/static.formar.net\/wp-content\/uploads\/sites\/1\/2022\/10\/02111131\/2703076-128-1-1-50x50.png 50w\" sizes=\"auto, (max-width: 128px) 100vw, 128px\" \/>\t\t\t\t\t<\/div>\n\t\t\t\t<\/div>\n\t\t\t<\/div>\n\t\t\t\t<div class=\"icon-box-text last-reset\">\n\t\t\t\t\t\t\t\t\t\n<h3>Kundeservice altid tilg\u00e6ngelig<\/h3>\n<p>Du kan n\u00e5 os via WhatsApp:  <a href=\"https:\/\/api.whatsapp.com\/send\/?phone=390715906063&amp;text&amp;type=phone_number&amp;app_absent=0\">+39 071 5906063<\/a><\/p>\n<p>Telefoniske bestillinger: <a href=\"tel:+39800122267\">800 122 267<\/a><\/p>\n\t\t<\/div>\n\t<\/div>\n\t\n\t\n\t\t<\/div>\n\t\t\t\t\t<\/div>\n\n\t\n\n\t<div id=\"col-2124317543\" class=\"col medium-3 small-12 large-3\"  >\n\t\t\t\t<div class=\"col-inner\"  >\n\t\t\t\n\t\t\t\n\n\t\t<div class=\"icon-box featured-box icon-box-center text-center\"  >\n\t\t\t\t\t<div class=\"icon-box-img\" style=\"width: 50px\">\n\t\t\t\t<div class=\"icon\">\n\t\t\t\t\t<div class=\"icon-inner\" >\n\t\t\t\t\t\t<img loading=\"lazy\" decoding=\"async\" width=\"256\" height=\"256\" src=\"https:\/\/static.formar.net\/wp-content\/uploads\/sites\/1\/2022\/11\/02111117\/Icona-carta-di-credito.png\" class=\"attachment-medium size-medium\" alt=\"\" srcset=\"https:\/\/static.formar.net\/wp-content\/uploads\/sites\/1\/2022\/11\/02111117\/Icona-carta-di-credito.png 256w, https:\/\/static.formar.net\/wp-content\/uploads\/sites\/1\/2022\/11\/02111117\/Icona-carta-di-credito-80x80.png 80w, https:\/\/static.formar.net\/wp-content\/uploads\/sites\/1\/2022\/11\/02111117\/Icona-carta-di-credito-100x100.png 100w, https:\/\/static.formar.net\/wp-content\/uploads\/sites\/1\/2022\/11\/02111117\/Icona-carta-di-credito-50x50.png 50w\" sizes=\"auto, (max-width: 256px) 100vw, 256px\" \/>\t\t\t\t\t<\/div>\n\t\t\t\t<\/div>\n\t\t\t<\/div>\n\t\t\t\t<div class=\"icon-box-text last-reset\">\n\t\t\t\t\t\t\t\t\t\n<h3>V\u00e6lg betalingsform<\/h3>\n<p>Betaling via Paypal, kreditkort, kontanter eller Bancomat (p\u00e5 stedet) og kontant ved levering<\/p>\n\t\t<\/div>\n\t<\/div>\n\t\n\t\n\t\t<\/div>\n\t\t\t\t\t<\/div>\n\n\t\n\n\t<div id=\"col-2067937907\" class=\"col medium-3 small-12 large-3\"  >\n\t\t\t\t<div class=\"col-inner\"  >\n\t\t\t\n\t\t\t\n\n\t\t<div class=\"icon-box featured-box icon-box-center text-center\"  >\n\t\t\t\t\t<div class=\"icon-box-img\" style=\"width: 50px\">\n\t\t\t\t<div class=\"icon\">\n\t\t\t\t\t<div class=\"icon-inner\" >\n\t\t\t\t\t\t<img loading=\"lazy\" decoding=\"async\" width=\"128\" height=\"128\" src=\"https:\/\/static.formar.net\/wp-content\/uploads\/sites\/1\/2022\/10\/02111130\/3669335-128-1.png\" class=\"attachment-medium size-medium\" alt=\"\" srcset=\"https:\/\/static.formar.net\/wp-content\/uploads\/sites\/1\/2022\/10\/02111130\/3669335-128-1.png 128w, https:\/\/static.formar.net\/wp-content\/uploads\/sites\/1\/2022\/10\/02111130\/3669335-128-1-80x80.png 80w, https:\/\/static.formar.net\/wp-content\/uploads\/sites\/1\/2022\/10\/02111130\/3669335-128-1-100x100.png 100w, https:\/\/static.formar.net\/wp-content\/uploads\/sites\/1\/2022\/10\/02111130\/3669335-128-1-50x50.png 50w\" sizes=\"auto, (max-width: 128px) 100vw, 128px\" \/>\t\t\t\t\t<\/div>\n\t\t\t\t<\/div>\n\t\t\t<\/div>\n\t\t\t\t<div class=\"icon-box-text last-reset\">\n\t\t\t\t\t\t\t\t\t\n<h3>Nem og ubekymret returnering<\/h3>\n<p>I tilf\u00e6lde af problemer organiserer vi afhentning direkte p\u00e5 din adresse.<a href=\"https:\/\/formar.shop\/da\/regler-for-returnering\/\">(Flere detaljer)<\/a>.<\/p>\n\t\t<\/div>\n\t<\/div>\n\t\n\t\n\t\t<\/div>\n\t\t\t\t\t<\/div>\n\n\t\n\n\t<div id=\"col-261525542\" class=\"col medium-3 small-12 large-3\"  >\n\t\t\t\t<div class=\"col-inner\"  >\n\t\t\t\n\t\t\t\n\n\t\t<div class=\"icon-box featured-box icon-box-center text-center\"  >\n\t\t\t\t\t<div class=\"icon-box-img\" style=\"width: 50px\">\n\t\t\t\t<div class=\"icon\">\n\t\t\t\t\t<div class=\"icon-inner\" >\n\t\t\t\t\t\t<img loading=\"lazy\" decoding=\"async\" width=\"128\" height=\"128\" src=\"https:\/\/static.formar.net\/wp-content\/uploads\/sites\/1\/2022\/10\/02111130\/5959201-128-1.png\" class=\"attachment-medium size-medium\" alt=\"\" srcset=\"https:\/\/static.formar.net\/wp-content\/uploads\/sites\/1\/2022\/10\/02111130\/5959201-128-1.png 128w, https:\/\/static.formar.net\/wp-content\/uploads\/sites\/1\/2022\/10\/02111130\/5959201-128-1-80x80.png 80w, https:\/\/static.formar.net\/wp-content\/uploads\/sites\/1\/2022\/10\/02111130\/5959201-128-1-100x100.png 100w, https:\/\/static.formar.net\/wp-content\/uploads\/sites\/1\/2022\/10\/02111130\/5959201-128-1-50x50.png 50w\" sizes=\"auto, (max-width: 128px) 100vw, 128px\" \/>\t\t\t\t\t<\/div>\n\t\t\t\t<\/div>\n\t\t\t<\/div>\n\t\t\t\t<div class=\"icon-box-text last-reset\">\n\t\t\t\t\t\t\t\t\t\n<h3>Producentens garanti og reservedele<\/h3>\n<p>Alle vores produkter leveres med vores garanti. For mange produkter garanterer vi reservedele i samme periode.<\/p>\n\t\t<\/div>\n\t<\/div>\n\t\n\t\n\t\t<\/div>\n\t\t\t\t\t<\/div>\n\n\t\n\n<style>\n#row-1023603583 > .col > .col-inner {\n  padding: 20px 20px 20px 20px;\n}\n<\/style>\n<\/div>\n\t\t<\/div>\n\n\t\t\n<style>\n#section_566579918 {\n  padding-top: 30px;\n  padding-bottom: 30px;\n}\n<\/style>\n\t<\/section>\n\t\n","protected":false},"excerpt":{"rendered":"<p>Ergonomisk kontorstol med h\u00f8j ryg i \u00e5ndbart net, l\u00e6ndest\u00f8tte, gasl\u00f8ft og hjul med eksklusivt design. Fremstillet i brandh\u00e6mmende stof. FREMSTILLET I ITALIEN.<\/p>\n<p>Fuldt justerbar i forhold til brugerens behov: s\u00e6det, nakkest\u00f8tten og l\u00e6ndest\u00f8tten kan justeres i h\u00f8jden; arml\u00e6nene kan justeres frem og tilbage, roteres og justeres i h\u00f8jden.<\/p>\n","protected":false},"featured_media":54364,"template":"","meta":{"_joinchat":[]},"product_brand":[],"product_cat":[1402,1617],"product_tag":[],"class_list":{"0":"post-44591","1":"product","2":"type-product","3":"status-publish","4":"has-post-thumbnail","6":"product_cat-kontor-da","7":"product_cat-siddepladser-til-kontoret","9":"first","10":"instock","11":"taxable","12":"shipping-taxable","13":"purchasable","14":"product-type-variable","15":"has-default-attributes"},"yoast_head":"<!-- This site is optimized with the Yoast SEO plugin v27.5 - https:\/\/yoast.com\/product\/yoast-seo-wordpress\/ -->\n<title>Ergonomisk kontorstol - Komfortabel - Formar.shop<\/title>\n<meta name=\"description\" content=\"Brandsikker og ergonomisk kontorstol fremstillet i Italien med hule hjul og justerbar, \u00e5ndbar rygl\u00e6n. Arml\u00e6nene kan bev\u00e6ges sidev\u00e6rts og vertikalt.\" \/>\n<meta name=\"robots\" content=\"index, follow, max-snippet:-1, max-image-preview:large, max-video-preview:-1\" \/>\n<link rel=\"canonical\" href=\"https:\/\/formar.shop\/da\/prodotto\/ergonomisk-kontorstol-komfortabel\/\" \/>\n<script type=\"application\/ld+json\" class=\"yoast-schema-graph\">{\"@context\":\"https:\\\/\\\/schema.org\",\"@graph\":[{\"@type\":\"WebPage\",\"@id\":\"https:\\\/\\\/formar.shop\\\/da\\\/prodotto\\\/ergonomisk-kontorstol-komfortabel\\\/\",\"url\":\"https:\\\/\\\/formar.shop\\\/da\\\/prodotto\\\/ergonomisk-kontorstol-komfortabel\\\/\",\"name\":\"Ergonomisk kontorstol - Komfortabel - Formar.shop\",\"isPartOf\":{\"@id\":\"https:\\\/\\\/formar.shop\\\/da\\\/#website\"},\"primaryImageOfPage\":{\"@id\":\"https:\\\/\\\/formar.shop\\\/da\\\/prodotto\\\/ergonomisk-kontorstol-komfortabel\\\/#primaryimage\"},\"image\":{\"@id\":\"https:\\\/\\\/formar.shop\\\/da\\\/prodotto\\\/ergonomisk-kontorstol-komfortabel\\\/#primaryimage\"},\"thumbnailUrl\":\"https:\\\/\\\/static.formar.net\\\/wp-content\\\/uploads\\\/sites\\\/1\\\/2025\\\/05\\\/26093143\\\/Poltrona_comoda_copertina_MG_2819-scaled.jpg\",\"datePublished\":\"2025-01-18T20:25:19+00:00\",\"dateModified\":\"2025-11-25T09:57:27+00:00\",\"description\":\"Brandsikker og ergonomisk kontorstol fremstillet i Italien med hule hjul og justerbar, \u00e5ndbar rygl\u00e6n. Arml\u00e6nene kan bev\u00e6ges sidev\u00e6rts og vertikalt.\",\"breadcrumb\":{\"@id\":\"https:\\\/\\\/formar.shop\\\/da\\\/prodotto\\\/ergonomisk-kontorstol-komfortabel\\\/#breadcrumb\"},\"inLanguage\":\"da-DK\",\"potentialAction\":[{\"@type\":\"ReadAction\",\"target\":[\"https:\\\/\\\/formar.shop\\\/da\\\/prodotto\\\/ergonomisk-kontorstol-komfortabel\\\/\"]}]},{\"@type\":\"ImageObject\",\"inLanguage\":\"da-DK\",\"@id\":\"https:\\\/\\\/formar.shop\\\/da\\\/prodotto\\\/ergonomisk-kontorstol-komfortabel\\\/#primaryimage\",\"url\":\"https:\\\/\\\/static.formar.net\\\/wp-content\\\/uploads\\\/sites\\\/1\\\/2025\\\/05\\\/26093143\\\/Poltrona_comoda_copertina_MG_2819-scaled.jpg\",\"contentUrl\":\"https:\\\/\\\/static.formar.net\\\/wp-content\\\/uploads\\\/sites\\\/1\\\/2025\\\/05\\\/26093143\\\/Poltrona_comoda_copertina_MG_2819-scaled.jpg\",\"width\":2560,\"height\":2560},{\"@type\":\"BreadcrumbList\",\"@id\":\"https:\\\/\\\/formar.shop\\\/da\\\/prodotto\\\/ergonomisk-kontorstol-komfortabel\\\/#breadcrumb\",\"itemListElement\":[{\"@type\":\"ListItem\",\"position\":1,\"name\":\"Home\",\"item\":\"https:\\\/\\\/formar.shop\\\/da\\\/automatisk-udkast\\\/\"},{\"@type\":\"ListItem\",\"position\":2,\"name\":\"Butik\",\"item\":\"https:\\\/\\\/formar.shop\\\/da\\\/butik\\\/\"},{\"@type\":\"ListItem\",\"position\":3,\"name\":\"Ergonomisk kontorstol &#8211; Komfortabel\"}]},{\"@type\":\"WebSite\",\"@id\":\"https:\\\/\\\/formar.shop\\\/da\\\/#website\",\"url\":\"https:\\\/\\\/formar.shop\\\/da\\\/\",\"name\":\"Formar.shop\",\"description\":\"Soluzioni espresse con stile\",\"potentialAction\":[{\"@type\":\"SearchAction\",\"target\":{\"@type\":\"EntryPoint\",\"urlTemplate\":\"https:\\\/\\\/formar.shop\\\/da\\\/?s={search_term_string}\"},\"query-input\":{\"@type\":\"PropertyValueSpecification\",\"valueRequired\":true,\"valueName\":\"search_term_string\"}}],\"inLanguage\":\"da-DK\"}]}<\/script>\n<!-- \/ Yoast SEO plugin. -->","yoast_head_json":{"title":"Ergonomisk kontorstol - Komfortabel - Formar.shop","description":"Brandsikker og ergonomisk kontorstol fremstillet i Italien med hule hjul og justerbar, \u00e5ndbar rygl\u00e6n. Arml\u00e6nene kan bev\u00e6ges sidev\u00e6rts og vertikalt.","robots":{"index":"index","follow":"follow","max-snippet":"max-snippet:-1","max-image-preview":"max-image-preview:large","max-video-preview":"max-video-preview:-1"},"canonical":"https:\/\/formar.shop\/da\/prodotto\/ergonomisk-kontorstol-komfortabel\/","schema":{"@context":"https:\/\/schema.org","@graph":[{"@type":"WebPage","@id":"https:\/\/formar.shop\/da\/prodotto\/ergonomisk-kontorstol-komfortabel\/","url":"https:\/\/formar.shop\/da\/prodotto\/ergonomisk-kontorstol-komfortabel\/","name":"Ergonomisk kontorstol - Komfortabel - Formar.shop","isPartOf":{"@id":"https:\/\/formar.shop\/da\/#website"},"primaryImageOfPage":{"@id":"https:\/\/formar.shop\/da\/prodotto\/ergonomisk-kontorstol-komfortabel\/#primaryimage"},"image":{"@id":"https:\/\/formar.shop\/da\/prodotto\/ergonomisk-kontorstol-komfortabel\/#primaryimage"},"thumbnailUrl":"https:\/\/static.formar.net\/wp-content\/uploads\/sites\/1\/2025\/05\/26093143\/Poltrona_comoda_copertina_MG_2819-scaled.jpg","datePublished":"2025-01-18T20:25:19+00:00","dateModified":"2025-11-25T09:57:27+00:00","description":"Brandsikker og ergonomisk kontorstol fremstillet i Italien med hule hjul og justerbar, \u00e5ndbar rygl\u00e6n. Arml\u00e6nene kan bev\u00e6ges sidev\u00e6rts og vertikalt.","breadcrumb":{"@id":"https:\/\/formar.shop\/da\/prodotto\/ergonomisk-kontorstol-komfortabel\/#breadcrumb"},"inLanguage":"da-DK","potentialAction":[{"@type":"ReadAction","target":["https:\/\/formar.shop\/da\/prodotto\/ergonomisk-kontorstol-komfortabel\/"]}]},{"@type":"ImageObject","inLanguage":"da-DK","@id":"https:\/\/formar.shop\/da\/prodotto\/ergonomisk-kontorstol-komfortabel\/#primaryimage","url":"https:\/\/static.formar.net\/wp-content\/uploads\/sites\/1\/2025\/05\/26093143\/Poltrona_comoda_copertina_MG_2819-scaled.jpg","contentUrl":"https:\/\/static.formar.net\/wp-content\/uploads\/sites\/1\/2025\/05\/26093143\/Poltrona_comoda_copertina_MG_2819-scaled.jpg","width":2560,"height":2560},{"@type":"BreadcrumbList","@id":"https:\/\/formar.shop\/da\/prodotto\/ergonomisk-kontorstol-komfortabel\/#breadcrumb","itemListElement":[{"@type":"ListItem","position":1,"name":"Home","item":"https:\/\/formar.shop\/da\/automatisk-udkast\/"},{"@type":"ListItem","position":2,"name":"Butik","item":"https:\/\/formar.shop\/da\/butik\/"},{"@type":"ListItem","position":3,"name":"Ergonomisk kontorstol &#8211; Komfortabel"}]},{"@type":"WebSite","@id":"https:\/\/formar.shop\/da\/#website","url":"https:\/\/formar.shop\/da\/","name":"Formar.shop","description":"Soluzioni espresse con stile","potentialAction":[{"@type":"SearchAction","target":{"@type":"EntryPoint","urlTemplate":"https:\/\/formar.shop\/da\/?s={search_term_string}"},"query-input":{"@type":"PropertyValueSpecification","valueRequired":true,"valueName":"search_term_string"}}],"inLanguage":"da-DK"}]}},"_links":{"self":[{"href":"https:\/\/formar.shop\/da\/wp-json\/wp\/v2\/product\/44591","targetHints":{"allow":["GET"]}}],"collection":[{"href":"https:\/\/formar.shop\/da\/wp-json\/wp\/v2\/product"}],"about":[{"href":"https:\/\/formar.shop\/da\/wp-json\/wp\/v2\/types\/product"}],"wp:featuredmedia":[{"embeddable":true,"href":"https:\/\/formar.shop\/da\/wp-json\/wp\/v2\/media\/54364"}],"wp:attachment":[{"href":"https:\/\/formar.shop\/da\/wp-json\/wp\/v2\/media?parent=44591"}],"wp:term":[{"taxonomy":"product_brand","embeddable":true,"href":"https:\/\/formar.shop\/da\/wp-json\/wp\/v2\/product_brand?post=44591"},{"taxonomy":"product_cat","embeddable":true,"href":"https:\/\/formar.shop\/da\/wp-json\/wp\/v2\/product_cat?post=44591"},{"taxonomy":"product_tag","embeddable":true,"href":"https:\/\/formar.shop\/da\/wp-json\/wp\/v2\/product_tag?post=44591"}],"curies":[{"name":"wp","href":"https:\/\/api.w.org\/{rel}","templated":true}]}}