{"id":42126,"date":"2025-01-18T15:41:12","date_gmt":"2025-01-18T14:41:12","guid":{"rendered":"https:\/\/formar.shop\/noeglefaerdig\/"},"modified":"2025-01-18T15:41:20","modified_gmt":"2025-01-18T14:41:20","slug":"noeglefaerdig","status":"publish","type":"page","link":"https:\/\/formar.shop\/da\/vores-tjenester\/noeglefaerdig\/","title":{"rendered":"N\u00f8glef\u00e6rdig"},"content":{"rendered":"\n[av_section min_height=&#8221;&#8221; min_height_px=&#8221;500px&#8221; padding=&#8221;default&#8221; shadow=&#8221;no-border-styling&#8221; bottom_border=&#8221;no-border-styling&#8221; bottom_border_diagonal_color=&#8221;#333333&#8243; bottom_border_diagonal_direction=&#8221;&#8221; bottom_border_style=&#8221;&#8221; custom_arrow_bg=&#8221;&#8221; id=&#8221;&#8221; color=&#8221;main_color&#8221; background=&#8221;bg_color&#8221; custom_bg=&#8221;#ffffff&#8221; background_gradient_color1=&#8221;&#8221; background_gradient_color2=&#8221;&#8221; background_gradient_direction=&#8221;vertical&#8221; src=&#8221;&#8221; attachment=&#8221;&#8221; attachment_size=&#8221;&#8221; attach=&#8221;scroll&#8221; position=&#8221;top left&#8221; repeat=&#8221;no-repeat&#8221; video=&#8221;&#8221; video_ratio=&#8221;16:9&#8243; overlay_opacity=&#8221;0.5&#8243; overlay_color=&#8221;&#8221; overlay_pattern=&#8221;&#8221; overlay_custom_pattern=&#8221;&#8221; av_element_hidden_in_editor=&#8221;0&#8243; av_uid=&#8221;av-jj21ix0a&#8221; custom_class=&#8221;&#8221;]\n[av_heading tag=&#8221;h3&#8243; padding=&#8221;0&#8243; heading=&#8221;Chiavi in mano&#8221; color=&#8221;&#8221; style=&#8221;blockquote modern-quote modern-centered&#8221; custom_font=&#8221;&#8221; size=&#8221;60&#8243; subheading_active=&#8221;&#8221; subheading_size=&#8221;15&#8243; custom_class=&#8221;&#8221; admin_preview_bg=&#8221;&#8221; av-desktop-hide=&#8221;&#8221; av-medium-hide=&#8221;&#8221; av-small-hide=&#8221;&#8221; av-mini-hide=&#8221;&#8221; av-medium-font-size-title=&#8221;&#8221; av-small-font-size-title=&#8221;&#8221; av-mini-font-size-title=&#8221;&#8221; av-medium-font-size=&#8221;&#8221; av-small-font-size=&#8221;&#8221; av-mini-font-size=&#8221;&#8221; margin=&#8221;&#8221; av_uid=&#8221;av-32n20p&#8221;]\nL\u00e6r hinanden bedre at kende\n[\/av_heading]\n\n[av_hr class=&#8221;custom&#8221; height=&#8221;50&#8243; shadow=&#8221;no-shadow&#8221; position=&#8221;center&#8221; custom_border=&#8221;av-border-fat&#8221; custom_width=&#8221;100px&#8221; custom_border_color=&#8221;#fab300&#8243; custom_margin_top=&#8221;0px&#8221; custom_margin_bottom=&#8221;30px&#8221; icon_select=&#8221;no&#8221; custom_icon_color=&#8221;&#8221; icon=&#8221;ue808&#8243; font=&#8221;entypo-fontello&#8221; av_uid=&#8221;av-jj21opc3&#8243; custom_class=&#8221;&#8221; admin_preview_bg=&#8221;&#8221;]\n\n[av_three_fifth first min_height=&#8221;av-equal-height-column&#8221; vertical_alignment=&#8221;av-align-top&#8221; space=&#8221;&#8221; margin=&#8221;0px&#8221; margin_sync=&#8221;true&#8221; link=&#8221;&#8221; linktarget=&#8221;&#8221; link_hover=&#8221;&#8221; padding=&#8221;0px&#8221; padding_sync=&#8221;true&#8221; border=&#8221;&#8221; border_color=&#8221;&#8221; radius=&#8221;0px&#8221; radius_sync=&#8221;true&#8221; background=&#8221;bg_color&#8221; background_color=&#8221;&#8221; background_gradient_color1=&#8221;&#8221; background_gradient_color2=&#8221;&#8221; background_gradient_direction=&#8221;vertical&#8221; src=&#8221;&#8221; attachment=&#8221;&#8221; attachment_size=&#8221;&#8221; background_position=&#8221;top left&#8221; background_repeat=&#8221;no-repeat&#8221; animation=&#8221;right-to-left&#8221; mobile_breaking=&#8221;&#8221; mobile_display=&#8221;&#8221; av_uid=&#8221;av-3zzjgv&#8221; custom_class=&#8221;&#8221;]\n\n[av_textblock size=&#8221;&#8221; font_color=&#8221;&#8221; color=&#8221;&#8221; av-medium-font-size=&#8221;&#8221; av-small-font-size=&#8221;&#8221; av-mini-font-size=&#8221;&#8221; av_uid=&#8221;av-jj19v7g1&#8243; custom_class=&#8221;&#8221; admin_preview_bg=&#8221;&#8221;]\nAt forestille sig et kontor, et hjem, et milj\u00f8, at tage sig af detaljer for at g\u00f8re rummene smukkere, mere funktionelle og mere beboelige.\nForestil dig steder, hvor du f\u00f8ler dig godt tilpas. \n[\/av_textblock]\n\n[av_iconlist position=&#8221;left&#8221; iconlist_styling=&#8221;&#8221; custom_title_size=&#8221;20&#8243; custom_content_size=&#8221;14&#8243; font_color=&#8221;custom&#8221; custom_title=&#8221;#000000&#8243; custom_content=&#8221;#666666&#8243; color=&#8221;custom&#8221; custom_bg=&#8221;#fab300&#8243; custom_font=&#8221;&#8221; custom_border=&#8221;&#8221; av-medium-font-size-title=&#8221;&#8221; av-small-font-size-title=&#8221;&#8221; av-mini-font-size-title=&#8221;&#8221; av-medium-font-size=&#8221;&#8221; av-small-font-size=&#8221;&#8221; av-mini-font-size=&#8221;&#8221; av_uid=&#8221;av-jj2t8ptu&#8221; custom_class=&#8221;&#8221; admin_preview_bg=&#8221;&#8221;]\n[av_iconlist_item title=&#8221;Passende l\u00f8sninger&#8221; link=&#8221;&#8221; linktarget=&#8221;&#8221; linkelement=&#8221;&#8221; icon=&#8221;uf105&#8243; font=&#8221;formar_flat&#8221; av_uid=&#8221;av-b17uc9&#8243;]\nI den indledende fase vil vores designere pr\u00e6sentere dig for <b>l\u00f8sninger <\/b>, der passer til dine behov og er fleksible i forhold til nye livsstile.\nFor hver arkitektur kan der v\u00e6re flere muligheder, men nogle l\u00f8sninger kan v\u00e6re bedre end andre. \n[\/av_iconlist_item]\n[av_iconlist_item title=&#8221;R\u00e5dgivning om indretning&#8221; link=&#8221;&#8221; linktarget=&#8221;&#8221; linkelement=&#8221;&#8221; icon=&#8221;ue804&#8243; font=&#8221;formar_flat&#8221; av_uid=&#8221;av-933u55&#8243;]\nVi tilbyder <b>m\u00f8belr\u00e5dgivning<\/b> i designfasen og er i stand til at tilbyde dig designl\u00f8sninger, der opfylder dine behov og din smag.\n[\/av_iconlist_item]\n[av_iconlist_item title=&#8221;Maksimal komfort&#8221; link=&#8221;&#8221; linktarget=&#8221;&#8221; linkelement=&#8221;&#8221; icon=&#8221;uf12b&#8221; font=&#8221;formar_flat&#8221; av_uid=&#8221;av-6savbt&#8221;]\nDesignet er baseret p\u00e5 den antagelse, at vi \u00f8nsker <b>maksimal komfort<\/b>, der hvor vi arbejder og bor.\nDet p\u00e5virker den m\u00e5de, vi t\u00e6nker p\u00e5 rum og rekonfigurerer omr\u00e5der og optimerer milj\u00f8er for at forbedre dem.\nUanset projektets omfang.  \n[\/av_iconlist_item]\n[av_iconlist_item title=&#8221;Milj\u00f8venlige materialer&#8221; link=&#8221;&#8221; linktarget=&#8221;&#8221; linkelement=&#8221;&#8221; icon=&#8221;ue8b8&#8243; font=&#8221;entypo-fontello&#8221; av_uid=&#8221;av-5vcyfd&#8221;]\nOpm\u00e6rksomheden p\u00e5 l\u00f8sninger, der respekterer principperne om komfort, sikkerhed og harmoni, suppleres af f\u00f8lsomhed i brugen af materialer, hvor vi v\u00e6lger mere milj\u00f8venlige valg.\nI vores projekter kan vi godt lide at fange lys og skygger for at \u00e6ndre den f\u00f8lelsesm\u00e6ssige opfattelse af rummet.\n\u00d8nsket om at bev\u00e6ge sig i en kontekst af kreativitet, der sigter mod brugertilfredshed, er virksomhedens prioriterede kald.  \n[\/av_iconlist_item]\n[av_iconlist_item title=&#8221;Fra design til realisering&#8221; link=&#8221;&#8221; linktarget=&#8221;&#8221; linkelement=&#8221;&#8221; icon=&#8221;uf10b&#8221; font=&#8221;formar_flat&#8221; av_uid=&#8221;av-4xke4p&#8221;]\nFor at skabe et skr\u00e6ddersyet projekt til dig starter vi med dine behov og din smag.\nVores fagfolk tager sig derefter af alle aspekter af din renovering. <b>Fra design til udf\u00f8relse<\/b> tager tegnestuen sig af organiseringen og kontrollen af arbejdet for at f\u00e5 den rigtige l\u00f8sning p\u00e5 plads for dig. \n[\/av_iconlist_item]\n[\/av_iconlist]\n\n[\/av_three_fifth][av_two_fifth min_height=&#8221;av-equal-height-column&#8221; vertical_alignment=&#8221;av-align-top&#8221; space=&#8221;&#8221; margin=&#8221;0px&#8221; margin_sync=&#8221;true&#8221; link=&#8221;&#8221; linktarget=&#8221;&#8221; link_hover=&#8221;&#8221; padding=&#8221;0px&#8221; padding_sync=&#8221;true&#8221; border=&#8221;&#8221; border_color=&#8221;&#8221; radius=&#8221;0px&#8221; radius_sync=&#8221;true&#8221; background=&#8221;bg_color&#8221; background_color=&#8221;&#8221; background_gradient_color1=&#8221;&#8221; background_gradient_color2=&#8221;&#8221; background_gradient_direction=&#8221;vertical&#8221; src=&#8221;https:\/\/formar-contract.it\/wp-content\/uploads\/2018\/06\/cit2.png&#8221; attachment=&#8221;3300&#8243; attachment_size=&#8221;full&#8221; background_position=&#8221;bottom right&#8221; background_repeat=&#8221;no-repeat&#8221; animation=&#8221;&#8221; mobile_breaking=&#8221;&#8221; mobile_display=&#8221;&#8221; av_uid=&#8221;av-5g7wdb&#8221; custom_class=&#8221;&#8221;]\n\n[av_heading heading=Vi arbejder med tre ting: <u>rum<\/u>, <u>lys<\/u>, f\u00f8rst og fremmest dagslys, men ogs\u00e5 nat, og<u>arkitektur<\/u>; s\u00e5 er der lys som design, som et v\u00e6rkt\u00f8j til arkitektonisk pr\u00e6cision, og lys som en integreret funktionel kendsgerning, som p\u00e5 museer, hvor det er en del af designet, ikke bare af lyst, men af n\u00f8dvendighed.\n(Gae Aulenti)&#8217; tag=&#8217;h3&#8242; style=&#8217;blockquote modern-quote&#8217; size=&#8217;36&#8217; subheading_active=&#8221; subheading_size=&#8217;15&#8217; margin=&#8221; margin_sync=&#8217;true&#8217; padding=&#8217;0&#8242; color=&#8221; custom_font=&#8221; av-medium-font-size-title=&#8221; av-small-font-size-title=&#8221; av-mini-font-size-title=&#8221; av-medium-font-size=&#8221; av-small-font-size=&#8221; av-mini-font-size=&#8221; av_uid=&#8217;av-jj38e6je&#8217; custom_class=&#8221; admin_preview_bg=&#8221;] [\/av_two_fifth]\n\n[\/av_section]\n[\/]\n\n[av_section min_height=&#8221; min_height_px=&#8217;500px&#8217; padding=&#8217;large&#8217; shadow=&#8217;shadow&#8217; bottom_border=&#8217;no-border-styling&#8217; bottom_border_diagonal_color=&#8217;#333333&#8242; bottom_border_diagonal_direction=&#8221; bottom_border_style=&#8221; custom_arrow_bg=&#8221; id=&#8221; color=&#8217;main_color&#8217; background=&#8217;bg_color&#8217; custom_bg=&#8221; background_gradient_color1=&#8221; background_gradient_color2=&#8221; background_gradient_direction=&#8217;vertical&#8217; src=&#8217;https:\/\/formar-contract.it\/wp-content\/uploads\/2018\/07\/servizio-formar-contract-chiavi-in-mano.jpg&#8217; attachment=&#8217;3479&#8242; attachment_size=&#8217;full&#8217; attach=&#8217;parallax&#8217; position=&#8217;center center&#8217; repeat=&#8217;no-repeat&#8217; video=&#8221; video_ratio=&#8217;16:9&#8242; overlay_enable=&#8217;aviaTBoverlay_enable&#8217; overlay_opacity=&#8217;0.5&#8242; overlay_color=&#8217;#ffffff&#8217; overlay_pattern=&#8221; overlay_custom_pattern=&#8221; av_element_hidden_in_editor=&#8217;0&#8242; av_uid=&#8217;av-jj19wtow&#8217; custom_class=&#8221;]\n[av_one_half first min_height=&#8221;av-equal-height-column&#8221; vertical_alignment=&#8221;av-align-top&#8221; space=&#8221;&#8221; margin=&#8221;0px&#8221; margin_sync=&#8221;true&#8221; link=&#8221;&#8221; linktarget=&#8221;&#8221; link_hover=&#8221;&#8221; padding=&#8221;&#8221; padding_sync=&#8221;true&#8221; border=&#8221;&#8221; border_color=&#8221;&#8221; radius=&#8221;0px&#8221; radius_sync=&#8221;true&#8221; background=&#8221;bg_color&#8221; background_color=&#8221;&#8221; background_gradient_color1=&#8221;&#8221; background_gradient_color2=&#8221;&#8221; background_gradient_direction=&#8221;vertical&#8221; src=&#8221;&#8221; attachment=&#8221;&#8221; attachment_size=&#8221;&#8221; background_position=&#8221;bottom right&#8221; background_repeat=&#8221;no-repeat&#8221; animation=&#8221;&#8221; mobile_breaking=&#8221;&#8221; mobile_display=&#8221;&#8221; av_uid=&#8221;av-5g7wdb&#8221; custom_class=&#8221;ginevra&#8221;]\n\n[av_heading tag=&#8221;h3&#8243; padding=&#8221;0&#8243; heading=&#8221;Il Servizio ti garantisce&#8221; color=&#8221;&#8221; style=&#8221;blockquote modern-quote&#8221; custom_font=&#8221;&#8221; size=&#8221;36&#8243; subheading_active=&#8221;subheading_above&#8221; subheading_size=&#8221;15&#8243; custom_class=&#8221;&#8221; admin_preview_bg=&#8221;&#8221; av-desktop-hide=&#8221;&#8221; av-medium-hide=&#8221;&#8221; av-small-hide=&#8221;&#8221; av-mini-hide=&#8221;&#8221; av-medium-font-size-title=&#8221;&#8221; av-small-font-size-title=&#8221;&#8221; av-mini-font-size-title=&#8221;&#8221; av-medium-font-size=&#8221;&#8221; av-small-font-size=&#8221;&#8221; av-mini-font-size=&#8221;&#8221; margin=&#8221;&#8221; av_uid=&#8221;av-aerdeh&#8221;]\nFor at g\u00f8re omstruktureringsprocessen nem\n[\/av_heading]\n\n[av_iconlist position=&#8221;left&#8221; iconlist_styling=&#8221;av-iconlist-small&#8221; custom_title_size=&#8221;18&#8243; custom_content_size=&#8221;14&#8243; font_color=&#8221;custom&#8221; custom_title=&#8221;#000000&#8243; custom_content=&#8221;#666666&#8243; color=&#8221;custom&#8221; custom_bg=&#8221;&#8221; custom_font=&#8221;#fab300&#8243; custom_border=&#8221;&#8221; av-medium-font-size-title=&#8221;&#8221; av-small-font-size-title=&#8221;&#8221; av-mini-font-size-title=&#8221;&#8221; av-medium-font-size=&#8221;&#8221; av-small-font-size=&#8221;&#8221; av-mini-font-size=&#8221;&#8221; av_uid=&#8221;av-jj2t8ptu&#8221; custom_class=&#8221;&#8221; admin_preview_bg=&#8221;&#8221;]\n[av_iconlist_item title=&#8221;Et enkelt kontaktpunkt&#8221; link=&#8221;&#8221; linktarget=&#8221;&#8221; linkelement=&#8221;&#8221; icon=&#8221;ue80b&#8221; font=&#8221;formar_flat&#8221; av_uid=&#8221;av-k72ewp&#8221;]\nog kontaktpunkt fra anmodningen om et tilbud til bes\u00f8get p\u00e5 stedet, fra oprettelsen af projektet til dets realisering\n[\/av_iconlist_item]\n[av_iconlist_item title=&#8221;En altid tilstedev\u00e6rende kontaktperson&#8221; link=&#8221;&#8221; linktarget=&#8221;&#8221; linkelement=&#8221;&#8221; icon=&#8221;ue80b&#8221; font=&#8221;formar_flat&#8221; av_uid=&#8221;av-j8hcdl&#8221;]\ndu er aldrig uden en kontaktperson\n[\/av_iconlist_item]\n[av_iconlist_item title=&#8221;At tage ansvar for filer&#8221; link=&#8221;&#8221; linktarget=&#8221;&#8221; linkelement=&#8221;&#8221; icon=&#8221;ue80b&#8221; font=&#8221;formar_flat&#8221; av_uid=&#8221;av-1sebgp&#8221;]\ndu er fri for tanken om papirarbejde\n[\/av_iconlist_item]\n[av_iconlist_item title=&#8221;Line\u00e6re passager&#8221; link=&#8221;&#8221; linktarget=&#8221;&#8221; linkelement=&#8221;&#8221; icon=&#8221;ue80b&#8221; font=&#8221;formar_flat&#8221; av_uid=&#8221;av-fwdcsp&#8221;]\nfra id\u00e9 til projekt, fra design til realisering\n[\/av_iconlist_item]\n[av_iconlist_item title=&#8221;Organisation &#8221; link=&#8221;&#8221; linktarget=&#8221;&#8221; linkelement=&#8221;&#8221; icon=&#8221;ue80b&#8221; font=&#8221;formar_flat&#8221; av_uid=&#8221;av-1gx2x5&#8243;]\nrumligt og tidsm\u00e6ssigt sted\n[\/av_iconlist_item]\n[\/av_iconlist]\n\n[\/av_heading][av_one_half min_height=&#8221;&#8221; vertical_alignment=&#8221;av-align-top&#8221; space=&#8221;&#8221; margin=&#8221;0px&#8221; margin_sync=&#8221;true&#8221; link=&#8221;&#8221; linktarget=&#8221;&#8221; link_hover=&#8221;&#8221; padding=&#8221;&#8221; padding_sync=&#8221;true&#8221; border=&#8221;&#8221; border_color=&#8221;&#8221; radius=&#8221;0px&#8221; radius_sync=&#8221;true&#8221; background=&#8221;bg_color&#8221; background_color=&#8221;&#8221; background_gradient_color1=&#8221;&#8221; background_gradient_color2=&#8221;&#8221; background_gradient_direction=&#8221;vertical&#8221; src=&#8221;&#8221; attachment=&#8221;&#8221; attachment_size=&#8221;&#8221; background_position=&#8221;top left&#8221; background_repeat=&#8221;no-repeat&#8221; animation=&#8221;&#8221; mobile_breaking=&#8221;&#8221; mobile_display=&#8221;&#8221; av_uid=&#8221;av-3zzjgv&#8221; custom_class=&#8221;&#8221;]\n\n[av_heading tag=&#8221;h3&#8243; padding=&#8221;0&#8243; heading=&#8221;Il servizio comprende&#8221; color=&#8221;&#8221; style=&#8221;blockquote modern-quote&#8221; custom_font=&#8221;&#8221; size=&#8221;36&#8243; subheading_active=&#8221;subheading_above&#8221; subheading_size=&#8221;15&#8243; custom_class=&#8221;&#8221; admin_preview_bg=&#8221;&#8221; av-desktop-hide=&#8221;&#8221; av-medium-hide=&#8221;&#8221; av-small-hide=&#8221;&#8221; av-mini-hide=&#8221;&#8221; av-medium-font-size-title=&#8221;&#8221; av-small-font-size-title=&#8221;&#8221; av-mini-font-size-title=&#8221;&#8221; av-medium-font-size=&#8221;&#8221; av-small-font-size=&#8221;&#8221; av-mini-font-size=&#8221;&#8221; margin=&#8221;&#8221; av_uid=&#8221;av-8huvk9&#8243;]\nKomplet renovering af dit kontor eller din lejlighed\n[\/av_heading]\n\n[av_iconlist position=&#8221;left&#8221; iconlist_styling=&#8221;av-iconlist-small&#8221; custom_title_size=&#8221;18&#8243; custom_content_size=&#8221;14&#8243; font_color=&#8221;custom&#8221; custom_title=&#8221;#000000&#8243; custom_content=&#8221;#666666&#8243; color=&#8221;custom&#8221; custom_bg=&#8221;&#8221; custom_font=&#8221;#fab300&#8243; custom_border=&#8221;&#8221; av-medium-font-size-title=&#8221;&#8221; av-small-font-size-title=&#8221;&#8221; av-mini-font-size-title=&#8221;&#8221; av-medium-font-size=&#8221;&#8221; av-small-font-size=&#8221;&#8221; av-mini-font-size=&#8221;&#8221; av_uid=&#8221;av-jj2t8ptu&#8221; custom_class=&#8221;&#8221; admin_preview_bg=&#8221;&#8221;]\n[av_iconlist_item title=&#8221;Oprydning  &#8221; link=&#8221;&#8221; linktarget=&#8221;&#8221; linkelement=&#8221;&#8221; icon=&#8221;ue80b&#8221; font=&#8221;formar_flat&#8221; av_uid=&#8221;av-c8bmjd&#8221;]\naf ejendommen\n[\/av_iconlist_item]\n[av_iconlist_item title=&#8221;L\u00e6sning og afl\u00e6sning  &#8221; link=&#8221;&#8221; linktarget=&#8221;&#8221; linkelement=&#8221;&#8221; icon=&#8221;ue80b&#8221; font=&#8221;formar_flat&#8221; av_uid=&#8221;av-badx21&#8243;]\naf materialer og forsyninger i hele byggepladsens varighed\n[\/av_iconlist_item]\n[av_iconlist_item title=&#8221;Murv\u00e6rk&#8221; link=&#8221;&#8221; linktarget=&#8221;&#8221; linkelement=&#8221;&#8221; icon=&#8221;ue80b&#8221; font=&#8221;formar_flat&#8221; av_uid=&#8221;av-7kclmx&#8221;]\nNedrivning, fjernelse og genopbygning\n[\/av_iconlist_item]\n[av_iconlist_item title=&#8221;Anl\u00e6gsteknik&#8221; link=&#8221;&#8221; linktarget=&#8221;&#8221; linkelement=&#8221;&#8221; icon=&#8221;ue80b&#8221; font=&#8221;formar_flat&#8221; av_uid=&#8221;av-6apieh&#8221;]\nRealisering af nye installationer\n[\/av_iconlist_item]\n[av_iconlist_item title=&#8221;Udsmykning&#8221; link=&#8221;&#8221; linktarget=&#8221;&#8221; linkelement=&#8221;&#8221; icon=&#8221;ue80b&#8221; font=&#8221;formar_flat&#8221; av_uid=&#8221;av-409tzd&#8221;]\nSkuring, slibning og maling af v\u00e6gge og lofter\n[\/av_iconlist_item]\n[av_iconlist_item title=&#8221;Montering  &#8221; link=&#8221;&#8221; linktarget=&#8221;&#8221; linkelement=&#8221;&#8221; icon=&#8221;ue80b&#8221; font=&#8221;formar_flat&#8221; av_uid=&#8221;av-2f7fnd&#8221;]\naf d\u00f8re, sanit\u00e6re apparater, lysarmaturer, kedler og klimaanl\u00e6g.\n[\/av_iconlist_item]\n[\/av_iconlist]\n\n[\/av_one_half]\n[\/av_one_half]\n\n[av_section min_height=&#8221;&#8221; min_height_px=&#8221;500px&#8221; padding=&#8221;default&#8221; shadow=&#8221;no-border-styling&#8221; bottom_border=&#8221;no-border-styling&#8221; bottom_border_diagonal_color=&#8221;#333333&#8243; bottom_border_diagonal_direction=&#8221;&#8221; bottom_border_style=&#8221;&#8221; custom_arrow_bg=&#8221;&#8221; id=&#8221;&#8221; color=&#8221;main_color&#8221; background=&#8221;bg_gradient&#8221; custom_bg=&#8221;&#8221; background_gradient_color1=&#8221;#fab300&#8243; background_gradient_color2=&#8221;#f7c100&#8243; background_gradient_direction=&#8221;diagonal_tb&#8221; src=&#8221;&#8221; attachment=&#8221;&#8221; attachment_size=&#8221;&#8221; attach=&#8221;scroll&#8221; position=&#8221;top left&#8221; repeat=&#8221;no-repeat&#8221; video=&#8221;&#8221; video_ratio=&#8221;16:9&#8243; overlay_opacity=&#8221;0.5&#8243; overlay_color=&#8221;&#8221; overlay_pattern=&#8221;&#8221; overlay_custom_pattern=&#8221;&#8221; av_element_hidden_in_editor=&#8221;0&#8243; av_uid=&#8221;av-97digt&#8221; custom_class=&#8221;&#8221;]\n[av_one_fifth first min_height=&#8221;av-equal-height-column&#8221; vertical_alignment=&#8221;av-align-middle&#8221; space=&#8221;no_margin&#8221; margin=&#8221;0px&#8221; margin_sync=&#8221;true&#8221; link=&#8221;&#8221; linktarget=&#8221;&#8221; link_hover=&#8221;&#8221; padding=&#8221;0px&#8221; padding_sync=&#8221;true&#8221; border=&#8221;&#8221; border_color=&#8221;&#8221; radius=&#8221;0px&#8221; radius_sync=&#8221;true&#8221; background=&#8221;bg_color&#8221; background_color=&#8221;&#8221; background_gradient_color1=&#8221;&#8221; background_gradient_color2=&#8221;&#8221; background_gradient_direction=&#8221;vertical&#8221; src=&#8221;&#8221; attachment=&#8221;&#8221; attachment_size=&#8221;&#8221; background_position=&#8221;top left&#8221; background_repeat=&#8221;no-repeat&#8221; animation=&#8221;&#8221; mobile_breaking=&#8221;&#8221; mobile_display=&#8221;&#8221; av_uid=&#8221;av-86lkfh&#8221; custom_class=&#8221;&#8221;]\n\n[av_font_icon icon=&#8221;ue854&#8243; font=&#8221;entypo-fontello&#8221; style=&#8221;border&#8221; caption=&#8221;&#8221; link=&#8221;page,3516&#8243; linktarget=&#8221;&#8221; size=&#8221;60px&#8221; position=&#8221;center&#8221; color=&#8221;#ffffff&#8221; av_uid=&#8221;av-jj23v1yv&#8221; custom_class=&#8221;&#8221; admin_preview_bg=&#8221;&#8221;][\/av_font_icon]\n\n[\/av_one_fifth][av_three_fifth min_height=&#8221;&#8221; vertical_alignment=&#8221;av-align-top&#8221; space=&#8221;&#8221; margin=&#8221;0px&#8221; margin_sync=&#8221;true&#8221; link=&#8221;&#8221; linktarget=&#8221;&#8221; link_hover=&#8221;&#8221; padding=&#8221;0px,20px,0px,0px&#8221; border=&#8221;&#8221; border_color=&#8221;&#8221; radius=&#8221;0px&#8221; radius_sync=&#8221;true&#8221; background=&#8221;bg_color&#8221; background_color=&#8221;&#8221; background_gradient_color1=&#8221;&#8221; background_gradient_color2=&#8221;&#8221; background_gradient_direction=&#8221;vertical&#8221; src=&#8221;&#8221; attachment=&#8221;&#8221; attachment_size=&#8221;&#8221; background_position=&#8221;top left&#8221; background_repeat=&#8221;no-repeat&#8221; animation=&#8221;&#8221; mobile_breaking=&#8221;&#8221; mobile_display=&#8221;&#8221; av_uid=&#8221;av-69i7od&#8221; custom_class=&#8221;&#8221;]\n\n[av_heading tag=&#8221;h3&#8243; padding=&#8221;0&#8243; heading=&#8221;Contattaci&#8221; color=&#8221;custom-color-heading&#8221; style=&#8221;blockquote modern-quote&#8221; custom_font=&#8221;#020202&#8243; size=&#8221;28&#8243; subheading_active=&#8221;&#8221; subheading_size=&#8221;15&#8243; custom_class=&#8221;&#8221; admin_preview_bg=&#8221;&#8221; av-desktop-hide=&#8221;&#8221; av-medium-hide=&#8221;&#8221; av-small-hide=&#8221;&#8221; av-mini-hide=&#8221;&#8221; av-medium-font-size-title=&#8221;&#8221; av-small-font-size-title=&#8221;&#8221; av-mini-font-size-title=&#8221;&#8221; av-medium-font-size=&#8221;&#8221; av-small-font-size=&#8221;&#8221; av-mini-font-size=&#8221;&#8221; margin=&#8221;&#8221;]\nFormar Contract er ogs\u00e5\n[\/av_heading]\n\n[av_textblock size=&#8221;17&#8243; font_color=&#8221;custom&#8221; color=&#8221;#020202&#8243; av-medium-font-size=&#8221;&#8221; av-small-font-size=&#8221;&#8221; av-mini-font-size=&#8221;&#8221; av_uid=&#8221;av-jj23wau4&#8243; custom_class=&#8221;&#8221; admin_preview_bg=&#8221;&#8221;]\n<strong>Vores kundeservice st\u00e5r til din r\u00e5dighed.  <\/strong>T\u00f8v ikke med at kontakte os, hvis du har brug for oplysninger eller et tilbud! Vores fagfolk vil besvare dine sp\u00f8rgsm\u00e5l om vores tjenester: design, realisering, levering og montering af kontorm\u00f8bler. \n[\/av_textblock]\n\n[\/av_three_fifth][av_one_fifth min_height=&#8221;&#8221; vertical_alignment=&#8221;&#8221; space=&#8221;&#8221; custom_margin=&#8221;&#8221; margin=&#8221;0px&#8221; link=&#8221;&#8221; linktarget=&#8221;&#8221; link_hover=&#8221;&#8221; padding=&#8221;0px&#8221; border=&#8221;&#8221; border_color=&#8221;&#8221; radius=&#8221;0px&#8221; background=&#8221;bg_color&#8221; background_color=&#8221;&#8221; background_gradient_color1=&#8221;&#8221; background_gradient_color2=&#8221;&#8221; background_gradient_direction=&#8221;vertical&#8221; src=&#8221;&#8221; background_position=&#8221;top left&#8221; background_repeat=&#8221;no-repeat&#8221; animation=&#8221;&#8221; mobile_breaking=&#8221;&#8221; mobile_display=&#8221;&#8221; av_uid=&#8221;av-4qrmbh&#8221;]\n\n[av_button_big label=&#8221;SKRIV&#8221; description_pos=&#8221;below&#8221; link=&#8221;page,3516&#8243; link_target=&#8221;&#8221; icon_select=&#8221;yes-left-icon&#8221; icon=&#8221;ue805&#8243; font=&#8221;entypo-fontello&#8221; custom_font=&#8221;&#8221; color=&#8221;theme-color-subtle&#8221; custom_bg=&#8221;#444444&#8243; color_hover=&#8221;theme-color-subtle&#8221; custom_bg_hover=&#8221;#444444&#8243; av_uid=&#8221;av-2p4q7x&#8221; custom_class=&#8221;&#8221; admin_preview_bg=&#8221;&#8221;][\/av_button_big]\n\n[av_hr class=&#8221;invisible&#8221; height=&#8221;20&#8243; shadow=&#8221;no-shadow&#8221; position=&#8221;center&#8221; custom_border=&#8221;av-border-thin&#8221; custom_width=&#8221;50px&#8221; custom_border_color=&#8221;&#8221; custom_margin_top=&#8221;30px&#8221; custom_margin_bottom=&#8221;30px&#8221; icon_select=&#8221;yes&#8221; custom_icon_color=&#8221;&#8221; icon=&#8221;ue808&#8243; font=&#8221;entypo-fontello&#8221; av_uid=&#8221;av-jj24q137&#8243; custom_class=&#8221;&#8221; admin_preview_bg=&#8221;&#8221;]\n\n[av_button_big label=&#8221;RING TIL OS&#8221; description_pos=&#8221;below&#8221; link=&#8221;manually,tel:+390715906063&#8243; link_target=&#8221;_blank&#8221; icon_select=&#8221;yes-left-icon&#8221; icon=&#8221;ue854&#8243; font=&#8221;entypo-fontello&#8221; custom_font=&#8221;&#8221; color=&#8221;theme-color-subtle&#8221; custom_bg=&#8221;#444444&#8243; color_hover=&#8221;theme-color-subtle&#8221; custom_bg_hover=&#8221;#444444&#8243; av_uid=&#8221;av-2p4q7x&#8221; custom_class=&#8221;&#8221; admin_preview_bg=&#8221;&#8221;][\/av_button_big]\n\n[\/av_one_fifth]\n[\/av_section]\n","protected":false},"excerpt":{"rendered":"[av_section min_height=&#8221;&#8221; min_height_px=&#8221;500px&#8221; padding=&#8221;default&#8221; shadow=&#8221;no-border-styling&#8221; bottom_border=&#8221;no-border-styling&#8221; bottom_border_diagonal_color=&#8221;#333333&#8243; bottom_border_diagonal_direction=&#8221;&#8221; bottom_border_style=&#8221;&#8221; custom_arrow_bg=&#8221;&#8221; id=&#8221;&#8221; color=&#8221;main_color&#8221; background=&#8221;bg_color&#8221; custom_bg=&#8221;#ffffff&#8221; background_gradient_color1=&#8221;&#8221; background_gradient_color2=&#8221;&#8221; background_gradient_direction=&#8221;vertical&#8221; src=&#8221;&#8221; attachment=&#8221;&#8221; attachment_size=&#8221;&#8221; attach=&#8221;scroll&#8221; position=&#8221;top left&#8221; repeat=&#8221;no-repeat&#8221; video=&#8221;&#8221; video_ratio=&#8221;16:9&#8243; overlay_opacity=&#8221;0.5&#8243; overlay_color=&#8221;&#8221; overlay_pattern=&#8221;&#8221; overlay_custom_pattern=&#8221;&#8221; av_element_hidden_in_editor=&#8221;0&#8243; av_uid=&#8221;av-jj21ix0a&#8221; custom_class=&#8221;&#8221;] [av_heading tag=&#8221;h3&#8243; padding=&#8221;0&#8243; heading=&#8221;Chiavi in mano&#8221; color=&#8221;&#8221; style=&#8221;blockquote modern-quote modern-centered&#8221; custom_font=&#8221;&#8221; size=&#8221;60&#8243; subheading_active=&#8221;&#8221; subheading_size=&#8221;15&#8243; custom_class=&#8221;&#8221; admin_preview_bg=&#8221;&#8221; av-desktop-hide=&#8221;&#8221; av-medium-hide=&#8221;&#8221; av-small-hide=&#8221;&#8221; av-mini-hide=&#8221;&#8221; av-medium-font-size-title=&#8221;&#8221; av-small-font-size-title=&#8221;&#8221; [&#8230;]\n","protected":false},"author":5,"featured_media":0,"parent":42148,"menu_order":0,"comment_status":"closed","ping_status":"closed","template":"","meta":{"_joinchat":[],"footnotes":""},"class_list":["post-42126","page","type-page","status-publish","hentry"],"yoast_head":"<!-- This site is optimized with the Yoast SEO plugin v27.5 - https:\/\/yoast.com\/product\/yoast-seo-wordpress\/ -->\n<title>N\u00f8glef\u00e6rdig - Formar.shop<\/title>\n<meta name=\"robots\" content=\"index, follow, max-snippet:-1, max-image-preview:large, max-video-preview:-1\" \/>\n<link rel=\"canonical\" href=\"https:\/\/formar.shop\/da\/vores-tjenester\/noeglefaerdig\/\" \/>\n<script type=\"application\/ld+json\" class=\"yoast-schema-graph\">{\"@context\":\"https:\\\/\\\/schema.org\",\"@graph\":[{\"@type\":\"WebPage\",\"@id\":\"https:\\\/\\\/formar.shop\\\/da\\\/vores-tjenester\\\/noeglefaerdig\\\/\",\"url\":\"https:\\\/\\\/formar.shop\\\/da\\\/vores-tjenester\\\/noeglefaerdig\\\/\",\"name\":\"N\u00f8glef\u00e6rdig - Formar.shop\",\"isPartOf\":{\"@id\":\"https:\\\/\\\/formar.shop\\\/da\\\/#website\"},\"datePublished\":\"2025-01-18T14:41:12+00:00\",\"dateModified\":\"2025-01-18T14:41:20+00:00\",\"breadcrumb\":{\"@id\":\"https:\\\/\\\/formar.shop\\\/da\\\/vores-tjenester\\\/noeglefaerdig\\\/#breadcrumb\"},\"inLanguage\":\"da-DK\",\"potentialAction\":[{\"@type\":\"ReadAction\",\"target\":[\"https:\\\/\\\/formar.shop\\\/da\\\/vores-tjenester\\\/noeglefaerdig\\\/\"]}]},{\"@type\":\"BreadcrumbList\",\"@id\":\"https:\\\/\\\/formar.shop\\\/da\\\/vores-tjenester\\\/noeglefaerdig\\\/#breadcrumb\",\"itemListElement\":[{\"@type\":\"ListItem\",\"position\":1,\"name\":\"Home\",\"item\":\"https:\\\/\\\/formar.shop\\\/da\\\/automatisk-udkast\\\/\"},{\"@type\":\"ListItem\",\"position\":2,\"name\":\"Vores tjenester\",\"item\":\"https:\\\/\\\/formar.shop\\\/da\\\/vores-tjenester\\\/\"},{\"@type\":\"ListItem\",\"position\":3,\"name\":\"N\u00f8glef\u00e6rdig\"}]},{\"@type\":\"WebSite\",\"@id\":\"https:\\\/\\\/formar.shop\\\/da\\\/#website\",\"url\":\"https:\\\/\\\/formar.shop\\\/da\\\/\",\"name\":\"Formar.shop\",\"description\":\"Soluzioni espresse con stile\",\"potentialAction\":[{\"@type\":\"SearchAction\",\"target\":{\"@type\":\"EntryPoint\",\"urlTemplate\":\"https:\\\/\\\/formar.shop\\\/da\\\/?s={search_term_string}\"},\"query-input\":{\"@type\":\"PropertyValueSpecification\",\"valueRequired\":true,\"valueName\":\"search_term_string\"}}],\"inLanguage\":\"da-DK\"}]}<\/script>\n<!-- \/ Yoast SEO plugin. -->","yoast_head_json":{"title":"N\u00f8glef\u00e6rdig - Formar.shop","robots":{"index":"index","follow":"follow","max-snippet":"max-snippet:-1","max-image-preview":"max-image-preview:large","max-video-preview":"max-video-preview:-1"},"canonical":"https:\/\/formar.shop\/da\/vores-tjenester\/noeglefaerdig\/","schema":{"@context":"https:\/\/schema.org","@graph":[{"@type":"WebPage","@id":"https:\/\/formar.shop\/da\/vores-tjenester\/noeglefaerdig\/","url":"https:\/\/formar.shop\/da\/vores-tjenester\/noeglefaerdig\/","name":"N\u00f8glef\u00e6rdig - Formar.shop","isPartOf":{"@id":"https:\/\/formar.shop\/da\/#website"},"datePublished":"2025-01-18T14:41:12+00:00","dateModified":"2025-01-18T14:41:20+00:00","breadcrumb":{"@id":"https:\/\/formar.shop\/da\/vores-tjenester\/noeglefaerdig\/#breadcrumb"},"inLanguage":"da-DK","potentialAction":[{"@type":"ReadAction","target":["https:\/\/formar.shop\/da\/vores-tjenester\/noeglefaerdig\/"]}]},{"@type":"BreadcrumbList","@id":"https:\/\/formar.shop\/da\/vores-tjenester\/noeglefaerdig\/#breadcrumb","itemListElement":[{"@type":"ListItem","position":1,"name":"Home","item":"https:\/\/formar.shop\/da\/automatisk-udkast\/"},{"@type":"ListItem","position":2,"name":"Vores tjenester","item":"https:\/\/formar.shop\/da\/vores-tjenester\/"},{"@type":"ListItem","position":3,"name":"N\u00f8glef\u00e6rdig"}]},{"@type":"WebSite","@id":"https:\/\/formar.shop\/da\/#website","url":"https:\/\/formar.shop\/da\/","name":"Formar.shop","description":"Soluzioni espresse con stile","potentialAction":[{"@type":"SearchAction","target":{"@type":"EntryPoint","urlTemplate":"https:\/\/formar.shop\/da\/?s={search_term_string}"},"query-input":{"@type":"PropertyValueSpecification","valueRequired":true,"valueName":"search_term_string"}}],"inLanguage":"da-DK"}]}},"_links":{"self":[{"href":"https:\/\/formar.shop\/da\/wp-json\/wp\/v2\/pages\/42126","targetHints":{"allow":["GET"]}}],"collection":[{"href":"https:\/\/formar.shop\/da\/wp-json\/wp\/v2\/pages"}],"about":[{"href":"https:\/\/formar.shop\/da\/wp-json\/wp\/v2\/types\/page"}],"author":[{"embeddable":true,"href":"https:\/\/formar.shop\/da\/wp-json\/wp\/v2\/users\/5"}],"replies":[{"embeddable":true,"href":"https:\/\/formar.shop\/da\/wp-json\/wp\/v2\/comments?post=42126"}],"version-history":[{"count":1,"href":"https:\/\/formar.shop\/da\/wp-json\/wp\/v2\/pages\/42126\/revisions"}],"predecessor-version":[{"id":42128,"href":"https:\/\/formar.shop\/da\/wp-json\/wp\/v2\/pages\/42126\/revisions\/42128"}],"up":[{"embeddable":true,"href":"https:\/\/formar.shop\/da\/wp-json\/wp\/v2\/pages\/42148"}],"wp:attachment":[{"href":"https:\/\/formar.shop\/da\/wp-json\/wp\/v2\/media?parent=42126"}],"curies":[{"name":"wp","href":"https:\/\/api.w.org\/{rel}","templated":true}]}}