{"id":42113,"date":"2025-01-18T15:41:10","date_gmt":"2025-01-18T14:41:10","guid":{"rendered":"https:\/\/formar.shop\/na-klic\/"},"modified":"2025-01-18T15:41:21","modified_gmt":"2025-01-18T14:41:21","slug":"na-klic","status":"publish","type":"page","link":"https:\/\/formar.shop\/cs\/nase-sluzby\/na-klic\/","title":{"rendered":"Na kl\u00ed\u010d"},"content":{"rendered":"\n[av_section min_height=&#8220;&#8220; min_height_px=&#8220;500px&#8220; padding=&#8220;default&#8220; shadow=&#8220;no-border-styling&#8220; bottom_border=&#8220;no-border-styling&#8220; bottom_border_diagonal_color=&#8220;#333333&#8243; bottom_border_diagonal_direction=&#8220;&#8220; bottom_border_style=&#8220;&#8220; custom_arrow_bg=&#8220;&#8220; id=&#8220;&#8220; color=&#8220;main_color&#8220; background=&#8220;bg_color&#8220; custom_bg=&#8220;#ffffff&#8220; background_gradient_color1=&#8220;&#8220; background_gradient_color2=&#8220;&#8220; background_gradient_direction=&#8220;vertical&#8220; src=&#8220;&#8220; attachment=&#8220;&#8220; attachment_size=&#8220;&#8220; attach=&#8220;scroll&#8220; position=&#8220;top left&#8220; repeat=&#8220;no-repeat&#8220; video=&#8220;&#8220; video_ratio=&#8220;16:9&#8243; overlay_opacity=&#8220;0.5&#8243; overlay_color=&#8220;&#8220; overlay_pattern=&#8220;&#8220; overlay_custom_pattern=&#8220;&#8220; av_element_hidden_in_editor=&#8220;0&#8243; av_uid=&#8220;av-jj21ix0a&#8220; custom_class=&#8220;&#8220;]\n[av_heading tag=&#8220;h3&#8243; padding=&#8220;0&#8243; heading=&#8220;Chiavi in mano&#8220; color=&#8220;&#8220; style=&#8220;blockquote modern-quote modern-centered&#8220; custom_font=&#8220;&#8220; size=&#8220;60&#8243; subheading_active=&#8220;&#8220; subheading_size=&#8220;15&#8243; custom_class=&#8220;&#8220; admin_preview_bg=&#8220;&#8220; av-desktop-hide=&#8220;&#8220; av-medium-hide=&#8220;&#8220; av-small-hide=&#8220;&#8220; av-mini-hide=&#8220;&#8220; av-medium-font-size-title=&#8220;&#8220; av-small-font-size-title=&#8220;&#8220; av-mini-font-size-title=&#8220;&#8220; av-medium-font-size=&#8220;&#8220; av-small-font-size=&#8220;&#8220; av-mini-font-size=&#8220;&#8220; margin=&#8220;&#8220; av_uid=&#8220;av-32n20p&#8220;]\nPoznejte l\u00e9pe\n[\/av_heading]\n\n[av_hr class=&#8220;custom&#8220; height=&#8220;50&#8243; shadow=&#8220;no-shadow&#8220; position=&#8220;center&#8220; custom_border=&#8220;av-border-fat&#8220; custom_width=&#8220;100px&#8220; custom_border_color=&#8220;#fab300&#8243; custom_margin_top=&#8220;0px&#8220; custom_margin_bottom=&#8220;30px&#8220; icon_select=&#8220;no&#8220; custom_icon_color=&#8220;&#8220; icon=&#8220;ue808&#8243; font=&#8220;entypo-fontello&#8220; av_uid=&#8220;av-jj21opc3&#8243; custom_class=&#8220;&#8220; admin_preview_bg=&#8220;&#8220;]\n\n[av_three_fifth first min_height=&#8220;av-equal-height-column&#8220; vertical_alignment=&#8220;av-align-top&#8220; space=&#8220;&#8220; margin=&#8220;0px&#8220; margin_sync=&#8220;true&#8220; link=&#8220;&#8220; linktarget=&#8220;&#8220; link_hover=&#8220;&#8220; padding=&#8220;0px&#8220; padding_sync=&#8220;true&#8220; border=&#8220;&#8220; border_color=&#8220;&#8220; radius=&#8220;0px&#8220; radius_sync=&#8220;true&#8220; background=&#8220;bg_color&#8220; background_color=&#8220;&#8220; background_gradient_color1=&#8220;&#8220; background_gradient_color2=&#8220;&#8220; background_gradient_direction=&#8220;vertical&#8220; src=&#8220;&#8220; attachment=&#8220;&#8220; attachment_size=&#8220;&#8220; background_position=&#8220;top left&#8220; background_repeat=&#8220;no-repeat&#8220; animation=&#8220;right-to-left&#8220; mobile_breaking=&#8220;&#8220; mobile_display=&#8220;&#8220; av_uid=&#8220;av-3zzjgv&#8220; custom_class=&#8220;&#8220;]\n\n[av_textblock size=&#8220;&#8220; font_color=&#8220;&#8220; color=&#8220;&#8220; av-medium-font-size=&#8220;&#8220; av-small-font-size=&#8220;&#8220; av-mini-font-size=&#8220;&#8220; av_uid=&#8220;av-jj19v7g1&#8243; custom_class=&#8220;&#8220; admin_preview_bg=&#8220;&#8220;]\nP\u0159edstavuje si kancel\u00e1\u0159, domov, prost\u0159ed\u00ed, star\u00e1 se o detaily, aby byly prostory kr\u00e1sn\u011bj\u0161\u00ed, funk\u010dn\u011bj\u0161\u00ed a p\u0159\u00edjemn\u011bj\u0161\u00ed k \u017eivotu.\nP\u0159edstavte si m\u00edsta, kde se c\u00edt\u00edte dob\u0159e. \n[\/av_textblock]\n\n[av_iconlist position=&#8220;left&#8220; iconlist_styling=&#8220;&#8220; custom_title_size=&#8220;20&#8243; custom_content_size=&#8220;14&#8243; font_color=&#8220;custom&#8220; custom_title=&#8220;#000000&#8243; custom_content=&#8220;#666666&#8243; color=&#8220;custom&#8220; custom_bg=&#8220;#fab300&#8243; custom_font=&#8220;&#8220; custom_border=&#8220;&#8220; av-medium-font-size-title=&#8220;&#8220; av-small-font-size-title=&#8220;&#8220; av-mini-font-size-title=&#8220;&#8220; av-medium-font-size=&#8220;&#8220; av-small-font-size=&#8220;&#8220; av-mini-font-size=&#8220;&#8220; av_uid=&#8220;av-jj2t8ptu&#8220; custom_class=&#8220;&#8220; admin_preview_bg=&#8220;&#8220;]\n[av_iconlist_item title=&#8220;Vhodn\u00e1 \u0159e\u0161en\u00ed&#8220; link=&#8220;&#8220; linktarget=&#8220;&#8220; linkelement=&#8220;&#8220; icon=&#8220;uf105&#8243; font=&#8220;formar_flat&#8220; av_uid=&#8220;av-b17uc9&#8243;]\nV p\u0159\u00edpravn\u00e9 f\u00e1zi v\u00e1m na\u0161i design\u00e9\u0159i p\u0159edstav\u00ed <b>\u0159e\u0161en\u00ed vhodn\u00e1 pro <\/b>va\u0161e pot\u0159eby a p\u0159izp\u016fsobiv\u00e1 nov\u00e9mu \u017eivotn\u00edmu stylu.\nPro ka\u017edou architekturu m\u016f\u017ee existovat v\u00edce mo\u017enost\u00ed, p\u0159esto mohou b\u00fdt n\u011bkter\u00e1 \u0159e\u0161en\u00ed lep\u0161\u00ed ne\u017e jin\u00e1. \n[\/av_iconlist_item]\n[av_iconlist_item title=&#8220;Poradenstv\u00ed v oblasti vybaven\u00ed&#8220; link=&#8220;&#8220; linktarget=&#8220;&#8220; linkelement=&#8220;&#8220; icon=&#8220;ue804&#8243; font=&#8220;formar_flat&#8220; av_uid=&#8220;av-933u55&#8243;]\nVe f\u00e1zi n\u00e1vrhu nab\u00edz\u00edme <b>poradenstv\u00ed v oblasti n\u00e1bytku<\/b> a jsme schopni v\u00e1m nab\u00eddnout designov\u00e1 \u0159e\u0161en\u00ed, kter\u00e1 odpov\u00eddaj\u00ed va\u0161im pot\u0159eb\u00e1m a vkusu.\n[\/av_iconlist_item]\n[av_iconlist_item title=&#8220;Maxim\u00e1ln\u00ed pohodl\u00ed&#8220; link=&#8220;&#8220; linktarget=&#8220;&#8220; linkelement=&#8220;&#8220; icon=&#8220;uf12b&#8220; font=&#8220;formar_flat&#8220; av_uid=&#8220;av-6savbt&#8220;]\nN\u00e1vrhy vych\u00e1zej\u00ed z p\u0159edpokladu, \u017ee tam, kde pracujeme a \u017eijeme, chceme <b>maxim\u00e1ln\u00ed pohodl\u00ed<\/b>.\nTo ovliv\u0148uje zp\u016fsob, jak\u00fdm p\u0159em\u00fd\u0161l\u00edme o prostorech a rekonfigurujeme oblasti, optimalizujeme prost\u0159ed\u00ed tak, aby se zlep\u0161ilo.\nBez ohledu na rozsah projektu.  \n[\/av_iconlist_item]\n[av_iconlist_item title=&#8220;Materi\u00e1ly \u0161etrn\u00e9 k \u017eivotn\u00edmu prost\u0159ed\u00ed&#8220; link=&#8220;&#8220; linktarget=&#8220;&#8220; linkelement=&#8220;&#8220; icon=&#8220;ue8b8&#8243; font=&#8220;entypo-fontello&#8220; av_uid=&#8220;av-5vcyfd&#8220;]\nPozornost v\u011bnovan\u00e1 \u0159e\u0161en\u00edm, kter\u00e1 respektuj\u00ed z\u00e1sady pohodl\u00ed, bezpe\u010dnosti a harmonie, je dopln\u011bna citliv\u00fdm pou\u017e\u00edv\u00e1n\u00edm materi\u00e1l\u016f, kter\u00e9 jsou \u0161etrn\u011bj\u0161\u00ed k \u017eivotn\u00edmu prost\u0159ed\u00ed.\nV na\u0161ich projektech r\u00e1di zachycujeme sv\u011btlo a st\u00edny, abychom zm\u011bnili emocion\u00e1ln\u00ed vn\u00edm\u00e1n\u00ed prostoru.\nTouha pohybovat se v kontextu kreativity zam\u011b\u0159en\u00e9 na spokojenost u\u017eivatel\u016f je prioritn\u00edm posl\u00e1n\u00edm spole\u010dnosti.  \n[\/av_iconlist_item]\n[av_iconlist_item title=&#8220;Od n\u00e1vrhu po realizaci&#8220; link=&#8220;&#8220; linktarget=&#8220;&#8220; linkelement=&#8220;&#8220; icon=&#8220;uf10b&#8220; font=&#8220;formar_flat&#8220; av_uid=&#8220;av-4xke4p&#8220;]\nAbychom pro v\u00e1s vytvo\u0159ili projekt na m\u00edru, vych\u00e1z\u00edme z va\u0161ich pot\u0159eb a vkusu.\nNa\u0161i odborn\u00edci se pak postaraj\u00ed o v\u0161echny aspekty va\u0161\u00ed renovace. <b>Od n\u00e1vrhu a\u017e po realizaci<\/b> se studio postar\u00e1 o organizaci a kontrolu prac\u00ed, aby pro v\u00e1s zavedlo to spr\u00e1vn\u00e9 \u0159e\u0161en\u00ed. \n[\/av_iconlist_item]\n[\/av_iconlist]\n\n[\/av_three_fifth][av_two_fifth min_height=&#8220;av-equal-height-column&#8220; vertical_alignment=&#8220;av-align-top&#8220; space=&#8220;&#8220; margin=&#8220;0px&#8220; margin_sync=&#8220;true&#8220; link=&#8220;&#8220; linktarget=&#8220;&#8220; link_hover=&#8220;&#8220; padding=&#8220;0px&#8220; padding_sync=&#8220;true&#8220; border=&#8220;&#8220; border_color=&#8220;&#8220; radius=&#8220;0px&#8220; radius_sync=&#8220;true&#8220; background=&#8220;bg_color&#8220; background_color=&#8220;&#8220; background_gradient_color1=&#8220;&#8220; background_gradient_color2=&#8220;&#8220; background_gradient_direction=&#8220;vertical&#8220; src=&#8220;https:\/\/formar-contract.it\/wp-content\/uploads\/2018\/06\/cit2.png&#8220; attachment=&#8220;3300&#8243; attachment_size=&#8220;full&#8220; background_position=&#8220;bottom right&#8220; background_repeat=&#8220;no-repeat&#8220; animation=&#8220;&#8220; mobile_breaking=&#8220;&#8220; mobile_display=&#8220;&#8220; av_uid=&#8220;av-5g7wdb&#8220; custom_class=&#8220;&#8220;]\n\n[av_heading heading=Pracujeme se t\u0159emi v\u011bcmi: <u>prostory<\/u>, <u>sv\u011btlem<\/u> p\u0159edev\u0161\u00edm ve dne, ale i v noci, a<u>architekturou<\/u>; pak je tu sv\u011btlo jako design, jako n\u00e1stroj architektonick\u00e9 preciznosti, a sv\u011btlo jako integrovan\u00e1 funk\u010dn\u00ed skute\u010dnost, jako v muze\u00edch, kde je sou\u010d\u00e1st\u00ed designu, nejen z p\u0159\u00e1n\u00ed, ale z nutnosti.\n(Gae Aulenti)&#8216; tag=&#8217;h3&#8242; style=&#8217;blockquote modern-quote&#8216; size=&#8217;36&#8216; subheading_active=&#8220; subheading_size=&#8217;15&#8216; margin=&#8220; margin_sync=&#8217;true&#8216; padding=&#8217;0&#8242; colour=&#8220; custom_font=&#8220; av-medium-font-size-title=&#8220; av-small-font-size-title=&#8220; av-mini-font-size-title=&#8220; av-medium-font-size=&#8220; av-small-font-size=&#8220; av-mini-font-size=&#8220; av_uid=&#8217;av-j38e6je&#8216; custom_class=&#8220; admin_preview_bg=&#8220;] [\/av_two_fifth]\n\n[\/av_section]\n[\/]\n\n[av_section min_height=&#8220; min_height_px=&#8217;500px&#8216; padding=&#8217;large&#8216; shadow=&#8217;shadow&#8216; bottom_border=&#8217;no-border-styling&#8216; bottom_border_diagonal_color=&#8217;#333333&#8242; bottom_border_diagonal_direction=&#8220; bottom_border_style=&#8220; custom_arrow_bg=&#8220; id=&#8220; color=&#8217;main_color&#8216; background=&#8217;bg_color&#8216; custom_bg=&#8220; background_gradient_color1=&#8220; background_gradient_color2=&#8220; background_gradient_direction=&#8217;vertical&#8216; src=&#8217;https:\/\/formar-contract.it\/wp-content\/uploads\/2018\/07\/servizio-formar-contract-chiavi-in-mano.jpg&#8216; attachment=&#8217;3479&#8242; attachment_size=&#8217;full&#8216; attach=&#8217;parallax&#8216; position=&#8217;center center&#8216; repeat=&#8217;no-repeat&#8216; video=&#8220; video_ratio=&#8217;16:9&#8242; overlay_enable=&#8217;aviaTBoverlay_enable&#8216; overlay_opacity=&#8217;0.5&#8242; overlay_color=&#8217;#ffffff&#8216; overlay_pattern=&#8220; overlay_custom_pattern=&#8220; av_element_hidden_in_editor=&#8217;0&#8242; av_uid=&#8217;av-jj19wtow&#8216; custom_class=&#8220;]\n[av_one_half first min_height=&#8220;av-equal-height-column&#8220; vertical_alignment=&#8220;av-align-top&#8220; space=&#8220;&#8220; margin=&#8220;0px&#8220; margin_sync=&#8220;true&#8220; link=&#8220;&#8220; linktarget=&#8220;&#8220; link_hover=&#8220;&#8220; padding=&#8220;&#8220; padding_sync=&#8220;true&#8220; border=&#8220;&#8220; border_color=&#8220;&#8220; radius=&#8220;0px&#8220; radius_sync=&#8220;true&#8220; background=&#8220;bg_color&#8220; background_color=&#8220;&#8220; background_gradient_color1=&#8220;&#8220; background_gradient_color2=&#8220;&#8220; background_gradient_direction=&#8220;vertical&#8220; src=&#8220;&#8220; attachment=&#8220;&#8220; attachment_size=&#8220;&#8220; background_position=&#8220;bottom right&#8220; background_repeat=&#8220;no-repeat&#8220; animation=&#8220;&#8220; mobile_breaking=&#8220;&#8220; mobile_display=&#8220;&#8220; av_uid=&#8220;av-5g7wdb&#8220; custom_class=&#8220;ginevra&#8220;]\n\n[av_heading tag=&#8220;h3&#8243; padding=&#8220;0&#8243; heading=&#8220;Il Servizio ti garantisce&#8220; color=&#8220;&#8220; style=&#8220;blockquote modern-quote&#8220; custom_font=&#8220;&#8220; size=&#8220;36&#8243; subheading_active=&#8220;subheading_above&#8220; subheading_size=&#8220;15&#8243; custom_class=&#8220;&#8220; admin_preview_bg=&#8220;&#8220; av-desktop-hide=&#8220;&#8220; av-medium-hide=&#8220;&#8220; av-small-hide=&#8220;&#8220; av-mini-hide=&#8220;&#8220; av-medium-font-size-title=&#8220;&#8220; av-small-font-size-title=&#8220;&#8220; av-mini-font-size-title=&#8220;&#8220; av-medium-font-size=&#8220;&#8220; av-small-font-size=&#8220;&#8220; av-mini-font-size=&#8220;&#8220; margin=&#8220;&#8220; av_uid=&#8220;av-aerdeh&#8220;]\nUsnadn\u011bn\u00ed procesu restrukturalizace\n[\/av_heading]\n\n[av_iconlist position=&#8220;left&#8220; iconlist_styling=&#8220;av-iconlist-small&#8220; custom_title_size=&#8220;18&#8243; custom_content_size=&#8220;14&#8243; font_color=&#8220;custom&#8220; custom_title=&#8220;#000000&#8243; custom_content=&#8220;#666666&#8243; color=&#8220;custom&#8220; custom_bg=&#8220;&#8220; custom_font=&#8220;#fab300&#8243; custom_border=&#8220;&#8220; av-medium-font-size-title=&#8220;&#8220; av-small-font-size-title=&#8220;&#8220; av-mini-font-size-title=&#8220;&#8220; av-medium-font-size=&#8220;&#8220; av-small-font-size=&#8220;&#8220; av-mini-font-size=&#8220;&#8220; av_uid=&#8220;av-jj2t8ptu&#8220; custom_class=&#8220;&#8220; admin_preview_bg=&#8220;&#8220;]\n[av_iconlist_item title=&#8220;Jednotn\u00e9 kontaktn\u00ed m\u00edsto&#8220; link=&#8220;&#8220; linktarget=&#8220;&#8220; linkelement=&#8220;&#8220; icon=&#8220;ue80b&#8220; font=&#8220;formar_flat&#8220; av_uid=&#8220;av-k72ewp&#8220;]\na kontaktn\u00ed m\u00edsto od \u017e\u00e1dosti o cenovou nab\u00eddku a\u017e po n\u00e1v\u0161t\u011bvu na m\u00edst\u011b, od vytvo\u0159en\u00ed projektu a\u017e po jeho realizaci.\n[\/av_iconlist_item]\n[av_iconlist_item title=&#8220;St\u00e1le p\u0159\u00edtomn\u00e1 kontaktn\u00ed osoba&#8220; link=&#8220;&#8220; linktarget=&#8220;&#8220; linkelement=&#8220;&#8220; icon=&#8220;ue80b&#8220; font=&#8220;formar_flat&#8220; av_uid=&#8220;av-j8hcdl&#8220;]\nnikdy nejste bez kontaktn\u00ed osoby\n[\/av_iconlist_item]\n[av_iconlist_item title=&#8220;P\u0159evzet\u00ed spr\u00e1vy soubor\u016f&#8220; link=&#8220;&#8220; linktarget=&#8220;&#8220; linkelement=&#8220;&#8220; icon=&#8220;ue80b&#8220; font=&#8220;formar_flat&#8220; av_uid=&#8220;av-1sebgp&#8220;]\nnemus\u00edte myslet na pap\u00edrov\u00e1n\u00ed\n[\/av_iconlist_item]\n[av_iconlist_item title=&#8220;Line\u00e1rn\u00ed pas\u00e1\u017ee&#8220; link=&#8220;&#8220; linktarget=&#8220;&#8220; linkelement=&#8220;&#8220; icon=&#8220;ue80b&#8220; font=&#8220;formar_flat&#8220; av_uid=&#8220;av-fwdcsp&#8220;]\nod n\u00e1padu k projektu, od n\u00e1vrhu k realizaci\n[\/av_iconlist_item]\n[av_iconlist_item title=&#8220;Organizace &#8220; link=&#8220;&#8220; linktarget=&#8220;&#8220; linkelement=&#8220;&#8220; icon=&#8220;ue80b&#8220; font=&#8220;formar_flat&#8220; av_uid=&#8220;av-1gx2x5&#8243;]\nprostorov\u00e9 a \u010dasov\u00e9 m\u00edsto\n[\/av_iconlist_item]\n[\/av_iconlist]\n\n[\/av_heading][av_one_half min_height=&#8220;&#8220; vertical_alignment=&#8220;av-align-top&#8220; space=&#8220;&#8220; margin=&#8220;0px&#8220; margin_sync=&#8220;true&#8220; link=&#8220;&#8220; linktarget=&#8220;&#8220; link_hover=&#8220;&#8220; padding=&#8220;&#8220; padding_sync=&#8220;true&#8220; border=&#8220;&#8220; border_color=&#8220;&#8220; radius=&#8220;0px&#8220; radius_sync=&#8220;true&#8220; background=&#8220;bg_color&#8220; background_color=&#8220;&#8220; background_gradient_color1=&#8220;&#8220; background_gradient_color2=&#8220;&#8220; background_gradient_direction=&#8220;vertical&#8220; src=&#8220;&#8220; attachment=&#8220;&#8220; attachment_size=&#8220;&#8220; background_position=&#8220;top left&#8220; background_repeat=&#8220;no-repeat&#8220; animation=&#8220;&#8220; mobile_breaking=&#8220;&#8220; mobile_display=&#8220;&#8220; av_uid=&#8220;av-3zzjgv&#8220; custom_class=&#8220;&#8220;]\n\n[av_heading tag=&#8220;h3&#8243; padding=&#8220;0&#8243; heading=&#8220;Il servizio comprende&#8220; color=&#8220;&#8220; style=&#8220;blockquote modern-quote&#8220; custom_font=&#8220;&#8220; size=&#8220;36&#8243; subheading_active=&#8220;subheading_above&#8220; subheading_size=&#8220;15&#8243; custom_class=&#8220;&#8220; admin_preview_bg=&#8220;&#8220; av-desktop-hide=&#8220;&#8220; av-medium-hide=&#8220;&#8220; av-small-hide=&#8220;&#8220; av-mini-hide=&#8220;&#8220; av-medium-font-size-title=&#8220;&#8220; av-small-font-size-title=&#8220;&#8220; av-mini-font-size-title=&#8220;&#8220; av-medium-font-size=&#8220;&#8220; av-small-font-size=&#8220;&#8220; av-mini-font-size=&#8220;&#8220; margin=&#8220;&#8220; av_uid=&#8220;av-8huvk9&#8243;]\nKompletn\u00ed rekonstrukce kancel\u00e1\u0159e nebo bytu\n[\/av_heading]\n\n[av_iconlist position=&#8220;left&#8220; iconlist_styling=&#8220;av-iconlist-small&#8220; custom_title_size=&#8220;18&#8243; custom_content_size=&#8220;14&#8243; font_color=&#8220;custom&#8220; custom_title=&#8220;#000000&#8243; custom_content=&#8220;#666666&#8243; color=&#8220;custom&#8220; custom_bg=&#8220;&#8220; custom_font=&#8220;#fab300&#8243; custom_border=&#8220;&#8220; av-medium-font-size-title=&#8220;&#8220; av-small-font-size-title=&#8220;&#8220; av-mini-font-size-title=&#8220;&#8220; av-medium-font-size=&#8220;&#8220; av-small-font-size=&#8220;&#8220; av-mini-font-size=&#8220;&#8220; av_uid=&#8220;av-jj2t8ptu&#8220; custom_class=&#8220;&#8220; admin_preview_bg=&#8220;&#8220;]\n[av_iconlist_item title=&#8220;Odbaven\u00ed  &#8220; link=&#8220;&#8220; linktarget=&#8220;&#8220; linkelement=&#8220;&#8220; icon=&#8220;ue80b&#8220; font=&#8220;formar_flat&#8220; av_uid=&#8220;av-c8bmjd&#8220;]\nnemovitosti\n[\/av_iconlist_item]\n[av_iconlist_item title=&#8220;Nakl\u00e1d\u00e1n\u00ed a vykl\u00e1d\u00e1n\u00ed  &#8220; link=&#8220;&#8220; linktarget=&#8220;&#8220; linkelement=&#8220;&#8220; icon=&#8220;ue80b&#8220; font=&#8220;formar_flat&#8220; av_uid=&#8220;av-badx21&#8243;]\nmateri\u00e1lu a z\u00e1sob po dobu v\u00fdstavby.\n[\/av_iconlist_item]\n[av_iconlist_item title=&#8220;Zednick\u00e9 pr\u00e1ce&#8220; link=&#8220;&#8220; linktarget=&#8220;&#8220; linkelement=&#8220;&#8220; icon=&#8220;ue80b&#8220; font=&#8220;formar_flat&#8220; av_uid=&#8220;av-7kclmx&#8220;]\nDemolice, st\u011bhov\u00e1n\u00ed a rekonstrukce\n[\/av_iconlist_item]\n[av_iconlist_item title=&#8220;In\u017een\u00fdrstv\u00ed rostlin&#8220; link=&#8220;&#8220; linktarget=&#8220;&#8220; linkelement=&#8220;&#8220; icon=&#8220;ue80b&#8220; font=&#8220;formar_flat&#8220; av_uid=&#8220;av-6apieh&#8220;]\nRealizace nov\u00fdch za\u0159\u00edzen\u00ed\n[\/av_iconlist_item]\n[av_iconlist_item title=&#8220;Dekorace&#8220; link=&#8220;&#8220; linktarget=&#8220;&#8220; linkelement=&#8220;&#8220; icon=&#8220;ue80b&#8220; font=&#8220;formar_flat&#8220; av_uid=&#8220;av-409tzd&#8220;]\nst\u011brkov\u00e1n\u00ed, brou\u0161en\u00ed a malov\u00e1n\u00ed st\u011bn a strop\u016f\n[\/av_iconlist_item]\n[av_iconlist_item title=&#8220;Mont\u00e1\u017e  &#8220; link=&#8220;&#8220; linktarget=&#8220;&#8220; linkelement=&#8220;&#8220; icon=&#8220;ue80b&#8220; font=&#8220;formar_flat&#8220; av_uid=&#8220;av-2f7fnd&#8220;]\ndve\u0159\u00ed, sanit\u00e1rn\u00edch za\u0159\u00edzen\u00ed, sv\u00edtidel, kotl\u016f a klimatizac\u00ed.\n[\/av_iconlist_item]\n[\/av_iconlist]\n\n[\/av_one_half]\n[\/av_one_half]\n\n[av_section min_height=&#8220;&#8220; min_height_px=&#8220;500px&#8220; padding=&#8220;default&#8220; shadow=&#8220;no-border-styling&#8220; bottom_border=&#8220;no-border-styling&#8220; bottom_border_diagonal_color=&#8220;#333333&#8243; bottom_border_diagonal_direction=&#8220;&#8220; bottom_border_style=&#8220;&#8220; custom_arrow_bg=&#8220;&#8220; id=&#8220;&#8220; color=&#8220;main_color&#8220; background=&#8220;bg_gradient&#8220; custom_bg=&#8220;&#8220; background_gradient_color1=&#8220;#fab300&#8243; background_gradient_color2=&#8220;#f7c100&#8243; background_gradient_direction=&#8220;diagonal_tb&#8220; src=&#8220;&#8220; attachment=&#8220;&#8220; attachment_size=&#8220;&#8220; attach=&#8220;scroll&#8220; position=&#8220;top left&#8220; repeat=&#8220;no-repeat&#8220; video=&#8220;&#8220; video_ratio=&#8220;16:9&#8243; overlay_opacity=&#8220;0.5&#8243; overlay_color=&#8220;&#8220; overlay_pattern=&#8220;&#8220; overlay_custom_pattern=&#8220;&#8220; av_element_hidden_in_editor=&#8220;0&#8243; av_uid=&#8220;av-97digt&#8220; custom_class=&#8220;&#8220;]\n[av_one_fifth first min_height=&#8220;av-equal-height-column&#8220; vertical_alignment=&#8220;av-align-middle&#8220; space=&#8220;no_margin&#8220; margin=&#8220;0px&#8220; margin_sync=&#8220;true&#8220; link=&#8220;&#8220; linktarget=&#8220;&#8220; link_hover=&#8220;&#8220; padding=&#8220;0px&#8220; padding_sync=&#8220;true&#8220; border=&#8220;&#8220; border_color=&#8220;&#8220; radius=&#8220;0px&#8220; radius_sync=&#8220;true&#8220; background=&#8220;bg_color&#8220; background_color=&#8220;&#8220; background_gradient_color1=&#8220;&#8220; background_gradient_color2=&#8220;&#8220; background_gradient_direction=&#8220;vertical&#8220; src=&#8220;&#8220; attachment=&#8220;&#8220; attachment_size=&#8220;&#8220; background_position=&#8220;top left&#8220; background_repeat=&#8220;no-repeat&#8220; animation=&#8220;&#8220; mobile_breaking=&#8220;&#8220; mobile_display=&#8220;&#8220; av_uid=&#8220;av-86lkfh&#8220; custom_class=&#8220;&#8220;]\n\n[av_font_icon icon=&#8220;ue854&#8243; font=&#8220;entypo-fontello&#8220; style=&#8220;border&#8220; caption=&#8220;&#8220; link=&#8220;page,3516&#8243; linktarget=&#8220;&#8220; size=&#8220;60px&#8220; position=&#8220;center&#8220; color=&#8220;#ffffff&#8220; av_uid=&#8220;av-jj23v1yv&#8220; custom_class=&#8220;&#8220; admin_preview_bg=&#8220;&#8220;][\/av_font_icon]\n\n[\/av_one_fifth][av_three_fifth min_height=&#8220;&#8220; vertical_alignment=&#8220;av-align-top&#8220; space=&#8220;&#8220; margin=&#8220;0px&#8220; margin_sync=&#8220;true&#8220; link=&#8220;&#8220; linktarget=&#8220;&#8220; link_hover=&#8220;&#8220; padding=&#8220;0px,20px,0px,0px&#8220; border=&#8220;&#8220; border_color=&#8220;&#8220; radius=&#8220;0px&#8220; radius_sync=&#8220;true&#8220; background=&#8220;bg_color&#8220; background_color=&#8220;&#8220; background_gradient_color1=&#8220;&#8220; background_gradient_color2=&#8220;&#8220; background_gradient_direction=&#8220;vertical&#8220; src=&#8220;&#8220; attachment=&#8220;&#8220; attachment_size=&#8220;&#8220; background_position=&#8220;top left&#8220; background_repeat=&#8220;no-repeat&#8220; animation=&#8220;&#8220; mobile_breaking=&#8220;&#8220; mobile_display=&#8220;&#8220; av_uid=&#8220;av-69i7od&#8220; custom_class=&#8220;&#8220;]\n\n[av_heading tag=&#8220;h3&#8243; padding=&#8220;0&#8243; heading=&#8220;Contattaci&#8220; color=&#8220;custom-color-heading&#8220; style=&#8220;blockquote modern-quote&#8220; custom_font=&#8220;#020202&#8243; size=&#8220;28&#8243; subheading_active=&#8220;&#8220; subheading_size=&#8220;15&#8243; custom_class=&#8220;&#8220; admin_preview_bg=&#8220;&#8220; av-desktop-hide=&#8220;&#8220; av-medium-hide=&#8220;&#8220; av-small-hide=&#8220;&#8220; av-mini-hide=&#8220;&#8220; av-medium-font-size-title=&#8220;&#8220; av-small-font-size-title=&#8220;&#8220; av-mini-font-size-title=&#8220;&#8220; av-medium-font-size=&#8220;&#8220; av-small-font-size=&#8220;&#8220; av-mini-font-size=&#8220;&#8220; margin=&#8220;&#8220;]\nFormar Contract je tak\u00e9\n[\/av_heading]\n\n[av_textblock size=&#8220;17&#8243; font_color=&#8220;custom&#8220; color=&#8220;#020202&#8243; av-medium-font-size=&#8220;&#8220; av-small-font-size=&#8220;&#8220; av-mini-font-size=&#8220;&#8220; av_uid=&#8220;av-jj23wau4&#8243; custom_class=&#8220;&#8220; admin_preview_bg=&#8220;&#8220;]\n<strong>N\u00e1\u0161 z\u00e1kaznick\u00fd servis je v\u00e1m k dispozici.  <\/strong>Pro jak\u00e9koli informace nebo \u017e\u00e1dost o cenovou nab\u00eddku n\u00e1s nev\u00e1hejte kontaktovat! Na\u0161i odborn\u00edci v\u00e1m zodpov\u00ed va\u0161e dotazy t\u00fdkaj\u00edc\u00ed se na\u0161ich slu\u017eeb: n\u00e1vrh, realizace, dod\u00e1vka a mont\u00e1\u017e kancel\u00e1\u0159sk\u00e9ho n\u00e1bytku. \n[\/av_textblock]\n\n[\/av_three_fifth][av_one_fifth min_height=&#8220;&#8220; vertical_alignment=&#8220;&#8220; space=&#8220;&#8220; custom_margin=&#8220;&#8220; margin=&#8220;0px&#8220; link=&#8220;&#8220; linktarget=&#8220;&#8220; link_hover=&#8220;&#8220; padding=&#8220;0px&#8220; border=&#8220;&#8220; border_color=&#8220;&#8220; radius=&#8220;0px&#8220; background=&#8220;bg_color&#8220; background_color=&#8220;&#8220; background_gradient_color1=&#8220;&#8220; background_gradient_color2=&#8220;&#8220; background_gradient_direction=&#8220;vertical&#8220; src=&#8220;&#8220; background_position=&#8220;top left&#8220; background_repeat=&#8220;no-repeat&#8220; animation=&#8220;&#8220; mobile_breaking=&#8220;&#8220; mobile_display=&#8220;&#8220; av_uid=&#8220;av-4qrmbh&#8220;]\n\n[av_button_big label=&#8220;WRITE&#8220; description_pos=&#8220;below&#8220; link=&#8220;page,3516&#8243; link_target=&#8220;&#8220; icon_select=&#8220;yes-left-icon&#8220; icon=&#8220;ue805&#8243; font=&#8220;entypo-fontello&#8220; custom_font=&#8220;&#8220; color=&#8220;theme-color-subtle&#8220; custom_bg=&#8220;#444444&#8243; color_hover=&#8220;theme-color-subtle&#8220; custom_bg_hover=&#8220;#444444&#8243; av_uid=&#8220;av-2p4q7x&#8220; custom_class=&#8220;&#8220; admin_preview_bg=&#8220;&#8220;][\/av_button_big]\n\n[av_hr class=&#8220;invisible&#8220; height=&#8220;20&#8243; shadow=&#8220;no-shadow&#8220; position=&#8220;center&#8220; custom_border=&#8220;av-border-thin&#8220; custom_width=&#8220;50px&#8220; custom_border_color=&#8220;&#8220; custom_margin_top=&#8220;30px&#8220; custom_margin_bottom=&#8220;30px&#8220; icon_select=&#8220;yes&#8220; custom_icon_color=&#8220;&#8220; icon=&#8220;ue808&#8243; font=&#8220;entypo-fontello&#8220; av_uid=&#8220;av-jj24q137&#8243; custom_class=&#8220;&#8220; admin_preview_bg=&#8220;&#8220;]\n\n[av_button_big label=&#8220;ZAVOLEJTE N\u00c1M&#8220; description_pos=&#8220;below&#8220; link=&#8220;manually,tel:+390715906063&#8243; link_target=&#8220;_blank&#8220; icon_select=&#8220;yes-left-icon&#8220; icon=&#8220;ue854&#8243; font=&#8220;entypo-fontello&#8220; custom_font=&#8220;&#8220; color=&#8220;theme-color-subtle&#8220; custom_bg=&#8220;#444444&#8243; color_hover=&#8220;theme-color-subtle&#8220; custom_bg_hover=&#8220;#444444&#8243; av_uid=&#8220;av-2p4q7x&#8220; custom_class=&#8220;&#8220; admin_preview_bg=&#8220;&#8220;][\/av_button_big]\n\n[\/av_one_fifth]\n[\/av_section]\n","protected":false},"excerpt":{"rendered":"[av_section min_height=&#8220;&#8220; min_height_px=&#8220;500px&#8220; padding=&#8220;default&#8220; shadow=&#8220;no-border-styling&#8220; bottom_border=&#8220;no-border-styling&#8220; bottom_border_diagonal_color=&#8220;#333333&#8243; bottom_border_diagonal_direction=&#8220;&#8220; bottom_border_style=&#8220;&#8220; custom_arrow_bg=&#8220;&#8220; id=&#8220;&#8220; color=&#8220;main_color&#8220; background=&#8220;bg_color&#8220; custom_bg=&#8220;#ffffff&#8220; background_gradient_color1=&#8220;&#8220; background_gradient_color2=&#8220;&#8220; background_gradient_direction=&#8220;vertical&#8220; src=&#8220;&#8220; attachment=&#8220;&#8220; attachment_size=&#8220;&#8220; attach=&#8220;scroll&#8220; position=&#8220;top left&#8220; repeat=&#8220;no-repeat&#8220; video=&#8220;&#8220; video_ratio=&#8220;16:9&#8243; overlay_opacity=&#8220;0.5&#8243; overlay_color=&#8220;&#8220; overlay_pattern=&#8220;&#8220; overlay_custom_pattern=&#8220;&#8220; av_element_hidden_in_editor=&#8220;0&#8243; av_uid=&#8220;av-jj21ix0a&#8220; custom_class=&#8220;&#8220;] [av_heading tag=&#8220;h3&#8243; padding=&#8220;0&#8243; heading=&#8220;Chiavi in mano&#8220; color=&#8220;&#8220; style=&#8220;blockquote modern-quote modern-centered&#8220; custom_font=&#8220;&#8220; size=&#8220;60&#8243; subheading_active=&#8220;&#8220; subheading_size=&#8220;15&#8243; custom_class=&#8220;&#8220; admin_preview_bg=&#8220;&#8220; av-desktop-hide=&#8220;&#8220; av-medium-hide=&#8220;&#8220; av-small-hide=&#8220;&#8220; av-mini-hide=&#8220;&#8220; av-medium-font-size-title=&#8220;&#8220; av-small-font-size-title=&#8220;&#8220; [&#8230;]\n","protected":false},"author":5,"featured_media":0,"parent":42150,"menu_order":0,"comment_status":"closed","ping_status":"closed","template":"","meta":{"_joinchat":[],"footnotes":""},"class_list":["post-42113","page","type-page","status-publish","hentry"],"yoast_head":"<!-- This site is optimized with the Yoast SEO plugin v27.5 - https:\/\/yoast.com\/product\/yoast-seo-wordpress\/ -->\n<title>Na kl\u00ed\u010d - Formar.shop<\/title>\n<meta name=\"robots\" content=\"index, follow, max-snippet:-1, max-image-preview:large, max-video-preview:-1\" \/>\n<link rel=\"canonical\" href=\"https:\/\/formar.shop\/cs\/nase-sluzby\/na-klic\/\" \/>\n<script type=\"application\/ld+json\" class=\"yoast-schema-graph\">{\"@context\":\"https:\\\/\\\/schema.org\",\"@graph\":[{\"@type\":\"WebPage\",\"@id\":\"https:\\\/\\\/formar.shop\\\/cs\\\/nase-sluzby\\\/na-klic\\\/\",\"url\":\"https:\\\/\\\/formar.shop\\\/cs\\\/nase-sluzby\\\/na-klic\\\/\",\"name\":\"Na kl\u00ed\u010d - Formar.shop\",\"isPartOf\":{\"@id\":\"https:\\\/\\\/formar.shop\\\/cs\\\/#website\"},\"datePublished\":\"2025-01-18T14:41:10+00:00\",\"dateModified\":\"2025-01-18T14:41:21+00:00\",\"breadcrumb\":{\"@id\":\"https:\\\/\\\/formar.shop\\\/cs\\\/nase-sluzby\\\/na-klic\\\/#breadcrumb\"},\"inLanguage\":\"cs\",\"potentialAction\":[{\"@type\":\"ReadAction\",\"target\":[\"https:\\\/\\\/formar.shop\\\/cs\\\/nase-sluzby\\\/na-klic\\\/\"]}]},{\"@type\":\"BreadcrumbList\",\"@id\":\"https:\\\/\\\/formar.shop\\\/cs\\\/nase-sluzby\\\/na-klic\\\/#breadcrumb\",\"itemListElement\":[{\"@type\":\"ListItem\",\"position\":1,\"name\":\"Home\",\"item\":\"https:\\\/\\\/formar.shop\\\/cs\\\/automaticky-navrh\\\/\"},{\"@type\":\"ListItem\",\"position\":2,\"name\":\"Na\u0161e slu\u017eby\",\"item\":\"https:\\\/\\\/formar.shop\\\/cs\\\/nase-sluzby\\\/\"},{\"@type\":\"ListItem\",\"position\":3,\"name\":\"Na kl\u00ed\u010d\"}]},{\"@type\":\"WebSite\",\"@id\":\"https:\\\/\\\/formar.shop\\\/cs\\\/#website\",\"url\":\"https:\\\/\\\/formar.shop\\\/cs\\\/\",\"name\":\"Formar.shop\",\"description\":\"Soluzioni espresse con stile\",\"potentialAction\":[{\"@type\":\"SearchAction\",\"target\":{\"@type\":\"EntryPoint\",\"urlTemplate\":\"https:\\\/\\\/formar.shop\\\/cs\\\/?s={search_term_string}\"},\"query-input\":{\"@type\":\"PropertyValueSpecification\",\"valueRequired\":true,\"valueName\":\"search_term_string\"}}],\"inLanguage\":\"cs\"}]}<\/script>\n<!-- \/ Yoast SEO plugin. -->","yoast_head_json":{"title":"Na kl\u00ed\u010d - Formar.shop","robots":{"index":"index","follow":"follow","max-snippet":"max-snippet:-1","max-image-preview":"max-image-preview:large","max-video-preview":"max-video-preview:-1"},"canonical":"https:\/\/formar.shop\/cs\/nase-sluzby\/na-klic\/","schema":{"@context":"https:\/\/schema.org","@graph":[{"@type":"WebPage","@id":"https:\/\/formar.shop\/cs\/nase-sluzby\/na-klic\/","url":"https:\/\/formar.shop\/cs\/nase-sluzby\/na-klic\/","name":"Na kl\u00ed\u010d - Formar.shop","isPartOf":{"@id":"https:\/\/formar.shop\/cs\/#website"},"datePublished":"2025-01-18T14:41:10+00:00","dateModified":"2025-01-18T14:41:21+00:00","breadcrumb":{"@id":"https:\/\/formar.shop\/cs\/nase-sluzby\/na-klic\/#breadcrumb"},"inLanguage":"cs","potentialAction":[{"@type":"ReadAction","target":["https:\/\/formar.shop\/cs\/nase-sluzby\/na-klic\/"]}]},{"@type":"BreadcrumbList","@id":"https:\/\/formar.shop\/cs\/nase-sluzby\/na-klic\/#breadcrumb","itemListElement":[{"@type":"ListItem","position":1,"name":"Home","item":"https:\/\/formar.shop\/cs\/automaticky-navrh\/"},{"@type":"ListItem","position":2,"name":"Na\u0161e slu\u017eby","item":"https:\/\/formar.shop\/cs\/nase-sluzby\/"},{"@type":"ListItem","position":3,"name":"Na kl\u00ed\u010d"}]},{"@type":"WebSite","@id":"https:\/\/formar.shop\/cs\/#website","url":"https:\/\/formar.shop\/cs\/","name":"Formar.shop","description":"Soluzioni espresse con stile","potentialAction":[{"@type":"SearchAction","target":{"@type":"EntryPoint","urlTemplate":"https:\/\/formar.shop\/cs\/?s={search_term_string}"},"query-input":{"@type":"PropertyValueSpecification","valueRequired":true,"valueName":"search_term_string"}}],"inLanguage":"cs"}]}},"_links":{"self":[{"href":"https:\/\/formar.shop\/cs\/wp-json\/wp\/v2\/pages\/42113","targetHints":{"allow":["GET"]}}],"collection":[{"href":"https:\/\/formar.shop\/cs\/wp-json\/wp\/v2\/pages"}],"about":[{"href":"https:\/\/formar.shop\/cs\/wp-json\/wp\/v2\/types\/page"}],"author":[{"embeddable":true,"href":"https:\/\/formar.shop\/cs\/wp-json\/wp\/v2\/users\/5"}],"replies":[{"embeddable":true,"href":"https:\/\/formar.shop\/cs\/wp-json\/wp\/v2\/comments?post=42113"}],"version-history":[{"count":1,"href":"https:\/\/formar.shop\/cs\/wp-json\/wp\/v2\/pages\/42113\/revisions"}],"predecessor-version":[{"id":42115,"href":"https:\/\/formar.shop\/cs\/wp-json\/wp\/v2\/pages\/42113\/revisions\/42115"}],"up":[{"embeddable":true,"href":"https:\/\/formar.shop\/cs\/wp-json\/wp\/v2\/pages\/42150"}],"wp:attachment":[{"href":"https:\/\/formar.shop\/cs\/wp-json\/wp\/v2\/media?parent=42113"}],"curies":[{"name":"wp","href":"https:\/\/api.w.org\/{rel}","templated":true}]}}