{"id":42117,"date":"2025-01-18T15:41:10","date_gmt":"2025-01-18T14:41:10","guid":{"rendered":"https:\/\/formar.shop\/clau-en-ma\/"},"modified":"2025-01-18T15:41:17","modified_gmt":"2025-01-18T14:41:17","slug":"clau-en-ma","status":"publish","type":"page","link":"https:\/\/formar.shop\/ca\/els-nostres-serveis\/clau-en-ma\/","title":{"rendered":"Clau en m\u00e0"},"content":{"rendered":"\n[av_section min_height=&#8221;&#8221; min_height_px=&#8221;500px&#8221; padding=&#8221;default&#8221; shadow=&#8221;no-border-styling&#8221; bottom_border=&#8221;no-border-styling&#8221; bottom_border_diagonal_color=&#8221;#333333&#8243; bottom_border_diagonal_direction=&#8221;&#8221; bottom_border_style=&#8221;&#8221; custom_arrow_bg=&#8221;&#8221; id=&#8221;&#8221; color=&#8221;main_color&#8221; background=&#8221;bg_color&#8221; custom_bg=&#8221;#ffffff&#8221; background_gradient_color1=&#8221;&#8221; background_gradient_color2=&#8221;&#8221; background_gradient_direction=&#8221;vertical&#8221; src=&#8221;&#8221; attachment=&#8221;&#8221; attachment_size=&#8221;&#8221; attach=&#8221;scroll&#8221; position=&#8221;top left&#8221; repeat=&#8221;no-repeat&#8221; video=&#8221;&#8221; video_ratio=&#8221;16:9&#8243; overlay_opacity=&#8221;0.5&#8243; overlay_color=&#8221;&#8221; overlay_pattern=&#8221;&#8221; overlay_custom_pattern=&#8221;&#8221; av_element_hidden_in_editor=&#8221;0&#8243; av_uid=&#8221;av-jj21ix0a&#8221; custom_class=&#8221;&#8221;]\n[av_heading tag=&#8221;h3&#8243; padding=&#8221;0&#8243; heading=&#8221;Chiavi in mano&#8221; color=&#8221;&#8221; style=&#8221;blockquote modern-quote modern-centered&#8221; custom_font=&#8221;&#8221; size=&#8221;60&#8243; subheading_active=&#8221;&#8221; subheading_size=&#8221;15&#8243; custom_class=&#8221;&#8221; admin_preview_bg=&#8221;&#8221; av-desktop-hide=&#8221;&#8221; av-medium-hide=&#8221;&#8221; av-small-hide=&#8221;&#8221; av-mini-hide=&#8221;&#8221; av-medium-font-size-title=&#8221;&#8221; av-small-font-size-title=&#8221;&#8221; av-mini-font-size-title=&#8221;&#8221; av-medium-font-size=&#8221;&#8221; av-small-font-size=&#8221;&#8221; av-mini-font-size=&#8221;&#8221; margin=&#8221;&#8221; av_uid=&#8221;av-32n20p&#8221;]\nConeix-te millor\n[\/av_heading]\n\n[av_hr class=&#8221;custom&#8221; height=&#8221;50&#8243; shadow=&#8221;no-shadow&#8221; position=&#8221;center&#8221; custom_border=&#8221;av-border-fat&#8221; custom_width=&#8221;100px&#8221; custom_border_color=&#8221;#fab300&#8243; custom_margin_top=&#8221;0px&#8221; custom_margin_bottom=&#8221;30px&#8221; icon_select=&#8221;no&#8221; custom_icon_color=&#8221;&#8221; icon=&#8221;ue808&#8243; font=&#8221;entypo-fontello&#8221; av_uid=&#8221;av-jj21opc3&#8243; custom_class=&#8221;&#8221; admin_preview_bg=&#8221;&#8221;]\n\n[av_three_fifth first min_height=&#8221;av-equal-height-column&#8221; vertical_alignment=&#8221;av-align-top&#8221; space=&#8221;&#8221; margin=&#8221;0px&#8221; margin_sync=&#8221;true&#8221; link=&#8221;&#8221; linktarget=&#8221;&#8221; link_hover=&#8221;&#8221; padding=&#8221;0px&#8221; padding_sync=&#8221;true&#8221; border=&#8221;&#8221; border_color=&#8221;&#8221; radius=&#8221;0px&#8221; radius_sync=&#8221;true&#8221; background=&#8221;bg_color&#8221; background_color=&#8221;&#8221; background_gradient_color1=&#8221;&#8221; background_gradient_color2=&#8221;&#8221; background_gradient_direction=&#8221;vertical&#8221; src=&#8221;&#8221; attachment=&#8221;&#8221; attachment_size=&#8221;&#8221; background_position=&#8221;top left&#8221; background_repeat=&#8221;no-repeat&#8221; animation=&#8221;right-to-left&#8221; mobile_breaking=&#8221;&#8221; mobile_display=&#8221;&#8221; av_uid=&#8221;av-3zzjgv&#8221; custom_class=&#8221;&#8221;]\n\n[av_textblock size=&#8221;&#8221; font_color=&#8221;&#8221; color=&#8221;&#8221; av-medium-font-size=&#8221;&#8221; av-small-font-size=&#8221;&#8221; av-mini-font-size=&#8221;&#8221; av_uid=&#8221;av-jj19v7g1&#8243; custom_class=&#8221;&#8221; admin_preview_bg=&#8221;&#8221;]\nPensant en una oficina, una llar, un entorn, cuidant els detalls per fer els espais m\u00e9s bonics, funcionals i habitables. Imagina llocs on et sentis c\u00f2mode. \n[\/av_textblock]\n\n[av_iconlist position=&#8221;left&#8221; iconlist_styling=&#8221;&#8221; custom_title_size=&#8221;20&#8243; custom_content_size=&#8221;14&#8243; font_color=&#8221;custom&#8221; custom_title=&#8221;#000000&#8243; custom_content=&#8221;#666666&#8243; color=&#8221;custom&#8221; custom_bg=&#8221;#fab300&#8243; custom_font=&#8221;&#8221; custom_border=&#8221;&#8221; av-medium-font-size-title=&#8221;&#8221; av-small-font-size-title=&#8221;&#8221; av-mini-font-size-title=&#8221;&#8221; av-medium-font-size=&#8221;&#8221; av-small-font-size=&#8221;&#8221; av-mini-font-size=&#8221;&#8221; av_uid=&#8221;av-jj2t8ptu&#8221; custom_class=&#8221;&#8221; admin_preview_bg=&#8221;&#8221;]\n[av_iconlist_item title=&#8221;Solucions adequades&#8221; link=&#8221;&#8221; linktarget=&#8221;&#8221; linkelement=&#8221;&#8221; icon=&#8221;uf105&#8243; font=&#8221;formar_flat&#8221; av_uid=&#8221;av-b17uc9&#8243;]\nEn la fase preliminar, els nostres dissenyadors et presentaran <b>solucions adaptades<\/b> a les teves necessitats i flexibles als nous estils de vida. Per a cada arquitectura hi pot haver m\u00faltiples possibilitats, per\u00f2 algunes solucions poden ser millors que altres. \n[\/av_iconlist_item]\n[av_iconlist_item title=&#8221;Assessorament en mobiliari&#8221; link=&#8221;&#8221; linktarget=&#8221;&#8221; linkelement=&#8221;&#8221; icon=&#8221;ue804&#8243; font=&#8221;formar_flat&#8221; av_uid=&#8221;av-933u55&#8243;]\nT&#8217;oferim un <b>servei d&#8217;assessorament en mobiliari durant la fase de disseny,<\/b> capa\u00e7 d&#8217;oferir-te solucions de disseny que s&#8217;adaptin a les teves necessitats i gustos.\n[\/av_iconlist_item]\n[av_iconlist_item title=&#8221;M\u00e0xima comoditat&#8221; link=&#8221;&#8221; linktarget=&#8221;&#8221; linkelement=&#8221;&#8221; icon=&#8221;uf12b&#8221; font=&#8221;formar_flat&#8221; av_uid=&#8221;av-6savbt&#8221;]\nEls projectes neixen del sup\u00f2sit que on treballes i vius vols <b>el m\u00e0xim confort<\/b> . Aix\u00f2 influeix en la nostra manera de pensar els espais i reconfigurar zones, optimitzant entorns per potenciar-los. Sigui quina sigui l&#8217;escala del projecte.  \n[\/av_iconlist_item]\n[av_iconlist_item title=&#8221;Materials respectuosos amb el medi ambient&#8221; link=&#8221;&#8221; linktarget=&#8221;&#8221; linkelement=&#8221;&#8221; icon=&#8221;ue8b8&#8243; font=&#8221;entypo-fontello&#8221; av_uid=&#8221;av-5vcyfd&#8221;]\nL&#8217;atenci\u00f3 a les solucions en compliment dels principis de confort, seguretat i harmonia va acompanyada de sensibilitat en l&#8217;\u00fas dels materials, apostant per opcions cada cop m\u00e9s respectuoses amb el medi ambient. En els nostres projectes ens agrada captar llums i ombres, canviar la percepci\u00f3 emocional de l&#8217;espai. La voluntat de moure&#8217;s en un context de creativitat orientat a la satisfacci\u00f3 dels usuaris \u00e9s la vocaci\u00f3 primordial de l&#8217;empresa.  \n[\/av_iconlist_item]\n[av_iconlist_item title=&#8221;Del projecte a la realitzaci\u00f3&#8221; link=&#8221;&#8221; linktarget=&#8221;&#8221; linkelement=&#8221;&#8221; icon=&#8221;uf10b&#8221; font=&#8221;formar_flat&#8221; av_uid=&#8221;av-4xke4p&#8221;]\nPer crear el projecte a mida per a tu, partim de les teves necessitats i gustos. Els nostres professionals s&#8217;encarregaran de tots els aspectes de la seva reforma. <b>Des del disseny fins a la implementaci\u00f3,<\/b> l&#8217;estudi s&#8217;encarregar\u00e0 de l&#8217;organitzaci\u00f3 i el control de les obres per implementar la soluci\u00f3 adequada pensada per a vost\u00e8. \n[\/av_iconlist_item]\n[\/av_iconlist]\n\n[\/av_three_fifth][av_two_fifth min_height=&#8221;av-equal-height-column&#8221; vertical_alignment=&#8221;av-align-top&#8221; space=&#8221;&#8221; margin=&#8221;0px&#8221; margin_sync=&#8221;true&#8221; link=&#8221;&#8221; linktarget=&#8221;&#8221; link_hover=&#8221;&#8221; padding=&#8221;0px&#8221; padding_sync=&#8221;true&#8221; border=&#8221;&#8221; border_color=&#8221;&#8221; radius=&#8221;0px&#8221; radius_sync=&#8221;true&#8221; background=&#8221;bg_color&#8221; background_color=&#8221;&#8221; background_gradient_color1=&#8221;&#8221; background_gradient_color2=&#8221;&#8221; background_gradient_direction=&#8221;vertical&#8221; src=&#8221;https:\/\/formar-contract.it\/wp-content\/uploads\/2018\/06\/cit2.png&#8221; attachment=&#8221;3300&#8243; attachment_size=&#8221;full&#8221; background_position=&#8221;bottom right&#8221; background_repeat=&#8221;no-repeat&#8221; animation=&#8221;&#8221; mobile_breaking=&#8221;&#8221; mobile_display=&#8221;&#8221; av_uid=&#8221;av-5g7wdb&#8221; custom_class=&#8221;&#8221;]\n\n[av_heading heading=&#8217;Treballem tres coses: <u>espais<\/u> , <u>llum<\/u> sobretot de dia, per\u00f2 tamb\u00e9 de nit, i <u>arquitectura<\/u> ; despr\u00e9s hi ha la llum com a disseny, com a instrument de puntuaci\u00f3 arquitect\u00f2nica i la llum com a fet funcional integrat com en els museus, on forma part de la planificaci\u00f3, no nom\u00e9s del desig, sin\u00f3 de la necessitat. (Gae Aulenti)&#8217; tag=&#8217;h3&#8242; style=&#8217;blockquote modern-quote&#8217; size=&#8217;36&#8217; subheading_active=&#8221; subheading_size=&#8217;15&#8217; margin=&#8221; margin_sync=&#8217;true&#8217; padding=&#8217;0&#8242; color=&#8221; custom_font=&#8221; av-medium-font-size-title=&#8221; av-small-font-size-title=&#8221; av-mini-font-size-title=&#8221; av-medium-font-size=&#8221; av-small-font-size=&#8221; av-mini-font-size=&#8221; av_uid=&#8217;av-jj38e6je&#8217; custom_class =&#8221; admin_preview_bg =&#8221;] [\/av_two_fifth]\n\n[\/av_section]\n[\/]\n\n[av_section min_height=&#8221; min_height_px=&#8217;500px&#8217; padding=&#8217;large&#8217; shadow=&#8217;shadow&#8217; bottom_border=&#8217;no-border-styling&#8217; bottom_border_diagonal_color=&#8217;#333333&#8242; bottom_border_diagonal_direction=&#8221; bottom_border_style=&#8221; custom_arrow_bg=&#8221; id=&#8221; color=&#8217;main_color&#8217; background=&#8217;bg_color&#8217; custom_bg=&#8221; background_gradient_color1=&#8221; background_gradient_color2=&#8221; background_gradient_direction=&#8217;vertical&#8217; src=&#8217;https:\/\/formar-contract.it\/wp-content\/uploads\/2018\/07\/servizio-formar-contract-chiavi-in-mano.jpg&#8217; attachment=&#8217;3479&#8242; attachment_size=&#8217;full&#8217; attach=&#8217;parallax&#8217; position=&#8217;center center&#8217; repeat=&#8217;no-repeat&#8217; video=&#8221; video_ratio=&#8217;16:9&#8242; overlay_enable=&#8217;aviaTBoverlay_enable&#8217; overlay_opacity=&#8217;0.5&#8242; overlay_color=&#8217;#ffffff&#8217; overlay_pattern=&#8221; overlay_custom_pattern=&#8221; av_element_hidden_in_editor=&#8217;0&#8242; av_uid=&#8217;av-jj19wtow&#8217; custom_class=&#8221;]\n[av_one_half first min_height=&#8221;av-equal-height-column&#8221; vertical_alignment=&#8221;av-align-top&#8221; space=&#8221;&#8221; margin=&#8221;0px&#8221; margin_sync=&#8221;true&#8221; link=&#8221;&#8221; linktarget=&#8221;&#8221; link_hover=&#8221;&#8221; padding=&#8221;&#8221; padding_sync=&#8221;true&#8221; border=&#8221;&#8221; border_color=&#8221;&#8221; radius=&#8221;0px&#8221; radius_sync=&#8221;true&#8221; background=&#8221;bg_color&#8221; background_color=&#8221;&#8221; background_gradient_color1=&#8221;&#8221; background_gradient_color2=&#8221;&#8221; background_gradient_direction=&#8221;vertical&#8221; src=&#8221;&#8221; attachment=&#8221;&#8221; attachment_size=&#8221;&#8221; background_position=&#8221;bottom right&#8221; background_repeat=&#8221;no-repeat&#8221; animation=&#8221;&#8221; mobile_breaking=&#8221;&#8221; mobile_display=&#8221;&#8221; av_uid=&#8221;av-5g7wdb&#8221; custom_class=&#8221;ginevra&#8221;]\n\n[av_heading tag=&#8221;h3&#8243; padding=&#8221;0&#8243; heading=&#8221;Il Servizio ti garantisce&#8221; color=&#8221;&#8221; style=&#8221;blockquote modern-quote&#8221; custom_font=&#8221;&#8221; size=&#8221;36&#8243; subheading_active=&#8221;subheading_above&#8221; subheading_size=&#8221;15&#8243; custom_class=&#8221;&#8221; admin_preview_bg=&#8221;&#8221; av-desktop-hide=&#8221;&#8221; av-medium-hide=&#8221;&#8221; av-small-hide=&#8221;&#8221; av-mini-hide=&#8221;&#8221; av-medium-font-size-title=&#8221;&#8221; av-small-font-size-title=&#8221;&#8221; av-mini-font-size-title=&#8221;&#8221; av-medium-font-size=&#8221;&#8221; av-small-font-size=&#8221;&#8221; av-mini-font-size=&#8221;&#8221; margin=&#8221;&#8221; av_uid=&#8221;av-aerdeh&#8221;]\nPer facilitar el proc\u00e9s de renovaci\u00f3\n[\/av_heading]\n\n[av_iconlist position=&#8221;left&#8221; iconlist_styling=&#8221;av-iconlist-small&#8221; custom_title_size=&#8221;18&#8243; custom_content_size=&#8221;14&#8243; font_color=&#8221;custom&#8221; custom_title=&#8221;#000000&#8243; custom_content=&#8221;#666666&#8243; color=&#8221;custom&#8221; custom_bg=&#8221;&#8221; custom_font=&#8221;#fab300&#8243; custom_border=&#8221;&#8221; av-medium-font-size-title=&#8221;&#8221; av-small-font-size-title=&#8221;&#8221; av-mini-font-size-title=&#8221;&#8221; av-medium-font-size=&#8221;&#8221; av-small-font-size=&#8221;&#8221; av-mini-font-size=&#8221;&#8221; av_uid=&#8221;av-jj2t8ptu&#8221; custom_class=&#8221;&#8221; admin_preview_bg=&#8221;&#8221;]\n[av_iconlist_item title=&#8221;Un sol interlocutor&#8221; link=&#8221;&#8221; linktarget=&#8221;&#8221; linkelement=&#8221;&#8221; icon=&#8221;ue80b&#8221; font=&#8221;formar_flat&#8221; av_uid=&#8221;av-k72ewp&#8221;]\ni punt de refer\u00e8ncia des de la sol\u00b7licitud de pressupost fins a la inspecci\u00f3, per a la creaci\u00f3 del projecte fins a la seva realitzaci\u00f3\n[\/av_iconlist_item]\n [av_iconlist_item title=&#8221;Una persona de contacte sempre present&#8221; link=&#8221;&#8221; linktarget=&#8221;&#8221; linkelement=&#8221;&#8221; icon=&#8221;ue80b&#8221; font=&#8221;formar_flat&#8221; av_uid=&#8221;av-j8hcdl&#8221;]\nmai et quedes sense una persona de contacte\n[\/av_iconlist_item]\n [av_iconlist_item title=&#8221;Fer-se c\u00e0rrec de les pr\u00e0ctiques&#8221; link=&#8221;&#8221; linktarget=&#8221;&#8221; linkelement=&#8221;&#8221; icon=&#8221;ue80b&#8221; font=&#8221;formar_flat&#8221; av_uid=&#8221;av-1sebgp&#8221;]\nest\u00e0s lliure del pensament de pr\u00e0ctiques\n[\/av_iconlist_item]\n [av_iconlist_item title=&#8221;Passos lineals&#8221; link=&#8221;&#8221; linktarget=&#8221;&#8221; linkelement=&#8221;&#8221; icon=&#8221;ue80b&#8221; font=&#8221;formar_flat&#8221; av_uid=&#8221;av-fwdcsp&#8221;]\nd&#8217;idea a projecte, de projecte a implementaci\u00f3\n[\/av_iconlist_item]\n [av_iconlist_item title=&#8221;Organitzaci\u00f3 &#8221; link=&#8221;&#8221; linktarget=&#8221;&#8221; linkelement=&#8221;&#8221; icon=&#8221;ue80b&#8221; font=&#8221;formar_flat&#8221; av_uid=&#8221;av-1gx2x5&#8243;]\nnaturalesa espacial i temporal de l&#8217;obra\n[\/av_iconlist_item]\n[\/av_iconlist]\n\n[\/av_heading][av_one_half min_height=&#8221;&#8221; vertical_alignment=&#8221;av-align-top&#8221; space=&#8221;&#8221; margin=&#8221;0px&#8221; margin_sync=&#8221;true&#8221; link=&#8221;&#8221; linktarget=&#8221;&#8221; link_hover=&#8221;&#8221; padding=&#8221;&#8221; padding_sync=&#8221;true&#8221; border=&#8221;&#8221; border_color=&#8221;&#8221; radius=&#8221;0px&#8221; radius_sync=&#8221;true&#8221; background=&#8221;bg_color&#8221; background_color=&#8221;&#8221; background_gradient_color1=&#8221;&#8221; background_gradient_color2=&#8221;&#8221; background_gradient_direction=&#8221;vertical&#8221; src=&#8221;&#8221; attachment=&#8221;&#8221; attachment_size=&#8221;&#8221; background_position=&#8221;top left&#8221; background_repeat=&#8221;no-repeat&#8221; animation=&#8221;&#8221; mobile_breaking=&#8221;&#8221; mobile_display=&#8221;&#8221; av_uid=&#8221;av-3zzjgv&#8221; custom_class=&#8221;&#8221;]\n\n[av_heading tag=&#8221;h3&#8243; padding=&#8221;0&#8243; heading=&#8221;Il servizio comprende&#8221; color=&#8221;&#8221; style=&#8221;blockquote modern-quote&#8221; custom_font=&#8221;&#8221; size=&#8221;36&#8243; subheading_active=&#8221;subheading_above&#8221; subheading_size=&#8221;15&#8243; custom_class=&#8221;&#8221; admin_preview_bg=&#8221;&#8221; av-desktop-hide=&#8221;&#8221; av-medium-hide=&#8221;&#8221; av-small-hide=&#8221;&#8221; av-mini-hide=&#8221;&#8221; av-medium-font-size-title=&#8221;&#8221; av-small-font-size-title=&#8221;&#8221; av-mini-font-size-title=&#8221;&#8221; av-medium-font-size=&#8221;&#8221; av-small-font-size=&#8221;&#8221; av-mini-font-size=&#8221;&#8221; margin=&#8221;&#8221; av_uid=&#8221;av-8huvk9&#8243;]\nReforma integral de la seva oficina o apartament\n[\/av_heading]\n\n[av_iconlist position=&#8221;left&#8221; iconlist_styling=&#8221;av-iconlist-small&#8221; custom_title_size=&#8221;18&#8243; custom_content_size=&#8221;14&#8243; font_color=&#8221;custom&#8221; custom_title=&#8221;#000000&#8243; custom_content=&#8221;#666666&#8243; color=&#8221;custom&#8221; custom_bg=&#8221;&#8221; custom_font=&#8221;#fab300&#8243; custom_border=&#8221;&#8221; av-medium-font-size-title=&#8221;&#8221; av-small-font-size-title=&#8221;&#8221; av-mini-font-size-title=&#8221;&#8221; av-medium-font-size=&#8221;&#8221; av-small-font-size=&#8221;&#8221; av-mini-font-size=&#8221;&#8221; av_uid=&#8221;av-jj2t8ptu&#8221; custom_class=&#8221;&#8221; admin_preview_bg=&#8221;&#8221;]\n[av_iconlist_item title=&#8221;Liquidaci\u00f3  &#8221; link=&#8221;&#8221; linktarget=&#8221;&#8221; linkelement=&#8221;&#8221; icon=&#8221;ue80b&#8221; font=&#8221;formar_flat&#8221; av_uid=&#8221;av-c8bmjd&#8221;]\nde la propietat\n[\/av_iconlist_item]\n[av_iconlist_item title=&#8221;C\u00e0rrega i desc\u00e0rrega  &#8221; link=&#8221;&#8221; linktarget=&#8221;&#8221; linkelement=&#8221;&#8221; icon=&#8221;ue80b&#8221; font=&#8221;formar_flat&#8221; av_uid=&#8221;av-badx21&#8243;]\nde materials i subministraments durant tota la durada de l&#8217;obra\n[\/av_iconlist_item]\n[av_iconlist_item title=&#8221;ma\u00e7oneria&#8221; link=&#8221;&#8221; linktarget=&#8221;&#8221; linkelement=&#8221;&#8221; icon=&#8221;ue80b&#8221; font=&#8221;formar_flat&#8221; av_uid=&#8221;av-7kclmx&#8221;]\nDemolicions, mudances i reconstruccions\n[\/av_iconlist_item]\n[av_iconlist_item title=&#8221;Enginyeria de plantes&#8221; link=&#8221;&#8221; linktarget=&#8221;&#8221; linkelement=&#8221;&#8221; icon=&#8221;ue80b&#8221; font=&#8221;formar_flat&#8221; av_uid=&#8221;av-6apieh&#8221;]\nConstrucci\u00f3 de noves plantes\n[\/av_iconlist_item]\n[av_iconlist_item title=&#8221;Decoraci\u00f3&#8221; link=&#8221;&#8221; linktarget=&#8221;&#8221; linkelement=&#8221;&#8221; icon=&#8221;ue80b&#8221; font=&#8221;formar_flat&#8221; av_uid=&#8221;av-409tzd&#8221;]\nAllisat, poliment i pintura de parets i sostres\n[\/av_iconlist_item]\n[av_iconlist_item title=&#8221;Assemblea  &#8221; link=&#8221;&#8221; linktarget=&#8221;&#8221; linkelement=&#8221;&#8221; icon=&#8221;ue80b&#8221; font=&#8221;formar_flat&#8221; av_uid=&#8221;av-2f7fnd&#8221;]\nde portes, aparells sanitaris, il\u00b7luminaci\u00f3, calderes i aparells d&#8217;aire condicionat.\n[\/av_iconlist_item]\n[\/av_iconlist]\n\n[\/av_one_half]\n[\/av_one_half]\n\n[av_section min_height=&#8221;&#8221; min_height_px=&#8221;500px&#8221; padding=&#8221;default&#8221; shadow=&#8221;no-border-styling&#8221; bottom_border=&#8221;no-border-styling&#8221; bottom_border_diagonal_color=&#8221;#333333&#8243; bottom_border_diagonal_direction=&#8221;&#8221; bottom_border_style=&#8221;&#8221; custom_arrow_bg=&#8221;&#8221; id=&#8221;&#8221; color=&#8221;main_color&#8221; background=&#8221;bg_gradient&#8221; custom_bg=&#8221;&#8221; background_gradient_color1=&#8221;#fab300&#8243; background_gradient_color2=&#8221;#f7c100&#8243; background_gradient_direction=&#8221;diagonal_tb&#8221; src=&#8221;&#8221; attachment=&#8221;&#8221; attachment_size=&#8221;&#8221; attach=&#8221;scroll&#8221; position=&#8221;top left&#8221; repeat=&#8221;no-repeat&#8221; video=&#8221;&#8221; video_ratio=&#8221;16:9&#8243; overlay_opacity=&#8221;0.5&#8243; overlay_color=&#8221;&#8221; overlay_pattern=&#8221;&#8221; overlay_custom_pattern=&#8221;&#8221; av_element_hidden_in_editor=&#8221;0&#8243; av_uid=&#8221;av-97digt&#8221; custom_class=&#8221;&#8221;]\n[av_one_fifth first min_height=&#8221;av-equal-height-column&#8221; vertical_alignment=&#8221;av-align-middle&#8221; space=&#8221;no_margin&#8221; margin=&#8221;0px&#8221; margin_sync=&#8221;true&#8221; link=&#8221;&#8221; linktarget=&#8221;&#8221; link_hover=&#8221;&#8221; padding=&#8221;0px&#8221; padding_sync=&#8221;true&#8221; border=&#8221;&#8221; border_color=&#8221;&#8221; radius=&#8221;0px&#8221; radius_sync=&#8221;true&#8221; background=&#8221;bg_color&#8221; background_color=&#8221;&#8221; background_gradient_color1=&#8221;&#8221; background_gradient_color2=&#8221;&#8221; background_gradient_direction=&#8221;vertical&#8221; src=&#8221;&#8221; attachment=&#8221;&#8221; attachment_size=&#8221;&#8221; background_position=&#8221;top left&#8221; background_repeat=&#8221;no-repeat&#8221; animation=&#8221;&#8221; mobile_breaking=&#8221;&#8221; mobile_display=&#8221;&#8221; av_uid=&#8221;av-86lkfh&#8221; custom_class=&#8221;&#8221;]\n\n[av_font_icon icon=&#8221;ue854&#8243; font=&#8221;entypo-fontello&#8221; style=&#8221;border&#8221; caption=&#8221;&#8221; link=&#8221;page,3516&#8243; linktarget=&#8221;&#8221; size=&#8221;60px&#8221; position=&#8221;center&#8221; color=&#8221;#ffffff&#8221; av_uid=&#8221;av-jj23v1yv&#8221; custom_class=&#8221;&#8221; admin_preview_bg=&#8221;&#8221;][\/av_font_icon]\n\n[\/av_one_fifth][av_three_fifth min_height=&#8221;&#8221; vertical_alignment=&#8221;av-align-top&#8221; space=&#8221;&#8221; margin=&#8221;0px&#8221; margin_sync=&#8221;true&#8221; link=&#8221;&#8221; linktarget=&#8221;&#8221; link_hover=&#8221;&#8221; padding=&#8221;0px,20px,0px,0px&#8221; border=&#8221;&#8221; border_color=&#8221;&#8221; radius=&#8221;0px&#8221; radius_sync=&#8221;true&#8221; background=&#8221;bg_color&#8221; background_color=&#8221;&#8221; background_gradient_color1=&#8221;&#8221; background_gradient_color2=&#8221;&#8221; background_gradient_direction=&#8221;vertical&#8221; src=&#8221;&#8221; attachment=&#8221;&#8221; attachment_size=&#8221;&#8221; background_position=&#8221;top left&#8221; background_repeat=&#8221;no-repeat&#8221; animation=&#8221;&#8221; mobile_breaking=&#8221;&#8221; mobile_display=&#8221;&#8221; av_uid=&#8221;av-69i7od&#8221; custom_class=&#8221;&#8221;]\n\n[av_heading tag=&#8221;h3&#8243; padding=&#8221;0&#8243; heading=&#8221;Contattaci&#8221; color=&#8221;custom-color-heading&#8221; style=&#8221;blockquote modern-quote&#8221; custom_font=&#8221;#020202&#8243; size=&#8221;28&#8243; subheading_active=&#8221;&#8221; subheading_size=&#8221;15&#8243; custom_class=&#8221;&#8221; admin_preview_bg=&#8221;&#8221; av-desktop-hide=&#8221;&#8221; av-medium-hide=&#8221;&#8221; av-small-hide=&#8221;&#8221; av-mini-hide=&#8221;&#8221; av-medium-font-size-title=&#8221;&#8221; av-small-font-size-title=&#8221;&#8221; av-mini-font-size-title=&#8221;&#8221; av-medium-font-size=&#8221;&#8221; av-small-font-size=&#8221;&#8221; av-mini-font-size=&#8221;&#8221; margin=&#8221;&#8221;]\nContracte formal tamb\u00e9 ho \u00e9s\n[\/av_heading]\n\n[av_textblock size=&#8221;17&#8243; font_color=&#8221;custom&#8221; color=&#8221;#020202&#8243; av-medium-font-size=&#8221;&#8221; av-small-font-size=&#8221;&#8221; av-mini-font-size=&#8221;&#8221; av_uid=&#8221;av-jj23wau4&#8243; custom_class=&#8221;&#8221; admin_preview_bg=&#8221;&#8221;]\n<strong>El nostre servei d&#8217;atenci\u00f3 al client est\u00e0 a la vostra disposici\u00f3.  <\/strong>Per a qualsevol informaci\u00f3 o sol\u00b7licitud de pressupost, no dubteu en contactar amb nosaltres! Els nostres professionals donaran resposta a les seves sol\u00b7licituds relatives als nostres serveis: disseny, creaci\u00f3, lliurament i muntatge de mobiliari d&#8217;oficina. \n[\/av_textblock]\n\n[\/av_three_fifth][av_one_fifth min_height=&#8221;&#8221; vertical_alignment=&#8221;&#8221; space=&#8221;&#8221; custom_margin=&#8221;&#8221; margin=&#8221;0px&#8221; link=&#8221;&#8221; linktarget=&#8221;&#8221; link_hover=&#8221;&#8221; padding=&#8221;0px&#8221; border=&#8221;&#8221; border_color=&#8221;&#8221; radius=&#8221;0px&#8221; background=&#8221;bg_color&#8221; background_color=&#8221;&#8221; background_gradient_color1=&#8221;&#8221; background_gradient_color2=&#8221;&#8221; background_gradient_direction=&#8221;vertical&#8221; src=&#8221;&#8221; background_position=&#8221;top left&#8221; background_repeat=&#8221;no-repeat&#8221; animation=&#8221;&#8221; mobile_breaking=&#8221;&#8221; mobile_display=&#8221;&#8221; av_uid=&#8221;av-4qrmbh&#8221;]\n\n[av_button_big label=&#8221;ESCRIU-NOS&#8221; description_pos=&#8221;below&#8221; link=&#8221;page,3516&#8243; link_target=&#8221;&#8221; icon_select=&#8221;yes-left-icon&#8221; icon=&#8221;ue805&#8243; font=&#8221;entypo-fontello&#8221; custom_font=&#8221;&#8221; color=&#8221;theme-color-subtle&#8221; custom_bg=&#8221;#444444&#8243; color_hover=&#8221;theme-color-subtle&#8221; custom_bg_hover=&#8221;#444444&#8243; av_uid=&#8221;av-2p4q7x&#8221; custom_class=&#8221;&#8221; admin_preview_bg=&#8221;&#8221;][\/av_button_big]\n\n[av_hr class=&#8221;invisible&#8221; height=&#8221;20&#8243; shadow=&#8221;no-shadow&#8221; position=&#8221;center&#8221; custom_border=&#8221;av-border-thin&#8221; custom_width=&#8221;50px&#8221; custom_border_color=&#8221;&#8221; custom_margin_top=&#8221;30px&#8221; custom_margin_bottom=&#8221;30px&#8221; icon_select=&#8221;yes&#8221; custom_icon_color=&#8221;&#8221; icon=&#8221;ue808&#8243; font=&#8221;entypo-fontello&#8221; av_uid=&#8221;av-jj24q137&#8243; custom_class=&#8221;&#8221; admin_preview_bg=&#8221;&#8221;]\n\n[av_button_big label=&#8221;Truca&#8217;ns&#8221; description_pos=&#8221;below&#8221; link=&#8221;manually,tel:+390715906063&#8243; link_target=&#8221;_blank&#8221; icon_select=&#8221;yes-left-icon&#8221; icon=&#8221;ue854&#8243; font=&#8221;entypo-fontello&#8221; custom_font=&#8221;&#8221; color=&#8221;theme-color-subtle&#8221; custom_bg=&#8221;#444444&#8243; color_hover=&#8221;theme-color-subtle&#8221; custom_bg_hover=&#8221;#444444&#8243; av_uid=&#8221;av-2p4q7x&#8221; custom_class=&#8221;&#8221; admin_preview_bg=&#8221;&#8221;][\/av_button_big]\n\n[\/av_one_fifth]\n[\/av_section]\n","protected":false},"excerpt":{"rendered":"[av_section min_height=&#8221;&#8221; min_height_px=&#8221;500px&#8221; padding=&#8221;default&#8221; shadow=&#8221;no-border-styling&#8221; bottom_border=&#8221;no-border-styling&#8221; bottom_border_diagonal_color=&#8221;#333333&#8243; bottom_border_diagonal_direction=&#8221;&#8221; bottom_border_style=&#8221;&#8221; custom_arrow_bg=&#8221;&#8221; id=&#8221;&#8221; color=&#8221;main_color&#8221; background=&#8221;bg_color&#8221; custom_bg=&#8221;#ffffff&#8221; background_gradient_color1=&#8221;&#8221; background_gradient_color2=&#8221;&#8221; background_gradient_direction=&#8221;vertical&#8221; src=&#8221;&#8221; attachment=&#8221;&#8221; attachment_size=&#8221;&#8221; attach=&#8221;scroll&#8221; position=&#8221;top left&#8221; repeat=&#8221;no-repeat&#8221; video=&#8221;&#8221; video_ratio=&#8221;16:9&#8243; overlay_opacity=&#8221;0.5&#8243; overlay_color=&#8221;&#8221; overlay_pattern=&#8221;&#8221; overlay_custom_pattern=&#8221;&#8221; av_element_hidden_in_editor=&#8221;0&#8243; av_uid=&#8221;av-jj21ix0a&#8221; custom_class=&#8221;&#8221;] [av_heading tag=&#8221;h3&#8243; padding=&#8221;0&#8243; heading=&#8221;Chiavi in mano&#8221; color=&#8221;&#8221; style=&#8221;blockquote modern-quote modern-centered&#8221; custom_font=&#8221;&#8221; size=&#8221;60&#8243; subheading_active=&#8221;&#8221; subheading_size=&#8221;15&#8243; custom_class=&#8221;&#8221; admin_preview_bg=&#8221;&#8221; av-desktop-hide=&#8221;&#8221; av-medium-hide=&#8221;&#8221; av-small-hide=&#8221;&#8221; av-mini-hide=&#8221;&#8221; av-medium-font-size-title=&#8221;&#8221; av-small-font-size-title=&#8221;&#8221; [&#8230;]\n","protected":false},"author":5,"featured_media":0,"parent":42132,"menu_order":0,"comment_status":"closed","ping_status":"closed","template":"","meta":{"_joinchat":[],"footnotes":""},"class_list":["post-42117","page","type-page","status-publish","hentry"],"yoast_head":"<!-- This site is optimized with the Yoast SEO plugin v27.5 - https:\/\/yoast.com\/product\/yoast-seo-wordpress\/ -->\n<title>Clau en m\u00e0 - Formar.shop<\/title>\n<meta name=\"robots\" content=\"index, follow, max-snippet:-1, max-image-preview:large, max-video-preview:-1\" \/>\n<link rel=\"canonical\" href=\"https:\/\/formar.shop\/ca\/els-nostres-serveis\/clau-en-ma\/\" \/>\n<script type=\"application\/ld+json\" class=\"yoast-schema-graph\">{\"@context\":\"https:\\\/\\\/schema.org\",\"@graph\":[{\"@type\":\"WebPage\",\"@id\":\"https:\\\/\\\/formar.shop\\\/ca\\\/els-nostres-serveis\\\/clau-en-ma\\\/\",\"url\":\"https:\\\/\\\/formar.shop\\\/ca\\\/els-nostres-serveis\\\/clau-en-ma\\\/\",\"name\":\"Clau en m\u00e0 - Formar.shop\",\"isPartOf\":{\"@id\":\"https:\\\/\\\/formar.shop\\\/ca\\\/#website\"},\"datePublished\":\"2025-01-18T14:41:10+00:00\",\"dateModified\":\"2025-01-18T14:41:17+00:00\",\"breadcrumb\":{\"@id\":\"https:\\\/\\\/formar.shop\\\/ca\\\/els-nostres-serveis\\\/clau-en-ma\\\/#breadcrumb\"},\"inLanguage\":\"ca\",\"potentialAction\":[{\"@type\":\"ReadAction\",\"target\":[\"https:\\\/\\\/formar.shop\\\/ca\\\/els-nostres-serveis\\\/clau-en-ma\\\/\"]}]},{\"@type\":\"BreadcrumbList\",\"@id\":\"https:\\\/\\\/formar.shop\\\/ca\\\/els-nostres-serveis\\\/clau-en-ma\\\/#breadcrumb\",\"itemListElement\":[{\"@type\":\"ListItem\",\"position\":1,\"name\":\"Home\",\"item\":\"https:\\\/\\\/formar.shop\\\/ca\\\/esborrany-automatic\\\/\"},{\"@type\":\"ListItem\",\"position\":2,\"name\":\"Els nostres serveis\",\"item\":\"https:\\\/\\\/formar.shop\\\/ca\\\/els-nostres-serveis\\\/\"},{\"@type\":\"ListItem\",\"position\":3,\"name\":\"Clau en m\u00e0\"}]},{\"@type\":\"WebSite\",\"@id\":\"https:\\\/\\\/formar.shop\\\/ca\\\/#website\",\"url\":\"https:\\\/\\\/formar.shop\\\/ca\\\/\",\"name\":\"Formar.shop\",\"description\":\"Soluzioni espresse con stile\",\"potentialAction\":[{\"@type\":\"SearchAction\",\"target\":{\"@type\":\"EntryPoint\",\"urlTemplate\":\"https:\\\/\\\/formar.shop\\\/ca\\\/?s={search_term_string}\"},\"query-input\":{\"@type\":\"PropertyValueSpecification\",\"valueRequired\":true,\"valueName\":\"search_term_string\"}}],\"inLanguage\":\"ca\"}]}<\/script>\n<!-- \/ Yoast SEO plugin. -->","yoast_head_json":{"title":"Clau en m\u00e0 - Formar.shop","robots":{"index":"index","follow":"follow","max-snippet":"max-snippet:-1","max-image-preview":"max-image-preview:large","max-video-preview":"max-video-preview:-1"},"canonical":"https:\/\/formar.shop\/ca\/els-nostres-serveis\/clau-en-ma\/","schema":{"@context":"https:\/\/schema.org","@graph":[{"@type":"WebPage","@id":"https:\/\/formar.shop\/ca\/els-nostres-serveis\/clau-en-ma\/","url":"https:\/\/formar.shop\/ca\/els-nostres-serveis\/clau-en-ma\/","name":"Clau en m\u00e0 - Formar.shop","isPartOf":{"@id":"https:\/\/formar.shop\/ca\/#website"},"datePublished":"2025-01-18T14:41:10+00:00","dateModified":"2025-01-18T14:41:17+00:00","breadcrumb":{"@id":"https:\/\/formar.shop\/ca\/els-nostres-serveis\/clau-en-ma\/#breadcrumb"},"inLanguage":"ca","potentialAction":[{"@type":"ReadAction","target":["https:\/\/formar.shop\/ca\/els-nostres-serveis\/clau-en-ma\/"]}]},{"@type":"BreadcrumbList","@id":"https:\/\/formar.shop\/ca\/els-nostres-serveis\/clau-en-ma\/#breadcrumb","itemListElement":[{"@type":"ListItem","position":1,"name":"Home","item":"https:\/\/formar.shop\/ca\/esborrany-automatic\/"},{"@type":"ListItem","position":2,"name":"Els nostres serveis","item":"https:\/\/formar.shop\/ca\/els-nostres-serveis\/"},{"@type":"ListItem","position":3,"name":"Clau en m\u00e0"}]},{"@type":"WebSite","@id":"https:\/\/formar.shop\/ca\/#website","url":"https:\/\/formar.shop\/ca\/","name":"Formar.shop","description":"Soluzioni espresse con stile","potentialAction":[{"@type":"SearchAction","target":{"@type":"EntryPoint","urlTemplate":"https:\/\/formar.shop\/ca\/?s={search_term_string}"},"query-input":{"@type":"PropertyValueSpecification","valueRequired":true,"valueName":"search_term_string"}}],"inLanguage":"ca"}]}},"_links":{"self":[{"href":"https:\/\/formar.shop\/ca\/wp-json\/wp\/v2\/pages\/42117","targetHints":{"allow":["GET"]}}],"collection":[{"href":"https:\/\/formar.shop\/ca\/wp-json\/wp\/v2\/pages"}],"about":[{"href":"https:\/\/formar.shop\/ca\/wp-json\/wp\/v2\/types\/page"}],"author":[{"embeddable":true,"href":"https:\/\/formar.shop\/ca\/wp-json\/wp\/v2\/users\/5"}],"replies":[{"embeddable":true,"href":"https:\/\/formar.shop\/ca\/wp-json\/wp\/v2\/comments?post=42117"}],"version-history":[{"count":1,"href":"https:\/\/formar.shop\/ca\/wp-json\/wp\/v2\/pages\/42117\/revisions"}],"predecessor-version":[{"id":42119,"href":"https:\/\/formar.shop\/ca\/wp-json\/wp\/v2\/pages\/42117\/revisions\/42119"}],"up":[{"embeddable":true,"href":"https:\/\/formar.shop\/ca\/wp-json\/wp\/v2\/pages\/42132"}],"wp:attachment":[{"href":"https:\/\/formar.shop\/ca\/wp-json\/wp\/v2\/media?parent=42117"}],"curies":[{"name":"wp","href":"https:\/\/api.w.org\/{rel}","templated":true}]}}